{"id":21835,"date":"2021-07-14T16:28:06","date_gmt":"2021-07-14T14:28:06","guid":{"rendered":"https:\/\/www.cmclift.com\/press-room\/"},"modified":"2023-04-04T15:40:39","modified_gmt":"2023-04-04T13:40:39","slug":"sala-de-prensa","status":"publish","type":"page","link":"https:\/\/www.cmclift.com\/es\/sala-de-prensa\/","title":{"rendered":"Sala de prensa"},"content":{"rendered":"<div class=\"wpb-content-wrapper\"><p>[vc_row full_width=\u00bbstretch_row\u00bb content_placement=\u00bbbottom\u00bb css=\u00bb.vc_custom_1631088227099{background-image: url(https:\/\/www.cmclift.com\/wp-content\/uploads\/2021\/07\/Hero_press_room.jpg?id=383) !important;background-position: center !important;background-repeat: no-repeat !important;background-size: cover !important;}\u00bb el_class=\u00bbaltezza grd\u00bb][vc_column][vc_row_inner][vc_column_inner][vc_raw_html el_class=\u00bba-center bricciole\u00bb]JTVCd3BzZW9fYnJlYWRjcnVtYiU1RA==[\/vc_raw_html][\/vc_column_inner][\/vc_row_inner][\/vc_column][\/vc_row][vc_row][vc_column][vc_tta_tabs active_section=\u00bb1&#8243; el_class=\u00bbtabber press\u00bb][vc_tta_section title=\u00bbNoticias\u00bb tab_id=\u00bb1627637084883-7564df1a-7751&#8243;][vc_masonry_grid post_type=\u00bbpost\u00bb max_items=\u00bb-1&#8243; style=\u00bbload-more\u00bb items_per_page=\u00bb12&#8243; gap=\u00bb15&#8243; item=\u00bb19761&#8243; btn_title=\u00bbCARGAR M\u00c1S\u00bb btn_style=\u00bbcustom\u00bb btn_custom_background=\u00bb#666666&#8243; btn_custom_text=\u00bb#ffffff\u00bb btn_shape=\u00bbsquare\u00bb btn_size=\u00bblg\u00bb grid_id=\u00bbvc_gid:1680615598450-e066e442-093e-1&#8243; taxonomies=\u00bb136&#8243;][\/vc_tta_section][vc_tta_section title=\u00bbRevista de prensa\u00bb tab_id=\u00bb1680615604333-0653fbf1-f4aa\u00bb][vc_masonry_grid post_type=\u00bbpost\u00bb max_items=\u00bb-1&#8243; style=\u00bbload-more\u00bb items_per_page=\u00bb12&#8243; gap=\u00bb15&#8243; item=\u00bb19761&#8243; btn_title=\u00bbCARGAR M\u00c1S\u00bb btn_style=\u00bbcustom\u00bb btn_custom_background=\u00bb#666666&#8243; btn_custom_text=\u00bb#ffffff\u00bb btn_shape=\u00bbsquare\u00bb btn_size=\u00bblg\u00bb grid_id=\u00bbvc_gid:1680615604355-0ea17fce-e674-7&#8243; taxonomies=\u00bb360&#8243;][\/vc_tta_section][vc_tta_section title=\u00bbEventos\u00bb tab_id=\u00bb1627637217448-271adee4-499d\u00bb][vc_masonry_grid post_type=\u00bbpost\u00bb max_items=\u00bb-1&#8243; style=\u00bbload-more\u00bb items_per_page=\u00bb12&#8243; gap=\u00bb15&#8243; item=\u00bb19761&#8243; btn_title=\u00bbCARGAR M\u00c1S\u00bb btn_style=\u00bbcustom\u00bb btn_custom_background=\u00bb#666666&#8243; btn_custom_text=\u00bb#ffffff\u00bb btn_shape=\u00bbsquare\u00bb btn_size=\u00bblg\u00bb grid_id=\u00bbvc_gid:1680615598450-147fc0b5-3341-8&#8243; taxonomies=\u00bb135&#8243;][\/vc_tta_section][vc_tta_section title=\u00bbCaso de estudio\u00bb tab_id=\u00bb1627637190548-26054ec5-50a8&#8243;]<style>.portfolio.news-grid#style-500b5df .portfolio-item:not(.size-item), .preloader#style-preloader-500b5df .portfolio-item { padding: calc(20px\/2) !important; }.portfolio.news-grid#style-500b5df .portfolio-item.size-item { padding: 0 calc(20px\/2) !important; }.portfolio.news-grid#style-500b5df .portfolio-row, .preloader#style-preloader-500b5df .skeleton-posts.portfolio-row { margin: calc(-20px\/2); }.portfolio.news-grid#style-500b5df.fullwidth-columns .portfolio-row { margin: calc(-20px\/2) 0; }.portfolio.news-grid#style-500b5df .fullwidth-block:not(.no-paddings) { padding-left: 20px; padding-right: 20px; }.portfolio.news-grid#style-500b5df .fullwidth-block .portfolio-row { padding-left: calc(20px\/2); padding-right: calc(20px\/2); }.portfolio.news-grid#style-500b5df .fullwidth-block .portfolio-top-panel { padding-left: 20px; padding-right: 20px; }.portfolio.news-grid#style-500b5df.fullwidth-columns .with-filter-sidebar .filter-sidebar { padding-left: 20px; }.portfolio.news-grid#style-500b5df.list-style.with-divider .portfolio-item .wrap:before { top: calc(-20px\/2); }@media (max-width: 991px) { .portfolio.news-grid#style-500b5df .portfolio-item:not(.size-item), .preloader#style-preloader-500b5df .portfolio-item { padding: calc(42px\/2) !important; }.portfolio.news-grid#style-500b5df .portfolio-item.size-item { padding: 0 calc(42px\/2) !important; }.portfolio.news-grid#style-500b5df .portfolio-row, .preloader#style-preloader-500b5df .skeleton-posts.portfolio-row { margin: calc(-42px\/2); }.portfolio.news-grid#style-500b5df.fullwidth-columns .portfolio-row { margin: calc(-42px\/2) 0; }.portfolio.news-grid#style-500b5df .fullwidth-block:not(.no-paddings) { padding-left: 42px; padding-right: 42px; }.portfolio.news-grid#style-500b5df .fullwidth-block .portfolio-row { padding-left: calc(42px\/2); padding-right: calc(42px\/2); }.portfolio.news-grid#style-500b5df .fullwidth-block .portfolio-top-panel { padding-left: 42px; padding-right: 42px; }.portfolio.news-grid#style-500b5df.fullwidth-columns .with-filter-sidebar .filter-sidebar { padding-left: 42px; }.portfolio.news-grid#style-500b5df.list-style.with-divider .portfolio-item .wrap:before { top: calc(-42px\/2); }}@media (max-width: 767px) { .portfolio.news-grid#style-500b5df .portfolio-item:not(.size-item), .preloader#style-preloader-500b5df .portfolio-item { padding: calc(42px\/2) !important; }.portfolio.news-grid#style-500b5df .portfolio-item.size-item { padding: 0 calc(42px\/2) !important; }.portfolio.news-grid#style-500b5df .portfolio-row, .preloader#style-preloader-500b5df .skeleton-posts.portfolio-row { margin: calc(-42px\/2); }.portfolio.news-grid#style-500b5df.fullwidth-columns .portfolio-row { margin: calc(-42px\/2) 0; }.portfolio.news-grid#style-500b5df .fullwidth-block:not(.no-paddings) { padding-left: 42px; padding-right: 42px; }.portfolio.news-grid#style-500b5df .fullwidth-block .portfolio-row { padding-left: calc(42px\/2); padding-right: calc(42px\/2); }.portfolio.news-grid#style-500b5df .fullwidth-block .portfolio-top-panel { padding-left: 42px; padding-right: 42px; }.portfolio.news-grid#style-500b5df.fullwidth-columns .with-filter-sidebar .filter-sidebar { padding-left: 42px; }.portfolio.news-grid#style-500b5df.list-style.with-divider .portfolio-item .wrap:before { top: calc(-42px\/2); }}.portfolio.news-grid#style-500b5df .portfolio-item .caption .title span { letter-spacing: px !important; }<\/style><style>.portfolio.news-grid#style-500b5df .portfolio-filters { text-align: center; }<\/style>[\/vc_tta_section][vc_tta_section title=\u00bbTodas\u00bb tab_id=\u00bb1626272770232-106bcad1-7313&#8243;][vc_masonry_grid post_type=\u00bbpost\u00bb max_items=\u00bb-1&#8243; style=\u00bbload-more\u00bb items_per_page=\u00bb12&#8243; gap=\u00bb15&#8243; item=\u00bb19761&#8243; btn_title=\u00bbCARGAR M\u00c1S\u00bb btn_style=\u00bbcustom\u00bb btn_custom_background=\u00bb#666666&#8243; btn_custom_text=\u00bb#ffffff\u00bb grid_id=\u00bbvc_gid:1680615598451-f4f22e15-6ef3-3&#8243;][\/vc_tta_section][\/vc_tta_tabs][\/vc_column][\/vc_row][vc_row disable_element=\u00bbyes\u00bb][vc_column][vc_tta_tabs active_section=\u00bb1&#8243; el_class=\u00bbtabber press\u00bb][vc_tta_section title=\u00bbNoticias\u00bb tab_id=\u00bb1674567609635-3ed332dc-a239&#8243;]<style>.portfolio.news-grid#style-65e98bb .portfolio-item:not(.size-item), .preloader#style-preloader-65e98bb .portfolio-item { padding: calc(20px\/2) !important; }.portfolio.news-grid#style-65e98bb .portfolio-item.size-item { padding: 0 calc(20px\/2) !important; }.portfolio.news-grid#style-65e98bb .portfolio-row, .preloader#style-preloader-65e98bb .skeleton-posts.portfolio-row { margin: calc(-20px\/2); }.portfolio.news-grid#style-65e98bb.fullwidth-columns .portfolio-row { margin: calc(-20px\/2) 0; }.portfolio.news-grid#style-65e98bb .fullwidth-block:not(.no-paddings) { padding-left: 20px; padding-right: 20px; }.portfolio.news-grid#style-65e98bb .fullwidth-block .portfolio-row { padding-left: calc(20px\/2); padding-right: calc(20px\/2); }.portfolio.news-grid#style-65e98bb .fullwidth-block .portfolio-top-panel { padding-left: 20px; padding-right: 20px; }.portfolio.news-grid#style-65e98bb.fullwidth-columns .with-filter-sidebar .filter-sidebar { padding-left: 20px; }.portfolio.news-grid#style-65e98bb.list-style.with-divider .portfolio-item .wrap:before { top: calc(-20px\/2); }@media (max-width: 991px) { .portfolio.news-grid#style-65e98bb .portfolio-item:not(.size-item), .preloader#style-preloader-65e98bb .portfolio-item { padding: calc(42px\/2) !important; }.portfolio.news-grid#style-65e98bb .portfolio-item.size-item { padding: 0 calc(42px\/2) !important; }.portfolio.news-grid#style-65e98bb .portfolio-row, .preloader#style-preloader-65e98bb .skeleton-posts.portfolio-row { margin: calc(-42px\/2); }.portfolio.news-grid#style-65e98bb.fullwidth-columns .portfolio-row { margin: calc(-42px\/2) 0; }.portfolio.news-grid#style-65e98bb .fullwidth-block:not(.no-paddings) { padding-left: 42px; padding-right: 42px; }.portfolio.news-grid#style-65e98bb .fullwidth-block .portfolio-row { padding-left: calc(42px\/2); padding-right: calc(42px\/2); }.portfolio.news-grid#style-65e98bb .fullwidth-block .portfolio-top-panel { padding-left: 42px; padding-right: 42px; }.portfolio.news-grid#style-65e98bb.fullwidth-columns .with-filter-sidebar .filter-sidebar { padding-left: 42px; }.portfolio.news-grid#style-65e98bb.list-style.with-divider .portfolio-item .wrap:before { top: calc(-42px\/2); }}@media (max-width: 767px) { .portfolio.news-grid#style-65e98bb .portfolio-item:not(.size-item), .preloader#style-preloader-65e98bb .portfolio-item { padding: calc(42px\/2) !important; }.portfolio.news-grid#style-65e98bb .portfolio-item.size-item { padding: 0 calc(42px\/2) !important; }.portfolio.news-grid#style-65e98bb .portfolio-row, .preloader#style-preloader-65e98bb .skeleton-posts.portfolio-row { margin: calc(-42px\/2); }.portfolio.news-grid#style-65e98bb.fullwidth-columns .portfolio-row { margin: calc(-42px\/2) 0; }.portfolio.news-grid#style-65e98bb .fullwidth-block:not(.no-paddings) { padding-left: 42px; padding-right: 42px; }.portfolio.news-grid#style-65e98bb .fullwidth-block .portfolio-row { padding-left: calc(42px\/2); padding-right: calc(42px\/2); }.portfolio.news-grid#style-65e98bb .fullwidth-block .portfolio-top-panel { padding-left: 42px; padding-right: 42px; }.portfolio.news-grid#style-65e98bb.fullwidth-columns .with-filter-sidebar .filter-sidebar { padding-left: 42px; }.portfolio.news-grid#style-65e98bb.list-style.with-divider .portfolio-item .wrap:before { top: calc(-42px\/2); }}.portfolio.news-grid#style-65e98bb .portfolio-item .caption .title span { letter-spacing: px !important; }<\/style><style>.portfolio.news-grid#style-65e98bb .portfolio-filters { text-align: center; }<\/style><div id=\"style-preloader-65e98bb\" class=\"preloader save-space\"><div class=\"preloader-spin\"><\/div><\/div> <div class=\"portfolio-preloader-wrapper panel-sidebar-position-left\"> <div class=\"portfolio portfolio-grid extended-portfolio-grid news-grid no-padding portfolio-pagination-more portfolio-style-masonry background-style-transparent title-style-light hover-disabled title-on-page caption-position-page version-default loading-animation item-animation-move-up portfolio-items-masonry columns-3 columns-tablet-2 columns-mobile-1 \" id=\"style-65e98bb\" data-style-uid=\"65e98bb\" data-portfolio-uid=\"grid_fdb2e35\" data-current-page=\"1\" data-per-page=\"12\" data-next-page=\"2\" data-pages-count=\"2\" data-hover=\"disabled\" data-portfolio-filter=\"[]\" data-portfolio-filter-attributes=\"null\" data-portfolio-filter-status=\"null\" data-portfolio-filter-price=\"null\" data-portfolio-filter-search=\"\"> <div class=\"portfolio-row-outer \"> <div class=\"portfolio-top-panel selected-only\"> <div class=\"portfolio-filter-item portfolio-selected-filters left\"> <div class=\"portfolio-selected-filter-item clear-filters\"> Clear Filters\t<\/div> <\/div> <\/div> <div class=\"row portfolio-row\"> <div class=\"portfolio-set clearfix\" data-max-row-height=\"380\"> <div class=\"portfolio-item noticias col-xs-12 col-sm-6 col-md-4 item-animations-not-inited post-hide-categories post-hide-date show-caption-border appearance-type- post-28551 post type-post status-publish format-standard has-post-thumbnail category-noticias tag-cmc-bauma-launch tag-cmc-dp-series tag-cmc-s27-es tag-cmc-s30-es tag-cmc-serie-dp\" data-default-sort=\"19\" data-sort-date=\"1670258062\"> <div class=\"wrap clearfix\"> <div class=\"image post-28551 post type-post status-publish format-standard has-post-thumbnail category-noticias tag-cmc-bauma-launch tag-cmc-dp-series tag-cmc-s27-es tag-cmc-s30-es tag-cmc-serie-dp\"> <div class=\"image-inner \"> <div class=\"post-featured-content\"><a href=\"https:\/\/www.cmclift.com\/es\/noticias\/cmc-se-supera-en-bauma-con-s27-y-s30-los-dos-nuevos-modelos-de-la-serie-dp\/\"> <picture> <img src=\"https:\/\/www.cmclift.com\/wp-content\/uploads\/2022\/11\/s30-prodotto-evidenza-thegem-portfolio-masonry.png\" width=\"754\" height=\"674\" class=\"img-responsive\" alt=\"s30-prodotto-evidenza\" \/> <\/picture> <\/a><\/div> <\/div> <div class=\"overlay\"> <div class=\"overlay-circle\"><\/div> <div class=\"links-wrapper\"> <div class=\"links\"> <div class=\"caption\"> <a href=\"https:\/\/www.cmclift.com\/es\/noticias\/cmc-se-supera-en-bauma-con-s27-y-s30-los-dos-nuevos-modelos-de-la-serie-dp\/\" class=\"portfolio-item-link\"> <span class=\"screen-reader-text\">CMC SE SUPERA EN BAUMA CON S27 Y S30, LOS DOS NUEVOS MODELOS DE LA SERIE DP<\/span> <\/a> <\/div> <\/div> <\/div> <\/div> <\/div> <div class=\"caption post-28551 post type-post status-publish format-standard has-post-thumbnail category-noticias tag-cmc-bauma-launch tag-cmc-dp-series tag-cmc-s27-es tag-cmc-s30-es tag-cmc-serie-dp\"> <div class=\"title\"> <span class=\"title-h6 \"><a href=\"https:\/\/www.cmclift.com\/es\/noticias\/cmc-se-supera-en-bauma-con-s27-y-s30-los-dos-nuevos-modelos-de-la-serie-dp\/\" rel=\"bookmark\">CMC SE SUPERA EN BAUMA CON S27 Y S30, LOS DOS NUEVOS MODELOS DE LA SERIE DP<\/a><\/span> <\/div> <\/div> <\/div> <\/div> <div class=\"portfolio-item noticias col-xs-12 col-sm-6 col-md-4 item-animations-not-inited post-hide-categories post-hide-date show-caption-border appearance-type- post-28271 post type-post status-publish format-standard has-post-thumbnail category-noticias tag-cmc-es\" data-default-sort=\"19\" data-sort-date=\"1668776484\"> <div class=\"wrap clearfix\"> <div class=\"image post-28271 post type-post status-publish format-standard has-post-thumbnail category-noticias tag-cmc-es\"> <div class=\"image-inner \"> <div class=\"post-featured-content\"><a href=\"https:\/\/www.cmclift.com\/es\/noticias\/comunicado-de-prensa-cmc-anuncia-la-entrada-de-metrika-sgr-en-el-70-del-capital-social\/\"> <picture> <img src=\"https:\/\/www.cmclift.com\/wp-content\/uploads\/2022\/11\/metrika-X-cmc-thegem-portfolio-masonry.jpg\" width=\"754\" height=\"470\" class=\"img-responsive\" alt=\"metrika-X-cmc\" \/> <\/picture> <\/a><\/div> <\/div> <div class=\"overlay\"> <div class=\"overlay-circle\"><\/div> <div class=\"links-wrapper\"> <div class=\"links\"> <div class=\"caption\"> <a href=\"https:\/\/www.cmclift.com\/es\/noticias\/comunicado-de-prensa-cmc-anuncia-la-entrada-de-metrika-sgr-en-el-70-del-capital-social\/\" class=\"portfolio-item-link\"> <span class=\"screen-reader-text\">COMUNICADO DE PRENSA: CMC ANUNCIA LA ENTRADA DE METRIKA SGR EN EL 70% DEL CAPITAL SOCIAL<\/span> <\/a> <\/div> <\/div> <\/div> <\/div> <\/div> <div class=\"caption post-28271 post type-post status-publish format-standard has-post-thumbnail category-noticias tag-cmc-es\"> <div class=\"title\"> <span class=\"title-h6 \"><a href=\"https:\/\/www.cmclift.com\/es\/noticias\/comunicado-de-prensa-cmc-anuncia-la-entrada-de-metrika-sgr-en-el-70-del-capital-social\/\" rel=\"bookmark\">COMUNICADO DE PRENSA: CMC ANUNCIA LA ENTRADA DE METRIKA SGR EN EL 70% DEL CAPITAL SOCIAL<\/a><\/span> <\/div> <\/div> <\/div> <\/div> <div class=\"portfolio-item eventos noticias col-xs-12 col-sm-6 col-md-4 item-animations-not-inited post-hide-categories post-hide-date show-caption-border appearance-type- post-24399 post type-post status-publish format-standard has-post-thumbnail category-eventos category-noticias tag-bauma-2022-es tag-cmc-lift-es tag-cmc-the-specialift-es\" data-default-sort=\"10\" data-sort-date=\"1646827345\"> <div class=\"wrap clearfix\"> <div class=\"image post-24399 post type-post status-publish format-standard has-post-thumbnail category-eventos category-noticias tag-bauma-2022-es tag-cmc-lift-es tag-cmc-the-specialift-es\"> <div class=\"image-inner \"> <div class=\"post-featured-content\"><a href=\"https:\/\/www.cmclift.com\/es\/noticias\/cmc-participara-en-bauma-2022\/\"> <picture> <img src=\"https:\/\/www.cmclift.com\/wp-content\/uploads\/2022\/03\/cmc_bauma_2022-thegem-portfolio-masonry.jpg\" width=\"754\" height=\"470\" class=\"img-responsive\" alt=\"cmc_bauma_2022\" \/> <\/picture> <\/a><\/div> <\/div> <div class=\"overlay\"> <div class=\"overlay-circle\"><\/div> <div class=\"links-wrapper\"> <div class=\"links\"> <div class=\"caption\"> <a href=\"https:\/\/www.cmclift.com\/es\/noticias\/cmc-participara-en-bauma-2022\/\" class=\"portfolio-item-link\"> <span class=\"screen-reader-text\">CMC PARTICIPAR\u00c1 EN BAUMA 2022<\/span> <\/a> <\/div> <\/div> <\/div> <\/div> <\/div> <div class=\"caption post-24399 post type-post status-publish format-standard has-post-thumbnail category-eventos category-noticias tag-bauma-2022-es tag-cmc-lift-es tag-cmc-the-specialift-es\"> <div class=\"title\"> <span class=\"title-h6 \"><a href=\"https:\/\/www.cmclift.com\/es\/noticias\/cmc-participara-en-bauma-2022\/\" rel=\"bookmark\">CMC PARTICIPAR\u00c1 EN BAUMA 2022<\/a><\/span> <\/div> <\/div> <\/div> <\/div> <div class=\"portfolio-item eventos noticias col-xs-12 col-sm-6 col-md-4 item-animations-not-inited post-hide-categories post-hide-date show-caption-border appearance-type- post-24273 post type-post status-publish format-standard has-post-thumbnail category-eventos category-noticias\" data-default-sort=\"8\" data-sort-date=\"1646742508\"> <div class=\"wrap clearfix\"> <div class=\"image post-24273 post type-post status-publish format-standard has-post-thumbnail category-eventos category-noticias\"> <div class=\"image-inner \"> <div class=\"post-featured-content\"><a href=\"https:\/\/www.cmclift.com\/es\/noticias\/cmc-presente-en-apf-uk\/\"> <picture> <img src=\"https:\/\/www.cmclift.com\/wp-content\/uploads\/2022\/06\/APF23-thegem-portfolio-masonry.jpg\" width=\"754\" height=\"470\" class=\"img-responsive\" alt=\"APF23\" \/> <\/picture> <\/a><\/div> <\/div> <div class=\"overlay\"> <div class=\"overlay-circle\"><\/div> <div class=\"links-wrapper\"> <div class=\"links\"> <div class=\"caption\"> <a href=\"https:\/\/www.cmclift.com\/es\/noticias\/cmc-presente-en-apf-uk\/\" class=\"portfolio-item-link\"> <span class=\"screen-reader-text\">CMC PRESENTE EN APF UK<\/span> <\/a> <\/div> <\/div> <\/div> <\/div> <\/div> <div class=\"caption post-24273 post type-post status-publish format-standard has-post-thumbnail category-eventos category-noticias\"> <div class=\"title\"> <span class=\"title-h6 \"><a href=\"https:\/\/www.cmclift.com\/es\/noticias\/cmc-presente-en-apf-uk\/\" rel=\"bookmark\">CMC PRESENTE EN APF UK<\/a><\/span> <\/div> <\/div> <\/div> <\/div> <div class=\"portfolio-item noticias col-xs-12 col-sm-6 col-md-4 item-animations-not-inited post-hide-categories post-hide-date show-caption-border appearance-type- post-24241 post type-post status-publish format-standard has-post-thumbnail category-noticias\" data-default-sort=\"3\" data-sort-date=\"1646326129\"> <div class=\"wrap clearfix\"> <div class=\"image post-24241 post type-post status-publish format-standard has-post-thumbnail category-noticias\"> <div class=\"image-inner \"> <div class=\"post-featured-content\"><a href=\"https:\/\/www.cmclift.com\/es\/noticias\/cmc-sera-platinum-sponsor-de-ipaf-anchio\/\"> <picture> <img src=\"https:\/\/www.cmclift.com\/wp-content\/uploads\/2022\/03\/CMC-x-ipaf-anchio-thegem-portfolio-masonry.jpg\" width=\"754\" height=\"424\" class=\"img-responsive\" alt=\"CMC-x-ipaf-anchio\" \/> <\/picture> <\/a><\/div> <\/div> <div class=\"overlay\"> <div class=\"overlay-circle\"><\/div> <div class=\"links-wrapper\"> <div class=\"links\"> <div class=\"caption\"> <a href=\"https:\/\/www.cmclift.com\/es\/noticias\/cmc-sera-platinum-sponsor-de-ipaf-anchio\/\" class=\"portfolio-item-link\"> <span class=\"screen-reader-text\">CMC SER\u00c1 PLATINUM SPONSOR DE IPAF ANCH&#8217;IO<\/span> <\/a> <\/div> <\/div> <\/div> <\/div> <\/div> <div class=\"caption post-24241 post type-post status-publish format-standard has-post-thumbnail category-noticias\"> <div class=\"title\"> <span class=\"title-h6 \"><a href=\"https:\/\/www.cmclift.com\/es\/noticias\/cmc-sera-platinum-sponsor-de-ipaf-anchio\/\" rel=\"bookmark\">CMC SER\u00c1 PLATINUM SPONSOR DE IPAF ANCH&#8217;IO<\/a><\/span> <\/div> <\/div> <\/div> <\/div> <div class=\"portfolio-item eventos noticias col-xs-12 col-sm-6 col-md-4 item-animations-not-inited post-hide-categories post-hide-date show-caption-border appearance-type- post-39086 post type-post status-publish format-standard has-post-thumbnail category-eventos category-noticias tag-cmc-es\" data-default-sort=\"0\" data-sort-date=\"1701096600\"> <div class=\"wrap clearfix\"> <div class=\"image post-39086 post type-post status-publish format-standard has-post-thumbnail category-eventos category-noticias tag-cmc-es\"> <div class=\"image-inner \"> <div class=\"post-featured-content\"><a href=\"https:\/\/www.cmclift.com\/es\/eventos\/cmc-asistira-a-excon-2023-la-feria-de-acceso-aereo-india\/\"> <picture> <img src=\"https:\/\/www.cmclift.com\/wp-content\/uploads\/2023\/11\/EXCON-2023-thegem-portfolio-masonry.jpg\" width=\"754\" height=\"470\" class=\"img-responsive\" alt=\"EXCON-2023\" \/> <\/picture> <\/a><\/div> <\/div> <div class=\"overlay\"> <div class=\"overlay-circle\"><\/div> <div class=\"links-wrapper\"> <div class=\"links\"> <div class=\"caption\"> <a href=\"https:\/\/www.cmclift.com\/es\/eventos\/cmc-asistira-a-excon-2023-la-feria-de-acceso-aereo-india\/\" class=\"portfolio-item-link\"> <span class=\"screen-reader-text\">CMC ASISTIR\u00c1 A EXCON 2023, LA FERIA DE ACCESO A\u00c9REO, INDIA<\/span> <\/a> <\/div> <\/div> <\/div> <\/div> <\/div> <div class=\"caption post-39086 post type-post status-publish format-standard has-post-thumbnail category-eventos category-noticias tag-cmc-es\"> <div class=\"title\"> <span class=\"title-h6 \"><a href=\"https:\/\/www.cmclift.com\/es\/eventos\/cmc-asistira-a-excon-2023-la-feria-de-acceso-aereo-india\/\" rel=\"bookmark\">CMC ASISTIR\u00c1 A EXCON 2023, LA FERIA DE ACCESO A\u00c9REO, INDIA<\/a><\/span> <\/div> <\/div> <\/div> <\/div> <div class=\"portfolio-item noticias col-xs-12 col-sm-6 col-md-4 item-animations-not-inited post-hide-categories post-hide-date show-caption-border appearance-type- post-39012 post type-post status-publish format-standard has-post-thumbnail category-noticias tag-cmc-es tag-smopyc-2023-es\" data-default-sort=\"0\" data-sort-date=\"1700308841\"> <div class=\"wrap clearfix\"> <div class=\"image post-39012 post type-post status-publish format-standard has-post-thumbnail category-noticias tag-cmc-es tag-smopyc-2023-es\"> <div class=\"image-inner \"> <div class=\"post-featured-content\"><a href=\"https:\/\/www.cmclift.com\/es\/noticias\/cmc-y-plataformas-moyma-llegan-a-un-acuerdo-de-distribucion-para-espana\/\"> <picture> <img src=\"https:\/\/www.cmclift.com\/wp-content\/uploads\/2023\/11\/cmc_moyma-thegem-portfolio-masonry.jpg\" width=\"754\" height=\"470\" class=\"img-responsive\" alt=\"cmc_moyma\" \/> <\/picture> <\/a><\/div> <\/div> <div class=\"overlay\"> <div class=\"overlay-circle\"><\/div> <div class=\"links-wrapper\"> <div class=\"links\"> <div class=\"caption\"> <a href=\"https:\/\/www.cmclift.com\/es\/noticias\/cmc-y-plataformas-moyma-llegan-a-un-acuerdo-de-distribucion-para-espana\/\" class=\"portfolio-item-link\"> <span class=\"screen-reader-text\">CMC Y PLATAFORMAS MOYMA LLEGAN A UN ACUERDO DE DISTRIBUCI\u00d3N PARA ESPA\u00d1A<\/span> <\/a> <\/div> <\/div> <\/div> <\/div> <\/div> <div class=\"caption post-39012 post type-post status-publish format-standard has-post-thumbnail category-noticias tag-cmc-es tag-smopyc-2023-es\"> <div class=\"title\"> <span class=\"title-h6 \"><a href=\"https:\/\/www.cmclift.com\/es\/noticias\/cmc-y-plataformas-moyma-llegan-a-un-acuerdo-de-distribucion-para-espana\/\" rel=\"bookmark\">CMC Y PLATAFORMAS MOYMA LLEGAN A UN ACUERDO DE DISTRIBUCI\u00d3N PARA ESPA\u00d1A<\/a><\/span> <\/div> <\/div> <\/div> <\/div> <div class=\"portfolio-item eventos noticias col-xs-12 col-sm-6 col-md-4 item-animations-not-inited post-hide-categories post-hide-date show-caption-border appearance-type- post-38971 post type-post status-publish format-standard has-post-thumbnail category-eventos category-noticias tag-cmc-es tag-cmc-aeral-platforms-en-es tag-cmc-lift-es tag-cmc-the-specialift-es tag-smopyc-2023-es\" data-default-sort=\"0\" data-sort-date=\"1700301635\"> <div class=\"wrap clearfix\"> <div class=\"image post-38971 post type-post status-publish format-standard has-post-thumbnail category-eventos category-noticias tag-cmc-es tag-cmc-aeral-platforms-en-es tag-cmc-lift-es tag-cmc-the-specialift-es tag-smopyc-2023-es\"> <div class=\"image-inner \"> <div class=\"post-featured-content\"><a href=\"https:\/\/www.cmclift.com\/es\/eventos\/cmc-estara-presente-en-smopyc-2023-pabellon-2-stand-b-c-21-30\/\"> <picture> <img src=\"https:\/\/www.cmclift.com\/wp-content\/uploads\/2023\/11\/smopyc-2023-1-thegem-portfolio-masonry.jpg\" width=\"754\" height=\"470\" class=\"img-responsive\" alt=\"smopyc-2023\" \/> <\/picture> <\/a><\/div> <\/div> <div class=\"overlay\"> <div class=\"overlay-circle\"><\/div> <div class=\"links-wrapper\"> <div class=\"links\"> <div class=\"caption\"> <a href=\"https:\/\/www.cmclift.com\/es\/eventos\/cmc-estara-presente-en-smopyc-2023-pabellon-2-stand-b-c-21-30\/\" class=\"portfolio-item-link\"> <span class=\"screen-reader-text\">CMC ESTAR\u00c1 PRESENTE EN SMOPYC 2023, PABELL\u00d3N 2, STAND B-C\/21\/30<\/span> <\/a> <\/div> <\/div> <\/div> <\/div> <\/div> <div class=\"caption post-38971 post type-post status-publish format-standard has-post-thumbnail category-eventos category-noticias tag-cmc-es tag-cmc-aeral-platforms-en-es tag-cmc-lift-es tag-cmc-the-specialift-es tag-smopyc-2023-es\"> <div class=\"title\"> <span class=\"title-h6 \"><a href=\"https:\/\/www.cmclift.com\/es\/eventos\/cmc-estara-presente-en-smopyc-2023-pabellon-2-stand-b-c-21-30\/\" rel=\"bookmark\">CMC ESTAR\u00c1 PRESENTE EN SMOPYC 2023, PABELL\u00d3N 2, STAND B-C\/21\/30<\/a><\/span> <\/div> <\/div> <\/div> <\/div> <div class=\"portfolio-item noticias col-xs-12 col-sm-6 col-md-4 item-animations-not-inited post-hide-categories post-hide-date show-caption-border appearance-type- post-25575 post type-post status-publish format-standard has-post-thumbnail category-noticias tag-cmc-lift-es tag-cmc-the-specialift-es\" data-default-sort=\"0\" data-sort-date=\"1653061091\"> <div class=\"wrap clearfix\"> <div class=\"image post-25575 post type-post status-publish format-standard has-post-thumbnail category-noticias tag-cmc-lift-es tag-cmc-the-specialift-es\"> <div class=\"image-inner \"> <div class=\"post-featured-content\"><a href=\"https:\/\/www.cmclift.com\/es\/noticias\/cmc-presenta-la-nueva-serie-f-en-los-vertikal-days2022\/\"> <picture> <img src=\"https:\/\/www.cmclift.com\/wp-content\/uploads\/2022\/05\/S18F-2022-web-thegem-portfolio-masonry.jpg\" width=\"754\" height=\"470\" class=\"img-responsive\" alt=\"S18F-2022-web\" \/> <\/picture> <\/a><\/div> <\/div> <div class=\"overlay\"> <div class=\"overlay-circle\"><\/div> <div class=\"links-wrapper\"> <div class=\"links\"> <div class=\"caption\"> <a href=\"https:\/\/www.cmclift.com\/es\/noticias\/cmc-presenta-la-nueva-serie-f-en-los-vertikal-days2022\/\" class=\"portfolio-item-link\"> <span class=\"screen-reader-text\">CMC PRESENTA LA NUEVA SERIE F EN LOS VERTIKAL DAYS 2022<\/span> <\/a> <\/div> <\/div> <\/div> <\/div> <\/div> <div class=\"caption post-25575 post type-post status-publish format-standard has-post-thumbnail category-noticias tag-cmc-lift-es tag-cmc-the-specialift-es\"> <div class=\"title\"> <span class=\"title-h6 \"><a href=\"https:\/\/www.cmclift.com\/es\/noticias\/cmc-presenta-la-nueva-serie-f-en-los-vertikal-days2022\/\" rel=\"bookmark\">CMC PRESENTA LA NUEVA SERIE F EN LOS VERTIKAL DAYS 2022<\/a><\/span> <\/div> <\/div> <\/div> <\/div> <div class=\"portfolio-item eventos noticias col-xs-12 col-sm-6 col-md-4 item-animations-not-inited post-hide-categories post-hide-date show-caption-border appearance-type- post-24822 post type-post status-publish format-standard has-post-thumbnail category-eventos category-noticias tag-bauma-2022-es tag-born-to-lift-es tag-cmc-es tag-cmc-aeral-platforms-en-es tag-cmc-the-specialift-es tag-europlatform-2022 tag-innovations-tag-es tag-vei-og-anlegg-2022 tag-vertikal-days-2022-es\" data-default-sort=\"0\" data-sort-date=\"1650556848\"> <div class=\"wrap clearfix\"> <div class=\"image post-24822 post type-post status-publish format-standard has-post-thumbnail category-eventos category-noticias tag-bauma-2022-es tag-born-to-lift-es tag-cmc-es tag-cmc-aeral-platforms-en-es tag-cmc-the-specialift-es tag-europlatform-2022 tag-innovations-tag-es tag-vei-og-anlegg-2022 tag-vertikal-days-2022-es\"> <div class=\"image-inner \"> <div class=\"post-featured-content\"><a href=\"https:\/\/www.cmclift.com\/es\/noticias\/cmc-vuelve-a-ser-protagonista-de-los-eventos-del-sector\/\"> <picture> <img src=\"https:\/\/www.cmclift.com\/wp-content\/uploads\/2022\/04\/Press-Room-thegem-portfolio-masonry.jpg\" width=\"754\" height=\"470\" class=\"img-responsive\" alt=\"Press-Room\" \/> <\/picture> <\/a><\/div> <\/div> <div class=\"overlay\"> <div class=\"overlay-circle\"><\/div> <div class=\"links-wrapper\"> <div class=\"links\"> <div class=\"caption\"> <a href=\"https:\/\/www.cmclift.com\/es\/noticias\/cmc-vuelve-a-ser-protagonista-de-los-eventos-del-sector\/\" class=\"portfolio-item-link\"> <span class=\"screen-reader-text\">CMC VUELVE A SER PROTAGONISTA DE LOS EVENTOS DEL SECTOR<\/span> <\/a> <\/div> <\/div> <\/div> <\/div> <\/div> <div class=\"caption post-24822 post type-post status-publish format-standard has-post-thumbnail category-eventos category-noticias tag-bauma-2022-es tag-born-to-lift-es tag-cmc-es tag-cmc-aeral-platforms-en-es tag-cmc-the-specialift-es tag-europlatform-2022 tag-innovations-tag-es tag-vei-og-anlegg-2022 tag-vertikal-days-2022-es\"> <div class=\"title\"> <span class=\"title-h6 \"><a href=\"https:\/\/www.cmclift.com\/es\/noticias\/cmc-vuelve-a-ser-protagonista-de-los-eventos-del-sector\/\" rel=\"bookmark\">CMC VUELVE A SER PROTAGONISTA DE LOS EVENTOS DEL SECTOR<\/a><\/span> <\/div> <\/div> <\/div> <\/div> <div class=\"portfolio-item eventos noticias col-xs-12 col-sm-6 col-md-4 item-animations-not-inited post-hide-categories post-hide-date show-caption-border appearance-type- post-24381 post type-post status-publish format-standard has-post-thumbnail category-eventos category-noticias tag-cmc-es tag-cmc-lift-es\" data-default-sort=\"0\" data-sort-date=\"1646824213\"> <div class=\"wrap clearfix\"> <div class=\"image post-24381 post type-post status-publish format-standard has-post-thumbnail category-eventos category-noticias tag-cmc-es tag-cmc-lift-es\"> <div class=\"image-inner \"> <div class=\"post-featured-content\"><a href=\"https:\/\/www.cmclift.com\/es\/eventos\/cmc-participa-en-los-vertikal-days-2022\/\"> <picture> <img src=\"https:\/\/www.cmclift.com\/wp-content\/uploads\/2022\/03\/cmc-vertikal-days-thegem-portfolio-masonry.jpg\" width=\"754\" height=\"424\" class=\"img-responsive\" alt=\"cmc-vertikal-days\" \/> <\/picture> <\/a><\/div> <\/div> <div class=\"overlay\"> <div class=\"overlay-circle\"><\/div> <div class=\"links-wrapper\"> <div class=\"links\"> <div class=\"caption\"> <a href=\"https:\/\/www.cmclift.com\/es\/eventos\/cmc-participa-en-los-vertikal-days-2022\/\" class=\"portfolio-item-link\"> <span class=\"screen-reader-text\">CMC PARTICIPA EN LOS VERTIKAL DAYS 2022<\/span> <\/a> <\/div> <\/div> <\/div> <\/div> <\/div> <div class=\"caption post-24381 post type-post status-publish format-standard has-post-thumbnail category-eventos category-noticias tag-cmc-es tag-cmc-lift-es\"> <div class=\"title\"> <span class=\"title-h6 \"><a href=\"https:\/\/www.cmclift.com\/es\/eventos\/cmc-participa-en-los-vertikal-days-2022\/\" rel=\"bookmark\">CMC PARTICIPA EN LOS VERTIKAL DAYS 2022<\/a><\/span> <\/div> <\/div> <\/div> <\/div> <div class=\"portfolio-item eventos noticias col-xs-12 col-sm-6 col-md-4 item-animations-not-inited post-hide-categories post-hide-date show-caption-border appearance-type- post-24365 post type-post status-publish format-standard has-post-thumbnail category-eventos category-noticias\" data-default-sort=\"0\" data-sort-date=\"1646820391\"> <div class=\"wrap clearfix\"> <div class=\"image post-24365 post type-post status-publish format-standard has-post-thumbnail category-eventos category-noticias\"> <div class=\"image-inner \"> <div class=\"post-featured-content\"><a href=\"https:\/\/www.cmclift.com\/es\/noticias\/cmc-participara-en-born-to-lift-innovations-tag\/\"> <picture> <img src=\"https:\/\/www.cmclift.com\/wp-content\/uploads\/2022\/03\/CMC-x-born-to-lift-thegem-portfolio-masonry.jpg\" width=\"754\" height=\"470\" class=\"img-responsive\" alt=\"CMC-x-born-to-lift\" \/> <\/picture> <\/a><\/div> <\/div> <div class=\"overlay\"> <div class=\"overlay-circle\"><\/div> <div class=\"links-wrapper\"> <div class=\"links\"> <div class=\"caption\"> <a href=\"https:\/\/www.cmclift.com\/es\/noticias\/cmc-participara-en-born-to-lift-innovations-tag\/\" class=\"portfolio-item-link\"> <span class=\"screen-reader-text\">CMC PARTICIPAR\u00c1 EN BORN TO LIFT \/ INNOVATION&#8217;S TAG<\/span> <\/a> <\/div> <\/div> <\/div> <\/div> <\/div> <div class=\"caption post-24365 post type-post status-publish format-standard has-post-thumbnail category-eventos category-noticias\"> <div class=\"title\"> <span class=\"title-h6 \"><a href=\"https:\/\/www.cmclift.com\/es\/noticias\/cmc-participara-en-born-to-lift-innovations-tag\/\" rel=\"bookmark\">CMC PARTICIPAR\u00c1 EN BORN TO LIFT \/ INNOVATION&#8217;S TAG<\/a><\/span> <\/div> <\/div> <\/div> <\/div> <\/div><!-- .portflio-set --> <div class=\"portfolio-item-size-container\"> <div class=\"portfolio-item col-xs-12 col-sm-6 col-md-4 item-animations-not-inited post-hide-categories post-hide-date show-caption-border post-24365 post type-post status-publish format-standard has-post-thumbnail category-eventos category-noticias\"> <\/div> <\/div> <\/div><!-- .row--> <div class=\"portfolio-load-more\"> <div class=\"inner\"> <style type=\"text\/css\">.thegem-button-69f2be474c7a08822 .gem-button svg {fill: #ffffff;}<\/style><div class=\"gem-button-container gem-button-position-center thegem-button-69f2be474c7a08822 gem-button-with-separator\" ><div class=\"gem-button-separator gem-button-separator-type-load-more\"><div class=\"gem-button-separator-holder\"><div class=\"gem-button-separator-line\" style=\"border-color: #dfe5e8;\"><\/div><\/div><div class=\"gem-button-separator-button\"><button class=\"gem-button gem-button-size-medium gem-button-style-flat gem-button-text-weight-normal\" data-ll-effect=\"drop-right-without-wrap\" style=\"border-radius: 25px;background-color: #4e5964;color: #ffffff;\" onmouseleave=\"this.style.backgroundColor='#4e5964';this.style.color='#ffffff';\" onmouseenter=\"\">Cargar m\u00e1s<\/button><\/div><div class=\"gem-button-separator-holder\"><div class=\"gem-button-separator-line\" style=\"border-color: #dfe5e8;\"><\/div><\/div><\/div><\/div> <\/div> <\/div> <\/div><!-- .full-width --> <\/div><!-- .portfolio--> <\/div><!-- .portfolio-preloader-wrapper-->[\/vc_tta_section][vc_tta_section title=\u00bbEventos\u00bb tab_id=\u00bb1674567609651-41b88d5e-ad62&#8243;]<style>.portfolio.news-grid#style-b6b8863 .portfolio-item:not(.size-item), .preloader#style-preloader-b6b8863 .portfolio-item { padding: calc(20px\/2) !important; }.portfolio.news-grid#style-b6b8863 .portfolio-item.size-item { padding: 0 calc(20px\/2) !important; }.portfolio.news-grid#style-b6b8863 .portfolio-row, .preloader#style-preloader-b6b8863 .skeleton-posts.portfolio-row { margin: calc(-20px\/2); }.portfolio.news-grid#style-b6b8863.fullwidth-columns .portfolio-row { margin: calc(-20px\/2) 0; }.portfolio.news-grid#style-b6b8863 .fullwidth-block:not(.no-paddings) { padding-left: 20px; padding-right: 20px; }.portfolio.news-grid#style-b6b8863 .fullwidth-block .portfolio-row { padding-left: calc(20px\/2); padding-right: calc(20px\/2); }.portfolio.news-grid#style-b6b8863 .fullwidth-block .portfolio-top-panel { padding-left: 20px; padding-right: 20px; }.portfolio.news-grid#style-b6b8863.fullwidth-columns .with-filter-sidebar .filter-sidebar { padding-left: 20px; }.portfolio.news-grid#style-b6b8863.list-style.with-divider .portfolio-item .wrap:before { top: calc(-20px\/2); }@media (max-width: 991px) { .portfolio.news-grid#style-b6b8863 .portfolio-item:not(.size-item), .preloader#style-preloader-b6b8863 .portfolio-item { padding: calc(42px\/2) !important; }.portfolio.news-grid#style-b6b8863 .portfolio-item.size-item { padding: 0 calc(42px\/2) !important; }.portfolio.news-grid#style-b6b8863 .portfolio-row, .preloader#style-preloader-b6b8863 .skeleton-posts.portfolio-row { margin: calc(-42px\/2); }.portfolio.news-grid#style-b6b8863.fullwidth-columns .portfolio-row { margin: calc(-42px\/2) 0; }.portfolio.news-grid#style-b6b8863 .fullwidth-block:not(.no-paddings) { padding-left: 42px; padding-right: 42px; }.portfolio.news-grid#style-b6b8863 .fullwidth-block .portfolio-row { padding-left: calc(42px\/2); padding-right: calc(42px\/2); }.portfolio.news-grid#style-b6b8863 .fullwidth-block .portfolio-top-panel { padding-left: 42px; padding-right: 42px; }.portfolio.news-grid#style-b6b8863.fullwidth-columns .with-filter-sidebar .filter-sidebar { padding-left: 42px; }.portfolio.news-grid#style-b6b8863.list-style.with-divider .portfolio-item .wrap:before { top: calc(-42px\/2); }}@media (max-width: 767px) { .portfolio.news-grid#style-b6b8863 .portfolio-item:not(.size-item), .preloader#style-preloader-b6b8863 .portfolio-item { padding: calc(42px\/2) !important; }.portfolio.news-grid#style-b6b8863 .portfolio-item.size-item { padding: 0 calc(42px\/2) !important; }.portfolio.news-grid#style-b6b8863 .portfolio-row, .preloader#style-preloader-b6b8863 .skeleton-posts.portfolio-row { margin: calc(-42px\/2); }.portfolio.news-grid#style-b6b8863.fullwidth-columns .portfolio-row { margin: calc(-42px\/2) 0; }.portfolio.news-grid#style-b6b8863 .fullwidth-block:not(.no-paddings) { padding-left: 42px; padding-right: 42px; }.portfolio.news-grid#style-b6b8863 .fullwidth-block .portfolio-row { padding-left: calc(42px\/2); padding-right: calc(42px\/2); }.portfolio.news-grid#style-b6b8863 .fullwidth-block .portfolio-top-panel { padding-left: 42px; padding-right: 42px; }.portfolio.news-grid#style-b6b8863.fullwidth-columns .with-filter-sidebar .filter-sidebar { padding-left: 42px; }.portfolio.news-grid#style-b6b8863.list-style.with-divider .portfolio-item .wrap:before { top: calc(-42px\/2); }}.portfolio.news-grid#style-b6b8863 .portfolio-item .caption .title span { letter-spacing: px !important; }<\/style><style>.portfolio.news-grid#style-b6b8863 .portfolio-filters { text-align: center; }<\/style><div id=\"style-preloader-b6b8863\" class=\"preloader save-space\"><div class=\"preloader-spin\"><\/div><\/div> <div class=\"portfolio-preloader-wrapper panel-sidebar-position-left\"> <div class=\"portfolio portfolio-grid extended-portfolio-grid news-grid no-padding portfolio-pagination-more portfolio-style-masonry background-style-transparent title-style-light hover-disabled title-on-page caption-position-page version-default loading-animation item-animation-move-up portfolio-items-masonry columns-3 columns-tablet-2 columns-mobile-1 \" id=\"style-b6b8863\" data-style-uid=\"b6b8863\" data-portfolio-uid=\"grid_fdb2e35\" data-current-page=\"1\" data-per-page=\"12\" data-next-page=\"0\" data-pages-count=\"1\" data-hover=\"disabled\" data-portfolio-filter=\"[]\" data-portfolio-filter-attributes=\"null\" data-portfolio-filter-status=\"null\" data-portfolio-filter-price=\"null\" data-portfolio-filter-search=\"\"> <div class=\"portfolio-row-outer \"> <div class=\"portfolio-top-panel selected-only\"> <div class=\"portfolio-filter-item portfolio-selected-filters left\"> <div class=\"portfolio-selected-filter-item clear-filters\"> Clear Filters\t<\/div> <\/div> <\/div> <div class=\"row portfolio-row\"> <div class=\"portfolio-set clearfix\" data-max-row-height=\"380\"> <div class=\"portfolio-item eventos noticias col-xs-12 col-sm-6 col-md-4 item-animations-not-inited post-hide-categories post-hide-date show-caption-border appearance-type- post-24399 post type-post status-publish format-standard has-post-thumbnail category-eventos category-noticias tag-bauma-2022-es tag-cmc-lift-es tag-cmc-the-specialift-es\" data-default-sort=\"10\" data-sort-date=\"1646827345\"> <div class=\"wrap clearfix\"> <div class=\"image post-24399 post type-post status-publish format-standard has-post-thumbnail category-eventos category-noticias tag-bauma-2022-es tag-cmc-lift-es tag-cmc-the-specialift-es\"> <div class=\"image-inner \"> <div class=\"post-featured-content\"><a href=\"https:\/\/www.cmclift.com\/es\/noticias\/cmc-participara-en-bauma-2022\/\"> <picture> <img src=\"https:\/\/www.cmclift.com\/wp-content\/uploads\/2022\/03\/cmc_bauma_2022-thegem-portfolio-masonry.jpg\" width=\"754\" height=\"470\" class=\"img-responsive\" alt=\"cmc_bauma_2022\" \/> <\/picture> <\/a><\/div> <\/div> <div class=\"overlay\"> <div class=\"overlay-circle\"><\/div> <div class=\"links-wrapper\"> <div class=\"links\"> <div class=\"caption\"> <a href=\"https:\/\/www.cmclift.com\/es\/noticias\/cmc-participara-en-bauma-2022\/\" class=\"portfolio-item-link\"> <span class=\"screen-reader-text\">CMC PARTICIPAR\u00c1 EN BAUMA 2022<\/span> <\/a> <\/div> <\/div> <\/div> <\/div> <\/div> <div class=\"caption post-24399 post type-post status-publish format-standard has-post-thumbnail category-eventos category-noticias tag-bauma-2022-es tag-cmc-lift-es tag-cmc-the-specialift-es\"> <div class=\"title\"> <span class=\"title-h6 \"><a href=\"https:\/\/www.cmclift.com\/es\/noticias\/cmc-participara-en-bauma-2022\/\" rel=\"bookmark\">CMC PARTICIPAR\u00c1 EN BAUMA 2022<\/a><\/span> <\/div> <\/div> <\/div> <\/div> <div class=\"portfolio-item eventos noticias col-xs-12 col-sm-6 col-md-4 item-animations-not-inited post-hide-categories post-hide-date show-caption-border appearance-type- post-24273 post type-post status-publish format-standard has-post-thumbnail category-eventos category-noticias\" data-default-sort=\"8\" data-sort-date=\"1646742508\"> <div class=\"wrap clearfix\"> <div class=\"image post-24273 post type-post status-publish format-standard has-post-thumbnail category-eventos category-noticias\"> <div class=\"image-inner \"> <div class=\"post-featured-content\"><a href=\"https:\/\/www.cmclift.com\/es\/noticias\/cmc-presente-en-apf-uk\/\"> <picture> <img src=\"https:\/\/www.cmclift.com\/wp-content\/uploads\/2022\/06\/APF23-thegem-portfolio-masonry.jpg\" width=\"754\" height=\"470\" class=\"img-responsive\" alt=\"APF23\" \/> <\/picture> <\/a><\/div> <\/div> <div class=\"overlay\"> <div class=\"overlay-circle\"><\/div> <div class=\"links-wrapper\"> <div class=\"links\"> <div class=\"caption\"> <a href=\"https:\/\/www.cmclift.com\/es\/noticias\/cmc-presente-en-apf-uk\/\" class=\"portfolio-item-link\"> <span class=\"screen-reader-text\">CMC PRESENTE EN APF UK<\/span> <\/a> <\/div> <\/div> <\/div> <\/div> <\/div> <div class=\"caption post-24273 post type-post status-publish format-standard has-post-thumbnail category-eventos category-noticias\"> <div class=\"title\"> <span class=\"title-h6 \"><a href=\"https:\/\/www.cmclift.com\/es\/noticias\/cmc-presente-en-apf-uk\/\" rel=\"bookmark\">CMC PRESENTE EN APF UK<\/a><\/span> <\/div> <\/div> <\/div> <\/div> <div class=\"portfolio-item eventos noticias col-xs-12 col-sm-6 col-md-4 item-animations-not-inited post-hide-categories post-hide-date show-caption-border appearance-type- post-39086 post type-post status-publish format-standard has-post-thumbnail category-eventos category-noticias tag-cmc-es\" data-default-sort=\"0\" data-sort-date=\"1701096600\"> <div class=\"wrap clearfix\"> <div class=\"image post-39086 post type-post status-publish format-standard has-post-thumbnail category-eventos category-noticias tag-cmc-es\"> <div class=\"image-inner \"> <div class=\"post-featured-content\"><a href=\"https:\/\/www.cmclift.com\/es\/eventos\/cmc-asistira-a-excon-2023-la-feria-de-acceso-aereo-india\/\"> <picture> <img src=\"https:\/\/www.cmclift.com\/wp-content\/uploads\/2023\/11\/EXCON-2023-thegem-portfolio-masonry.jpg\" width=\"754\" height=\"470\" class=\"img-responsive\" alt=\"EXCON-2023\" \/> <\/picture> <\/a><\/div> <\/div> <div class=\"overlay\"> <div class=\"overlay-circle\"><\/div> <div class=\"links-wrapper\"> <div class=\"links\"> <div class=\"caption\"> <a href=\"https:\/\/www.cmclift.com\/es\/eventos\/cmc-asistira-a-excon-2023-la-feria-de-acceso-aereo-india\/\" class=\"portfolio-item-link\"> <span class=\"screen-reader-text\">CMC ASISTIR\u00c1 A EXCON 2023, LA FERIA DE ACCESO A\u00c9REO, INDIA<\/span> <\/a> <\/div> <\/div> <\/div> <\/div> <\/div> <div class=\"caption post-39086 post type-post status-publish format-standard has-post-thumbnail category-eventos category-noticias tag-cmc-es\"> <div class=\"title\"> <span class=\"title-h6 \"><a href=\"https:\/\/www.cmclift.com\/es\/eventos\/cmc-asistira-a-excon-2023-la-feria-de-acceso-aereo-india\/\" rel=\"bookmark\">CMC ASISTIR\u00c1 A EXCON 2023, LA FERIA DE ACCESO A\u00c9REO, INDIA<\/a><\/span> <\/div> <\/div> <\/div> <\/div> <div class=\"portfolio-item eventos noticias col-xs-12 col-sm-6 col-md-4 item-animations-not-inited post-hide-categories post-hide-date show-caption-border appearance-type- post-38971 post type-post status-publish format-standard has-post-thumbnail category-eventos category-noticias tag-cmc-es tag-cmc-aeral-platforms-en-es tag-cmc-lift-es tag-cmc-the-specialift-es tag-smopyc-2023-es\" data-default-sort=\"0\" data-sort-date=\"1700301635\"> <div class=\"wrap clearfix\"> <div class=\"image post-38971 post type-post status-publish format-standard has-post-thumbnail category-eventos category-noticias tag-cmc-es tag-cmc-aeral-platforms-en-es tag-cmc-lift-es tag-cmc-the-specialift-es tag-smopyc-2023-es\"> <div class=\"image-inner \"> <div class=\"post-featured-content\"><a href=\"https:\/\/www.cmclift.com\/es\/eventos\/cmc-estara-presente-en-smopyc-2023-pabellon-2-stand-b-c-21-30\/\"> <picture> <img src=\"https:\/\/www.cmclift.com\/wp-content\/uploads\/2023\/11\/smopyc-2023-1-thegem-portfolio-masonry.jpg\" width=\"754\" height=\"470\" class=\"img-responsive\" alt=\"smopyc-2023\" \/> <\/picture> <\/a><\/div> <\/div> <div class=\"overlay\"> <div class=\"overlay-circle\"><\/div> <div class=\"links-wrapper\"> <div class=\"links\"> <div class=\"caption\"> <a href=\"https:\/\/www.cmclift.com\/es\/eventos\/cmc-estara-presente-en-smopyc-2023-pabellon-2-stand-b-c-21-30\/\" class=\"portfolio-item-link\"> <span class=\"screen-reader-text\">CMC ESTAR\u00c1 PRESENTE EN SMOPYC 2023, PABELL\u00d3N 2, STAND B-C\/21\/30<\/span> <\/a> <\/div> <\/div> <\/div> <\/div> <\/div> <div class=\"caption post-38971 post type-post status-publish format-standard has-post-thumbnail category-eventos category-noticias tag-cmc-es tag-cmc-aeral-platforms-en-es tag-cmc-lift-es tag-cmc-the-specialift-es tag-smopyc-2023-es\"> <div class=\"title\"> <span class=\"title-h6 \"><a href=\"https:\/\/www.cmclift.com\/es\/eventos\/cmc-estara-presente-en-smopyc-2023-pabellon-2-stand-b-c-21-30\/\" rel=\"bookmark\">CMC ESTAR\u00c1 PRESENTE EN SMOPYC 2023, PABELL\u00d3N 2, STAND B-C\/21\/30<\/a><\/span> <\/div> <\/div> <\/div> <\/div> <div class=\"portfolio-item eventos noticias col-xs-12 col-sm-6 col-md-4 item-animations-not-inited post-hide-categories post-hide-date show-caption-border appearance-type- post-24822 post type-post status-publish format-standard has-post-thumbnail category-eventos category-noticias tag-bauma-2022-es tag-born-to-lift-es tag-cmc-es tag-cmc-aeral-platforms-en-es tag-cmc-the-specialift-es tag-europlatform-2022 tag-innovations-tag-es tag-vei-og-anlegg-2022 tag-vertikal-days-2022-es\" data-default-sort=\"0\" data-sort-date=\"1650556848\"> <div class=\"wrap clearfix\"> <div class=\"image post-24822 post type-post status-publish format-standard has-post-thumbnail category-eventos category-noticias tag-bauma-2022-es tag-born-to-lift-es tag-cmc-es tag-cmc-aeral-platforms-en-es tag-cmc-the-specialift-es tag-europlatform-2022 tag-innovations-tag-es tag-vei-og-anlegg-2022 tag-vertikal-days-2022-es\"> <div class=\"image-inner \"> <div class=\"post-featured-content\"><a href=\"https:\/\/www.cmclift.com\/es\/noticias\/cmc-vuelve-a-ser-protagonista-de-los-eventos-del-sector\/\"> <picture> <img src=\"https:\/\/www.cmclift.com\/wp-content\/uploads\/2022\/04\/Press-Room-thegem-portfolio-masonry.jpg\" width=\"754\" height=\"470\" class=\"img-responsive\" alt=\"Press-Room\" \/> <\/picture> <\/a><\/div> <\/div> <div class=\"overlay\"> <div class=\"overlay-circle\"><\/div> <div class=\"links-wrapper\"> <div class=\"links\"> <div class=\"caption\"> <a href=\"https:\/\/www.cmclift.com\/es\/noticias\/cmc-vuelve-a-ser-protagonista-de-los-eventos-del-sector\/\" class=\"portfolio-item-link\"> <span class=\"screen-reader-text\">CMC VUELVE A SER PROTAGONISTA DE LOS EVENTOS DEL SECTOR<\/span> <\/a> <\/div> <\/div> <\/div> <\/div> <\/div> <div class=\"caption post-24822 post type-post status-publish format-standard has-post-thumbnail category-eventos category-noticias tag-bauma-2022-es tag-born-to-lift-es tag-cmc-es tag-cmc-aeral-platforms-en-es tag-cmc-the-specialift-es tag-europlatform-2022 tag-innovations-tag-es tag-vei-og-anlegg-2022 tag-vertikal-days-2022-es\"> <div class=\"title\"> <span class=\"title-h6 \"><a href=\"https:\/\/www.cmclift.com\/es\/noticias\/cmc-vuelve-a-ser-protagonista-de-los-eventos-del-sector\/\" rel=\"bookmark\">CMC VUELVE A SER PROTAGONISTA DE LOS EVENTOS DEL SECTOR<\/a><\/span> <\/div> <\/div> <\/div> <\/div> <div class=\"portfolio-item eventos noticias col-xs-12 col-sm-6 col-md-4 item-animations-not-inited post-hide-categories post-hide-date show-caption-border appearance-type- post-24381 post type-post status-publish format-standard has-post-thumbnail category-eventos category-noticias tag-cmc-es tag-cmc-lift-es\" data-default-sort=\"0\" data-sort-date=\"1646824213\"> <div class=\"wrap clearfix\"> <div class=\"image post-24381 post type-post status-publish format-standard has-post-thumbnail category-eventos category-noticias tag-cmc-es tag-cmc-lift-es\"> <div class=\"image-inner \"> <div class=\"post-featured-content\"><a href=\"https:\/\/www.cmclift.com\/es\/eventos\/cmc-participa-en-los-vertikal-days-2022\/\"> <picture> <img src=\"https:\/\/www.cmclift.com\/wp-content\/uploads\/2022\/03\/cmc-vertikal-days-thegem-portfolio-masonry.jpg\" width=\"754\" height=\"424\" class=\"img-responsive\" alt=\"cmc-vertikal-days\" \/> <\/picture> <\/a><\/div> <\/div> <div class=\"overlay\"> <div class=\"overlay-circle\"><\/div> <div class=\"links-wrapper\"> <div class=\"links\"> <div class=\"caption\"> <a href=\"https:\/\/www.cmclift.com\/es\/eventos\/cmc-participa-en-los-vertikal-days-2022\/\" class=\"portfolio-item-link\"> <span class=\"screen-reader-text\">CMC PARTICIPA EN LOS VERTIKAL DAYS 2022<\/span> <\/a> <\/div> <\/div> <\/div> <\/div> <\/div> <div class=\"caption post-24381 post type-post status-publish format-standard has-post-thumbnail category-eventos category-noticias tag-cmc-es tag-cmc-lift-es\"> <div class=\"title\"> <span class=\"title-h6 \"><a href=\"https:\/\/www.cmclift.com\/es\/eventos\/cmc-participa-en-los-vertikal-days-2022\/\" rel=\"bookmark\">CMC PARTICIPA EN LOS VERTIKAL DAYS 2022<\/a><\/span> <\/div> <\/div> <\/div> <\/div> <div class=\"portfolio-item eventos noticias col-xs-12 col-sm-6 col-md-4 item-animations-not-inited post-hide-categories post-hide-date show-caption-border appearance-type- post-24365 post type-post status-publish format-standard has-post-thumbnail category-eventos category-noticias\" data-default-sort=\"0\" data-sort-date=\"1646820391\"> <div class=\"wrap clearfix\"> <div class=\"image post-24365 post type-post status-publish format-standard has-post-thumbnail category-eventos category-noticias\"> <div class=\"image-inner \"> <div class=\"post-featured-content\"><a href=\"https:\/\/www.cmclift.com\/es\/noticias\/cmc-participara-en-born-to-lift-innovations-tag\/\"> <picture> <img src=\"https:\/\/www.cmclift.com\/wp-content\/uploads\/2022\/03\/CMC-x-born-to-lift-thegem-portfolio-masonry.jpg\" width=\"754\" height=\"470\" class=\"img-responsive\" alt=\"CMC-x-born-to-lift\" \/> <\/picture> <\/a><\/div> <\/div> <div class=\"overlay\"> <div class=\"overlay-circle\"><\/div> <div class=\"links-wrapper\"> <div class=\"links\"> <div class=\"caption\"> <a href=\"https:\/\/www.cmclift.com\/es\/noticias\/cmc-participara-en-born-to-lift-innovations-tag\/\" class=\"portfolio-item-link\"> <span class=\"screen-reader-text\">CMC PARTICIPAR\u00c1 EN BORN TO LIFT \/ INNOVATION&#8217;S TAG<\/span> <\/a> <\/div> <\/div> <\/div> <\/div> <\/div> <div class=\"caption post-24365 post type-post status-publish format-standard has-post-thumbnail category-eventos category-noticias\"> <div class=\"title\"> <span class=\"title-h6 \"><a href=\"https:\/\/www.cmclift.com\/es\/noticias\/cmc-participara-en-born-to-lift-innovations-tag\/\" rel=\"bookmark\">CMC PARTICIPAR\u00c1 EN BORN TO LIFT \/ INNOVATION&#8217;S TAG<\/a><\/span> <\/div> <\/div> <\/div> <\/div> <div class=\"portfolio-item eventos noticias col-xs-12 col-sm-6 col-md-4 item-animations-not-inited post-hide-categories post-hide-date show-caption-border appearance-type- post-24315 post type-post status-publish format-standard has-post-thumbnail category-eventos category-noticias\" data-default-sort=\"0\" data-sort-date=\"1646750663\"> <div class=\"wrap clearfix\"> <div class=\"image post-24315 post type-post status-publish format-standard has-post-thumbnail category-eventos category-noticias\"> <div class=\"image-inner \"> <div class=\"post-featured-content\"><a href=\"https:\/\/www.cmclift.com\/es\/noticias\/cmc-participa-en-la-feria-de-vei-og-anlegg\/\"> <picture> <img src=\"https:\/\/www.cmclift.com\/wp-content\/uploads\/2022\/03\/CMC-VEI_OG-thegem-portfolio-masonry.jpg\" width=\"754\" height=\"470\" class=\"img-responsive\" alt=\"CMC-VEI_OG\" \/> <\/picture> <\/a><\/div> <\/div> <div class=\"overlay\"> <div class=\"overlay-circle\"><\/div> <div class=\"links-wrapper\"> <div class=\"links\"> <div class=\"caption\"> <a href=\"https:\/\/www.cmclift.com\/es\/noticias\/cmc-participa-en-la-feria-de-vei-og-anlegg\/\" class=\"portfolio-item-link\"> <span class=\"screen-reader-text\">CMC PARTICIPA EN LA FERIA DE VEI OG ANLEGG<\/span> <\/a> <\/div> <\/div> <\/div> <\/div> <\/div> <div class=\"caption post-24315 post type-post status-publish format-standard has-post-thumbnail category-eventos category-noticias\"> <div class=\"title\"> <span class=\"title-h6 \"><a href=\"https:\/\/www.cmclift.com\/es\/noticias\/cmc-participa-en-la-feria-de-vei-og-anlegg\/\" rel=\"bookmark\">CMC PARTICIPA EN LA FERIA DE VEI OG ANLEGG<\/a><\/span> <\/div> <\/div> <\/div> <\/div> <div class=\"portfolio-item eventos noticias col-xs-12 col-sm-6 col-md-4 item-animations-not-inited post-hide-categories post-hide-date show-caption-border appearance-type- post-24297 post type-post status-publish format-standard has-post-thumbnail category-eventos category-noticias\" data-default-sort=\"0\" data-sort-date=\"1646744785\"> <div class=\"wrap clearfix\"> <div class=\"image post-24297 post type-post status-publish format-standard has-post-thumbnail category-eventos category-noticias\"> <div class=\"image-inner \"> <div class=\"post-featured-content\"><a href=\"https:\/\/www.cmclift.com\/es\/noticias\/cmc-participa-en-europlatform2022-en-roma\/\"> <picture> <img src=\"https:\/\/www.cmclift.com\/wp-content\/uploads\/2022\/03\/CMC-x-europlatform-1-thegem-portfolio-masonry.jpg\" width=\"754\" height=\"470\" class=\"img-responsive\" alt=\"CMC-x-europlatform\" \/> <\/picture> <\/a><\/div> <\/div> <div class=\"overlay\"> <div class=\"overlay-circle\"><\/div> <div class=\"links-wrapper\"> <div class=\"links\"> <div class=\"caption\"> <a href=\"https:\/\/www.cmclift.com\/es\/noticias\/cmc-participa-en-europlatform2022-en-roma\/\" class=\"portfolio-item-link\"> <span class=\"screen-reader-text\">CMC PARTICIPA EN LA CONFERENCIA DE IPAF EUROPLATFORM 2022 EN ROMA<\/span> <\/a> <\/div> <\/div> <\/div> <\/div> <\/div> <div class=\"caption post-24297 post type-post status-publish format-standard has-post-thumbnail category-eventos category-noticias\"> <div class=\"title\"> <span class=\"title-h6 \"><a href=\"https:\/\/www.cmclift.com\/es\/noticias\/cmc-participa-en-europlatform2022-en-roma\/\" rel=\"bookmark\">CMC PARTICIPA EN LA CONFERENCIA DE IPAF EUROPLATFORM 2022 EN ROMA<\/a><\/span> <\/div> <\/div> <\/div> <\/div> <div class=\"portfolio-item eventos noticias col-xs-12 col-sm-6 col-md-4 item-animations-not-inited post-hide-categories post-hide-date show-caption-border appearance-type- post-23737 post type-post status-publish format-standard has-post-thumbnail category-eventos category-noticias\" data-default-sort=\"0\" data-sort-date=\"1637758551\"> <div class=\"wrap clearfix\"> <div class=\"image post-23737 post type-post status-publish format-standard has-post-thumbnail category-eventos category-noticias\"> <div class=\"image-inner \"> <div class=\"post-featured-content\"><a href=\"https:\/\/www.cmclift.com\/es\/eventos\/zaragoza-cmc-presente-en-la-edicion-2021-de-smopyc-en-zaragoza-del-17-al-20-de-noviembre\/\"> <picture> <img src=\"https:\/\/www.cmclift.com\/wp-content\/uploads\/2021\/11\/Smopyc21-2-thegem-portfolio-masonry.jpg\" width=\"754\" height=\"470\" class=\"img-responsive\" alt=\"Smopyc21\" \/> <\/picture> <\/a><\/div> <\/div> <div class=\"overlay\"> <div class=\"overlay-circle\"><\/div> <div class=\"links-wrapper\"> <div class=\"links\"> <div class=\"caption\"> <a href=\"https:\/\/www.cmclift.com\/es\/eventos\/zaragoza-cmc-presente-en-la-edicion-2021-de-smopyc-en-zaragoza-del-17-al-20-de-noviembre\/\" class=\"portfolio-item-link\"> <span class=\"screen-reader-text\">ZARAGOZA &#8211; CMC PRESENTE EN LA EDICI\u00d3N 2021 DE SMOPYC EN ZARAGOZA DEL 17 AL 20 DE NOVIEMBRE.<\/span> <\/a> <\/div> <\/div> <\/div> <\/div> <\/div> <div class=\"caption post-23737 post type-post status-publish format-standard has-post-thumbnail category-eventos category-noticias\"> <div class=\"title\"> <span class=\"title-h6 \"><a href=\"https:\/\/www.cmclift.com\/es\/eventos\/zaragoza-cmc-presente-en-la-edicion-2021-de-smopyc-en-zaragoza-del-17-al-20-de-noviembre\/\" rel=\"bookmark\">ZARAGOZA &#8211; CMC PRESENTE EN LA EDICI\u00d3N 2021 DE SMOPYC EN ZARAGOZA DEL 17 AL 20 DE NOVIEMBRE.<\/a><\/span> <\/div> <\/div> <\/div> <\/div> <\/div><!-- .portflio-set --> <div class=\"portfolio-item-size-container\"> <div class=\"portfolio-item col-xs-12 col-sm-6 col-md-4 item-animations-not-inited post-hide-categories post-hide-date show-caption-border post-23737 post type-post status-publish format-standard has-post-thumbnail category-eventos category-noticias\"> <\/div> <\/div> <\/div><!-- .row--> <\/div><!-- .full-width --> <\/div><!-- .portfolio--> <\/div><!-- .portfolio-preloader-wrapper-->[\/vc_tta_section][vc_tta_section title=\u00bbCaso de estudio\u00bb tab_id=\u00bb1674567609665-2093989a-a7fe\u00bb]<style>.portfolio.news-grid#style-d7da2c6 .portfolio-item:not(.size-item), .preloader#style-preloader-d7da2c6 .portfolio-item { padding: calc(20px\/2) !important; }.portfolio.news-grid#style-d7da2c6 .portfolio-item.size-item { padding: 0 calc(20px\/2) !important; }.portfolio.news-grid#style-d7da2c6 .portfolio-row, .preloader#style-preloader-d7da2c6 .skeleton-posts.portfolio-row { margin: calc(-20px\/2); }.portfolio.news-grid#style-d7da2c6.fullwidth-columns .portfolio-row { margin: calc(-20px\/2) 0; }.portfolio.news-grid#style-d7da2c6 .fullwidth-block:not(.no-paddings) { padding-left: 20px; padding-right: 20px; }.portfolio.news-grid#style-d7da2c6 .fullwidth-block .portfolio-row { padding-left: calc(20px\/2); padding-right: calc(20px\/2); }.portfolio.news-grid#style-d7da2c6 .fullwidth-block .portfolio-top-panel { padding-left: 20px; padding-right: 20px; }.portfolio.news-grid#style-d7da2c6.fullwidth-columns .with-filter-sidebar .filter-sidebar { padding-left: 20px; }.portfolio.news-grid#style-d7da2c6.list-style.with-divider .portfolio-item .wrap:before { top: calc(-20px\/2); }@media (max-width: 991px) { .portfolio.news-grid#style-d7da2c6 .portfolio-item:not(.size-item), .preloader#style-preloader-d7da2c6 .portfolio-item { padding: calc(42px\/2) !important; }.portfolio.news-grid#style-d7da2c6 .portfolio-item.size-item { padding: 0 calc(42px\/2) !important; }.portfolio.news-grid#style-d7da2c6 .portfolio-row, .preloader#style-preloader-d7da2c6 .skeleton-posts.portfolio-row { margin: calc(-42px\/2); }.portfolio.news-grid#style-d7da2c6.fullwidth-columns .portfolio-row { margin: calc(-42px\/2) 0; }.portfolio.news-grid#style-d7da2c6 .fullwidth-block:not(.no-paddings) { padding-left: 42px; padding-right: 42px; }.portfolio.news-grid#style-d7da2c6 .fullwidth-block .portfolio-row { padding-left: calc(42px\/2); padding-right: calc(42px\/2); }.portfolio.news-grid#style-d7da2c6 .fullwidth-block .portfolio-top-panel { padding-left: 42px; padding-right: 42px; }.portfolio.news-grid#style-d7da2c6.fullwidth-columns .with-filter-sidebar .filter-sidebar { padding-left: 42px; }.portfolio.news-grid#style-d7da2c6.list-style.with-divider .portfolio-item .wrap:before { top: calc(-42px\/2); }}@media (max-width: 767px) { .portfolio.news-grid#style-d7da2c6 .portfolio-item:not(.size-item), .preloader#style-preloader-d7da2c6 .portfolio-item { padding: calc(42px\/2) !important; }.portfolio.news-grid#style-d7da2c6 .portfolio-item.size-item { padding: 0 calc(42px\/2) !important; }.portfolio.news-grid#style-d7da2c6 .portfolio-row, .preloader#style-preloader-d7da2c6 .skeleton-posts.portfolio-row { margin: calc(-42px\/2); }.portfolio.news-grid#style-d7da2c6.fullwidth-columns .portfolio-row { margin: calc(-42px\/2) 0; }.portfolio.news-grid#style-d7da2c6 .fullwidth-block:not(.no-paddings) { padding-left: 42px; padding-right: 42px; }.portfolio.news-grid#style-d7da2c6 .fullwidth-block .portfolio-row { padding-left: calc(42px\/2); padding-right: calc(42px\/2); }.portfolio.news-grid#style-d7da2c6 .fullwidth-block .portfolio-top-panel { padding-left: 42px; padding-right: 42px; }.portfolio.news-grid#style-d7da2c6.fullwidth-columns .with-filter-sidebar .filter-sidebar { padding-left: 42px; }.portfolio.news-grid#style-d7da2c6.list-style.with-divider .portfolio-item .wrap:before { top: calc(-42px\/2); }}.portfolio.news-grid#style-d7da2c6 .portfolio-item .caption .title span { letter-spacing: px !important; }<\/style><style>.portfolio.news-grid#style-d7da2c6 .portfolio-filters { text-align: center; }<\/style>[\/vc_tta_section][vc_tta_section title=\u00bbTodas\u00bb tab_id=\u00bb1674567609679-8028925e-000f\u00bb]<style>.portfolio.news-grid#style-ef8497f .portfolio-item:not(.size-item), .preloader#style-preloader-ef8497f .portfolio-item { padding: calc(20px\/2) !important; }.portfolio.news-grid#style-ef8497f .portfolio-item.size-item { padding: 0 calc(20px\/2) !important; }.portfolio.news-grid#style-ef8497f .portfolio-row, .preloader#style-preloader-ef8497f .skeleton-posts.portfolio-row { margin: calc(-20px\/2); }.portfolio.news-grid#style-ef8497f.fullwidth-columns .portfolio-row { margin: calc(-20px\/2) 0; }.portfolio.news-grid#style-ef8497f .fullwidth-block:not(.no-paddings) { padding-left: 20px; padding-right: 20px; }.portfolio.news-grid#style-ef8497f .fullwidth-block .portfolio-row { padding-left: calc(20px\/2); padding-right: calc(20px\/2); }.portfolio.news-grid#style-ef8497f .fullwidth-block .portfolio-top-panel { padding-left: 20px; padding-right: 20px; }.portfolio.news-grid#style-ef8497f.fullwidth-columns .with-filter-sidebar .filter-sidebar { padding-left: 20px; }.portfolio.news-grid#style-ef8497f.list-style.with-divider .portfolio-item .wrap:before { top: calc(-20px\/2); }@media (max-width: 991px) { .portfolio.news-grid#style-ef8497f .portfolio-item:not(.size-item), .preloader#style-preloader-ef8497f .portfolio-item { padding: calc(42px\/2) !important; }.portfolio.news-grid#style-ef8497f .portfolio-item.size-item { padding: 0 calc(42px\/2) !important; }.portfolio.news-grid#style-ef8497f .portfolio-row, .preloader#style-preloader-ef8497f .skeleton-posts.portfolio-row { margin: calc(-42px\/2); }.portfolio.news-grid#style-ef8497f.fullwidth-columns .portfolio-row { margin: calc(-42px\/2) 0; }.portfolio.news-grid#style-ef8497f .fullwidth-block:not(.no-paddings) { padding-left: 42px; padding-right: 42px; }.portfolio.news-grid#style-ef8497f .fullwidth-block .portfolio-row { padding-left: calc(42px\/2); padding-right: calc(42px\/2); }.portfolio.news-grid#style-ef8497f .fullwidth-block .portfolio-top-panel { padding-left: 42px; padding-right: 42px; }.portfolio.news-grid#style-ef8497f.fullwidth-columns .with-filter-sidebar .filter-sidebar { padding-left: 42px; }.portfolio.news-grid#style-ef8497f.list-style.with-divider .portfolio-item .wrap:before { top: calc(-42px\/2); }}@media (max-width: 767px) { .portfolio.news-grid#style-ef8497f .portfolio-item:not(.size-item), .preloader#style-preloader-ef8497f .portfolio-item { padding: calc(42px\/2) !important; }.portfolio.news-grid#style-ef8497f .portfolio-item.size-item { padding: 0 calc(42px\/2) !important; }.portfolio.news-grid#style-ef8497f .portfolio-row, .preloader#style-preloader-ef8497f .skeleton-posts.portfolio-row { margin: calc(-42px\/2); }.portfolio.news-grid#style-ef8497f.fullwidth-columns .portfolio-row { margin: calc(-42px\/2) 0; }.portfolio.news-grid#style-ef8497f .fullwidth-block:not(.no-paddings) { padding-left: 42px; padding-right: 42px; }.portfolio.news-grid#style-ef8497f .fullwidth-block .portfolio-row { padding-left: calc(42px\/2); padding-right: calc(42px\/2); }.portfolio.news-grid#style-ef8497f .fullwidth-block .portfolio-top-panel { padding-left: 42px; padding-right: 42px; }.portfolio.news-grid#style-ef8497f.fullwidth-columns .with-filter-sidebar .filter-sidebar { padding-left: 42px; }.portfolio.news-grid#style-ef8497f.list-style.with-divider .portfolio-item .wrap:before { top: calc(-42px\/2); }}.portfolio.news-grid#style-ef8497f .portfolio-item .caption .title span { letter-spacing: px !important; }<\/style><style>.portfolio.news-grid#style-ef8497f .portfolio-filters { text-align: center; }<\/style><div id=\"style-preloader-ef8497f\" class=\"preloader save-space\"><div class=\"preloader-spin\"><\/div><\/div> <div class=\"portfolio-preloader-wrapper panel-sidebar-position-left\"> <div class=\"portfolio portfolio-grid extended-portfolio-grid news-grid no-padding portfolio-pagination-more portfolio-style-masonry background-style-transparent title-style-light hover-disabled title-on-page caption-position-page version-default loading-animation item-animation-move-up portfolio-items-masonry columns-3 columns-tablet-2 columns-mobile-1 \" id=\"style-ef8497f\" data-style-uid=\"ef8497f\" data-portfolio-uid=\"grid_fdb2e35\" data-current-page=\"1\" data-per-page=\"12\" data-next-page=\"2\" data-pages-count=\"3\" data-hover=\"disabled\" data-portfolio-filter=\"[]\" data-portfolio-filter-attributes=\"null\" data-portfolio-filter-status=\"null\" data-portfolio-filter-price=\"null\" data-portfolio-filter-search=\"\"> <div class=\"portfolio-row-outer \"> <div class=\"portfolio-top-panel selected-only\"> <div class=\"portfolio-filter-item portfolio-selected-filters left\"> <div class=\"portfolio-selected-filter-item clear-filters\"> Clear Filters\t<\/div> <\/div> <\/div> <div class=\"row portfolio-row\"> <div class=\"portfolio-set clearfix\" data-max-row-height=\"380\"> <div class=\"portfolio-item noticias col-xs-12 col-sm-6 col-md-4 item-animations-not-inited post-hide-categories post-hide-date show-caption-border appearance-type- post-28551 post type-post status-publish format-standard has-post-thumbnail category-noticias tag-cmc-bauma-launch tag-cmc-dp-series tag-cmc-s27-es tag-cmc-s30-es tag-cmc-serie-dp\" data-default-sort=\"19\" data-sort-date=\"1670258062\"> <div class=\"wrap clearfix\"> <div class=\"image post-28551 post type-post status-publish format-standard has-post-thumbnail category-noticias tag-cmc-bauma-launch tag-cmc-dp-series tag-cmc-s27-es tag-cmc-s30-es tag-cmc-serie-dp\"> <div class=\"image-inner \"> <div class=\"post-featured-content\"><a href=\"https:\/\/www.cmclift.com\/es\/noticias\/cmc-se-supera-en-bauma-con-s27-y-s30-los-dos-nuevos-modelos-de-la-serie-dp\/\"> <picture> <img src=\"https:\/\/www.cmclift.com\/wp-content\/uploads\/2022\/11\/s30-prodotto-evidenza-thegem-portfolio-masonry.png\" width=\"754\" height=\"674\" class=\"img-responsive\" alt=\"s30-prodotto-evidenza\" \/> <\/picture> <\/a><\/div> <\/div> <div class=\"overlay\"> <div class=\"overlay-circle\"><\/div> <div class=\"links-wrapper\"> <div class=\"links\"> <div class=\"caption\"> <a href=\"https:\/\/www.cmclift.com\/es\/noticias\/cmc-se-supera-en-bauma-con-s27-y-s30-los-dos-nuevos-modelos-de-la-serie-dp\/\" class=\"portfolio-item-link\"> <span class=\"screen-reader-text\">CMC SE SUPERA EN BAUMA CON S27 Y S30, LOS DOS NUEVOS MODELOS DE LA SERIE DP<\/span> <\/a> <\/div> <\/div> <\/div> <\/div> <\/div> <div class=\"caption post-28551 post type-post status-publish format-standard has-post-thumbnail category-noticias tag-cmc-bauma-launch tag-cmc-dp-series tag-cmc-s27-es tag-cmc-s30-es tag-cmc-serie-dp\"> <div class=\"title\"> <span class=\"title-h6 \"><a href=\"https:\/\/www.cmclift.com\/es\/noticias\/cmc-se-supera-en-bauma-con-s27-y-s30-los-dos-nuevos-modelos-de-la-serie-dp\/\" rel=\"bookmark\">CMC SE SUPERA EN BAUMA CON S27 Y S30, LOS DOS NUEVOS MODELOS DE LA SERIE DP<\/a><\/span> <\/div> <\/div> <\/div> <\/div> <div class=\"portfolio-item noticias col-xs-12 col-sm-6 col-md-4 item-animations-not-inited post-hide-categories post-hide-date show-caption-border appearance-type- post-28271 post type-post status-publish format-standard has-post-thumbnail category-noticias tag-cmc-es\" data-default-sort=\"19\" data-sort-date=\"1668776484\"> <div class=\"wrap clearfix\"> <div class=\"image post-28271 post type-post status-publish format-standard has-post-thumbnail category-noticias tag-cmc-es\"> <div class=\"image-inner \"> <div class=\"post-featured-content\"><a href=\"https:\/\/www.cmclift.com\/es\/noticias\/comunicado-de-prensa-cmc-anuncia-la-entrada-de-metrika-sgr-en-el-70-del-capital-social\/\"> <picture> <img src=\"https:\/\/www.cmclift.com\/wp-content\/uploads\/2022\/11\/metrika-X-cmc-thegem-portfolio-masonry.jpg\" width=\"754\" height=\"470\" class=\"img-responsive\" alt=\"metrika-X-cmc\" \/> <\/picture> <\/a><\/div> <\/div> <div class=\"overlay\"> <div class=\"overlay-circle\"><\/div> <div class=\"links-wrapper\"> <div class=\"links\"> <div class=\"caption\"> <a href=\"https:\/\/www.cmclift.com\/es\/noticias\/comunicado-de-prensa-cmc-anuncia-la-entrada-de-metrika-sgr-en-el-70-del-capital-social\/\" class=\"portfolio-item-link\"> <span class=\"screen-reader-text\">COMUNICADO DE PRENSA: CMC ANUNCIA LA ENTRADA DE METRIKA SGR EN EL 70% DEL CAPITAL SOCIAL<\/span> <\/a> <\/div> <\/div> <\/div> <\/div> <\/div> <div class=\"caption post-28271 post type-post status-publish format-standard has-post-thumbnail category-noticias tag-cmc-es\"> <div class=\"title\"> <span class=\"title-h6 \"><a href=\"https:\/\/www.cmclift.com\/es\/noticias\/comunicado-de-prensa-cmc-anuncia-la-entrada-de-metrika-sgr-en-el-70-del-capital-social\/\" rel=\"bookmark\">COMUNICADO DE PRENSA: CMC ANUNCIA LA ENTRADA DE METRIKA SGR EN EL 70% DEL CAPITAL SOCIAL<\/a><\/span> <\/div> <\/div> <\/div> <\/div> <div class=\"portfolio-item eventos noticias col-xs-12 col-sm-6 col-md-4 item-animations-not-inited post-hide-categories post-hide-date show-caption-border appearance-type- post-24399 post type-post status-publish format-standard has-post-thumbnail category-eventos category-noticias tag-bauma-2022-es tag-cmc-lift-es tag-cmc-the-specialift-es\" data-default-sort=\"10\" data-sort-date=\"1646827345\"> <div class=\"wrap clearfix\"> <div class=\"image post-24399 post type-post status-publish format-standard has-post-thumbnail category-eventos category-noticias tag-bauma-2022-es tag-cmc-lift-es tag-cmc-the-specialift-es\"> <div class=\"image-inner \"> <div class=\"post-featured-content\"><a href=\"https:\/\/www.cmclift.com\/es\/noticias\/cmc-participara-en-bauma-2022\/\"> <picture> <img src=\"https:\/\/www.cmclift.com\/wp-content\/uploads\/2022\/03\/cmc_bauma_2022-thegem-portfolio-masonry.jpg\" width=\"754\" height=\"470\" class=\"img-responsive\" alt=\"cmc_bauma_2022\" \/> <\/picture> <\/a><\/div> <\/div> <div class=\"overlay\"> <div class=\"overlay-circle\"><\/div> <div class=\"links-wrapper\"> <div class=\"links\"> <div class=\"caption\"> <a href=\"https:\/\/www.cmclift.com\/es\/noticias\/cmc-participara-en-bauma-2022\/\" class=\"portfolio-item-link\"> <span class=\"screen-reader-text\">CMC PARTICIPAR\u00c1 EN BAUMA 2022<\/span> <\/a> <\/div> <\/div> <\/div> <\/div> <\/div> <div class=\"caption post-24399 post type-post status-publish format-standard has-post-thumbnail category-eventos category-noticias tag-bauma-2022-es tag-cmc-lift-es tag-cmc-the-specialift-es\"> <div class=\"title\"> <span class=\"title-h6 \"><a href=\"https:\/\/www.cmclift.com\/es\/noticias\/cmc-participara-en-bauma-2022\/\" rel=\"bookmark\">CMC PARTICIPAR\u00c1 EN BAUMA 2022<\/a><\/span> <\/div> <\/div> <\/div> <\/div> <div class=\"portfolio-item eventos noticias col-xs-12 col-sm-6 col-md-4 item-animations-not-inited post-hide-categories post-hide-date show-caption-border appearance-type- post-24273 post type-post status-publish format-standard has-post-thumbnail category-eventos category-noticias\" data-default-sort=\"8\" data-sort-date=\"1646742508\"> <div class=\"wrap clearfix\"> <div class=\"image post-24273 post type-post status-publish format-standard has-post-thumbnail category-eventos category-noticias\"> <div class=\"image-inner \"> <div class=\"post-featured-content\"><a href=\"https:\/\/www.cmclift.com\/es\/noticias\/cmc-presente-en-apf-uk\/\"> <picture> <img src=\"https:\/\/www.cmclift.com\/wp-content\/uploads\/2022\/06\/APF23-thegem-portfolio-masonry.jpg\" width=\"754\" height=\"470\" class=\"img-responsive\" alt=\"APF23\" \/> <\/picture> <\/a><\/div> <\/div> <div class=\"overlay\"> <div class=\"overlay-circle\"><\/div> <div class=\"links-wrapper\"> <div class=\"links\"> <div class=\"caption\"> <a href=\"https:\/\/www.cmclift.com\/es\/noticias\/cmc-presente-en-apf-uk\/\" class=\"portfolio-item-link\"> <span class=\"screen-reader-text\">CMC PRESENTE EN APF UK<\/span> <\/a> <\/div> <\/div> <\/div> <\/div> <\/div> <div class=\"caption post-24273 post type-post status-publish format-standard has-post-thumbnail category-eventos category-noticias\"> <div class=\"title\"> <span class=\"title-h6 \"><a href=\"https:\/\/www.cmclift.com\/es\/noticias\/cmc-presente-en-apf-uk\/\" rel=\"bookmark\">CMC PRESENTE EN APF UK<\/a><\/span> <\/div> <\/div> <\/div> <\/div> <div class=\"portfolio-item noticias col-xs-12 col-sm-6 col-md-4 item-animations-not-inited post-hide-categories post-hide-date show-caption-border appearance-type- post-24241 post type-post status-publish format-standard has-post-thumbnail category-noticias\" data-default-sort=\"3\" data-sort-date=\"1646326129\"> <div class=\"wrap clearfix\"> <div class=\"image post-24241 post type-post status-publish format-standard has-post-thumbnail category-noticias\"> <div class=\"image-inner \"> <div class=\"post-featured-content\"><a href=\"https:\/\/www.cmclift.com\/es\/noticias\/cmc-sera-platinum-sponsor-de-ipaf-anchio\/\"> <picture> <img src=\"https:\/\/www.cmclift.com\/wp-content\/uploads\/2022\/03\/CMC-x-ipaf-anchio-thegem-portfolio-masonry.jpg\" width=\"754\" height=\"424\" class=\"img-responsive\" alt=\"CMC-x-ipaf-anchio\" \/> <\/picture> <\/a><\/div> <\/div> <div class=\"overlay\"> <div class=\"overlay-circle\"><\/div> <div class=\"links-wrapper\"> <div class=\"links\"> <div class=\"caption\"> <a href=\"https:\/\/www.cmclift.com\/es\/noticias\/cmc-sera-platinum-sponsor-de-ipaf-anchio\/\" class=\"portfolio-item-link\"> <span class=\"screen-reader-text\">CMC SER\u00c1 PLATINUM SPONSOR DE IPAF ANCH&#8217;IO<\/span> <\/a> <\/div> <\/div> <\/div> <\/div> <\/div> <div class=\"caption post-24241 post type-post status-publish format-standard has-post-thumbnail category-noticias\"> <div class=\"title\"> <span class=\"title-h6 \"><a href=\"https:\/\/www.cmclift.com\/es\/noticias\/cmc-sera-platinum-sponsor-de-ipaf-anchio\/\" rel=\"bookmark\">CMC SER\u00c1 PLATINUM SPONSOR DE IPAF ANCH&#8217;IO<\/a><\/span> <\/div> <\/div> <\/div> <\/div> <div class=\"portfolio-item magazine-es col-xs-12 col-sm-6 col-md-4 item-animations-not-inited post-hide-categories post-hide-date show-caption-border appearance-type- post-44732 post type-post status-publish format-standard has-post-thumbnail category-magazine-es\" data-default-sort=\"0\" data-sort-date=\"1741804919\"> <div class=\"wrap clearfix\"> <div class=\"image post-44732 post type-post status-publish format-standard has-post-thumbnail category-magazine-es\"> <div class=\"image-inner \"> <div class=\"post-featured-content\"><a href=\"https:\/\/www.cmclift.com\/es\/magazine-es\/las-ventajas-de-las-plataformas-elevadoras-sobre-los-andamios-tradicionales\/\"> <picture> <img src=\"https:\/\/www.cmclift.com\/wp-content\/uploads\/2025\/03\/Copertine-vantaggi_867x540-thegem-portfolio-masonry.jpg\" width=\"754\" height=\"470\" class=\"img-responsive\" alt=\"Vantaggi piattaforme aeree\" \/> <\/picture> <\/a><\/div> <\/div> <div class=\"overlay\"> <div class=\"overlay-circle\"><\/div> <div class=\"links-wrapper\"> <div class=\"links\"> <div class=\"caption\"> <a href=\"https:\/\/www.cmclift.com\/es\/magazine-es\/las-ventajas-de-las-plataformas-elevadoras-sobre-los-andamios-tradicionales\/\" class=\"portfolio-item-link\"> <span class=\"screen-reader-text\">Las ventajas de las plataformas elevadoras sobre los andamios tradicionales<\/span> <\/a> <\/div> <\/div> <\/div> <\/div> <\/div> <div class=\"caption post-44732 post type-post status-publish format-standard has-post-thumbnail category-magazine-es\"> <div class=\"title\"> <span class=\"title-h6 \"><a href=\"https:\/\/www.cmclift.com\/es\/magazine-es\/las-ventajas-de-las-plataformas-elevadoras-sobre-los-andamios-tradicionales\/\" rel=\"bookmark\">Las ventajas de las plataformas elevadoras sobre los andamios tradicionales<\/a><\/span> <\/div> <\/div> <\/div> <\/div> <div class=\"portfolio-item magazine-es col-xs-12 col-sm-6 col-md-4 item-animations-not-inited post-hide-categories post-hide-date show-caption-border appearance-type- post-44727 post type-post status-publish format-standard has-post-thumbnail category-magazine-es\" data-default-sort=\"0\" data-sort-date=\"1741802336\"> <div class=\"wrap clearfix\"> <div class=\"image post-44727 post type-post status-publish format-standard has-post-thumbnail category-magazine-es\"> <div class=\"image-inner \"> <div class=\"post-featured-content\"><a href=\"https:\/\/www.cmclift.com\/es\/magazine-es\/cmc-presente-en-bauma-innovacion-y-tecnologia-al-servicio-del-acceso-en-altura\/\"> <picture> <img src=\"https:\/\/www.cmclift.com\/wp-content\/uploads\/2025\/03\/250226_001_CMC_Bauma-867-thegem-portfolio-masonry.jpg\" width=\"754\" height=\"470\" class=\"img-responsive\" alt=\"CMC Bauma\" \/> <\/picture> <\/a><\/div> <\/div> <div class=\"overlay\"> <div class=\"overlay-circle\"><\/div> <div class=\"links-wrapper\"> <div class=\"links\"> <div class=\"caption\"> <a href=\"https:\/\/www.cmclift.com\/es\/magazine-es\/cmc-presente-en-bauma-innovacion-y-tecnologia-al-servicio-del-acceso-en-altura\/\" class=\"portfolio-item-link\"> <span class=\"screen-reader-text\">CMC presente en Bauma: innovaci\u00f3n y tecnolog\u00eda al servicio del acceso en altura<\/span> <\/a> <\/div> <\/div> <\/div> <\/div> <\/div> <div class=\"caption post-44727 post type-post status-publish format-standard has-post-thumbnail category-magazine-es\"> <div class=\"title\"> <span class=\"title-h6 \"><a href=\"https:\/\/www.cmclift.com\/es\/magazine-es\/cmc-presente-en-bauma-innovacion-y-tecnologia-al-servicio-del-acceso-en-altura\/\" rel=\"bookmark\">CMC presente en Bauma: innovaci\u00f3n y tecnolog\u00eda al servicio del acceso en altura<\/a><\/span> <\/div> <\/div> <\/div> <\/div> <div class=\"portfolio-item magazine-es col-xs-12 col-sm-6 col-md-4 item-animations-not-inited post-hide-categories post-hide-date show-caption-border appearance-type- post-43722 post type-post status-publish format-standard has-post-thumbnail category-magazine-es\" data-default-sort=\"0\" data-sort-date=\"1739441814\"> <div class=\"wrap clearfix\"> <div class=\"image post-43722 post type-post status-publish format-standard has-post-thumbnail category-magazine-es\"> <div class=\"image-inner \"> <div class=\"post-featured-content\"><a href=\"https:\/\/www.cmclift.com\/es\/magazine-es\/plataforma-elevadora-cmc-s30-potencia-y-versatilidad-para-cada-necesidad-operativa\/\"> <picture> <img src=\"https:\/\/www.cmclift.com\/wp-content\/uploads\/2025\/02\/Copertine-s30_867x540-1-thegem-portfolio-masonry.jpg\" width=\"754\" height=\"470\" class=\"img-responsive\" alt=\"CMC S30\" \/> <\/picture> <\/a><\/div> <\/div> <div class=\"overlay\"> <div class=\"overlay-circle\"><\/div> <div class=\"links-wrapper\"> <div class=\"links\"> <div class=\"caption\"> <a href=\"https:\/\/www.cmclift.com\/es\/magazine-es\/plataforma-elevadora-cmc-s30-potencia-y-versatilidad-para-cada-necesidad-operativa\/\" class=\"portfolio-item-link\"> <span class=\"screen-reader-text\">Plataforma elevadora CMC S30: potencia y versatilidad para cada necesidad operativa<\/span> <\/a> <\/div> <\/div> <\/div> <\/div> <\/div> <div class=\"caption post-43722 post type-post status-publish format-standard has-post-thumbnail category-magazine-es\"> <div class=\"title\"> <span class=\"title-h6 \"><a href=\"https:\/\/www.cmclift.com\/es\/magazine-es\/plataforma-elevadora-cmc-s30-potencia-y-versatilidad-para-cada-necesidad-operativa\/\" rel=\"bookmark\">Plataforma elevadora CMC S30: potencia y versatilidad para cada necesidad operativa<\/a><\/span> <\/div> <\/div> <\/div> <\/div> <div class=\"portfolio-item magazine-es col-xs-12 col-sm-6 col-md-4 item-animations-not-inited post-hide-categories post-hide-date show-caption-border appearance-type- post-40683 post type-post status-publish format-standard has-post-thumbnail category-magazine-es\" data-default-sort=\"0\" data-sort-date=\"1724851260\"> <div class=\"wrap clearfix\"> <div class=\"image post-40683 post type-post status-publish format-standard has-post-thumbnail category-magazine-es\"> <div class=\"image-inner \"> <div class=\"post-featured-content\"><a href=\"https:\/\/www.cmclift.com\/es\/plataformas-aereas-sobre-orugas-tipo-arana-la-personalizacion-del-color\/\"> <picture> <img src=\"https:\/\/www.cmclift.com\/wp-content\/uploads\/2024\/08\/Piattaforme-aeree-colore-thegem-portfolio-masonry.jpg\" width=\"754\" height=\"470\" class=\"img-responsive\" alt=\"Piattaforme aeree colore\" \/> <\/picture> <\/a><\/div> <\/div> <div class=\"overlay\"> <div class=\"overlay-circle\"><\/div> <div class=\"links-wrapper\"> <div class=\"links\"> <div class=\"caption\"> <a href=\"https:\/\/www.cmclift.com\/es\/plataformas-aereas-sobre-orugas-tipo-arana-la-personalizacion-del-color\/\" class=\"portfolio-item-link\"> <span class=\"screen-reader-text\">Plataformas a\u00e9reas sobre orugas tipo ara\u00f1a: la personalizaci\u00f3n del color<\/span> <\/a> <\/div> <\/div> <\/div> <\/div> <\/div> <div class=\"caption post-40683 post type-post status-publish format-standard has-post-thumbnail category-magazine-es\"> <div class=\"title\"> <span class=\"title-h6 \"><a href=\"https:\/\/www.cmclift.com\/es\/plataformas-aereas-sobre-orugas-tipo-arana-la-personalizacion-del-color\/\" rel=\"bookmark\">Plataformas a\u00e9reas sobre orugas tipo ara\u00f1a: la personalizaci\u00f3n del color<\/a><\/span> <\/div> <\/div> <\/div> <\/div> <div class=\"portfolio-item magazine-es col-xs-12 col-sm-6 col-md-4 item-animations-not-inited post-hide-categories post-hide-date show-caption-border appearance-type- post-40593 post type-post status-publish format-standard has-post-thumbnail category-magazine-es\" data-default-sort=\"0\" data-sort-date=\"1722619839\"> <div class=\"wrap clearfix\"> <div class=\"image post-40593 post type-post status-publish format-standard has-post-thumbnail category-magazine-es\"> <div class=\"image-inner \"> <div class=\"post-featured-content\"><a href=\"https:\/\/www.cmclift.com\/es\/magazine\/plataformas-aereas-ferias-septiembre\/\"> <picture> <img src=\"https:\/\/www.cmclift.com\/wp-content\/uploads\/2024\/08\/Visit-us_copertina-867-thegem-portfolio-masonry.jpg\" width=\"754\" height=\"470\" class=\"img-responsive\" alt=\"piattaforme aeree fiere settembre\" \/> <\/picture> <\/a><\/div> <\/div> <div class=\"overlay\"> <div class=\"overlay-circle\"><\/div> <div class=\"links-wrapper\"> <div class=\"links\"> <div class=\"caption\"> <a href=\"https:\/\/www.cmclift.com\/es\/magazine\/plataformas-aereas-ferias-septiembre\/\" class=\"portfolio-item-link\"> <span class=\"screen-reader-text\">Plataformas a\u00e9reas: CMC protagonista de las principales ferias del sector en septiembre<\/span> <\/a> <\/div> <\/div> <\/div> <\/div> <\/div> <div class=\"caption post-40593 post type-post status-publish format-standard has-post-thumbnail category-magazine-es\"> <div class=\"title\"> <span class=\"title-h6 \"><a href=\"https:\/\/www.cmclift.com\/es\/magazine\/plataformas-aereas-ferias-septiembre\/\" rel=\"bookmark\">Plataformas a\u00e9reas: CMC protagonista de las principales ferias del sector en septiembre<\/a><\/span> <\/div> <\/div> <\/div> <\/div> <div class=\"portfolio-item magazine-es col-xs-12 col-sm-6 col-md-4 item-animations-not-inited post-hide-categories post-hide-date show-caption-border appearance-type- post-40210 post type-post status-publish format-standard has-post-thumbnail category-magazine-es\" data-default-sort=\"0\" data-sort-date=\"1722335182\"> <div class=\"wrap clearfix\"> <div class=\"image post-40210 post type-post status-publish format-standard has-post-thumbnail category-magazine-es\"> <div class=\"image-inner \"> <div class=\"post-featured-content\"><a href=\"https:\/\/www.cmclift.com\/es\/magazine-es\/plataforma-aerea-de-orugas-cmc-s27\/\"> <picture> <img src=\"https:\/\/www.cmclift.com\/wp-content\/uploads\/2024\/07\/27_867-thegem-portfolio-masonry.jpg\" width=\"754\" height=\"470\" class=\"img-responsive\" alt=\"CMC S27\" \/> <\/picture> <\/a><\/div> <\/div> <div class=\"overlay\"> <div class=\"overlay-circle\"><\/div> <div class=\"links-wrapper\"> <div class=\"links\"> <div class=\"caption\"> <a href=\"https:\/\/www.cmclift.com\/es\/magazine-es\/plataforma-aerea-de-orugas-cmc-s27\/\" class=\"portfolio-item-link\"> <span class=\"screen-reader-text\">Plataforma A\u00e9rea de Orugas CMC S27<\/span> <\/a> <\/div> <\/div> <\/div> <\/div> <\/div> <div class=\"caption post-40210 post type-post status-publish format-standard has-post-thumbnail category-magazine-es\"> <div class=\"title\"> <span class=\"title-h6 \"><a href=\"https:\/\/www.cmclift.com\/es\/magazine-es\/plataforma-aerea-de-orugas-cmc-s27\/\" rel=\"bookmark\">Plataforma A\u00e9rea de Orugas CMC S27<\/a><\/span> <\/div> <\/div> <\/div> <\/div> <div class=\"portfolio-item magazine-es col-xs-12 col-sm-6 col-md-4 item-animations-not-inited post-hide-categories post-hide-date show-caption-border appearance-type- post-40359 post type-post status-publish format-standard has-post-thumbnail category-magazine-es\" data-default-sort=\"0\" data-sort-date=\"1721661603\"> <div class=\"wrap clearfix\"> <div class=\"image post-40359 post type-post status-publish format-standard has-post-thumbnail category-magazine-es\"> <div class=\"image-inner \"> <div class=\"post-featured-content\"><a href=\"https:\/\/www.cmclift.com\/es\/magazine-es\/plataforma-aerea-arana-articulada-cmc-s22hd\/\"> <picture> <img src=\"https:\/\/www.cmclift.com\/wp-content\/uploads\/2024\/07\/CMC-S22HD-piattaforma-aerea-thegem-portfolio-masonry.jpg\" width=\"754\" height=\"468\" class=\"img-responsive\" alt=\"CMC S22HD piattaforma aerea\" \/> <\/picture> <\/a><\/div> <\/div> <div class=\"overlay\"> <div class=\"overlay-circle\"><\/div> <div class=\"links-wrapper\"> <div class=\"links\"> <div class=\"caption\"> <a href=\"https:\/\/www.cmclift.com\/es\/magazine-es\/plataforma-aerea-arana-articulada-cmc-s22hd\/\" class=\"portfolio-item-link\"> <span class=\"screen-reader-text\">Plataforma a\u00e9rea ara\u00f1a articulada CMC S22HD<\/span> <\/a> <\/div> <\/div> <\/div> <\/div> <\/div> <div class=\"caption post-40359 post type-post status-publish format-standard has-post-thumbnail category-magazine-es\"> <div class=\"title\"> <span class=\"title-h6 \"><a href=\"https:\/\/www.cmclift.com\/es\/magazine-es\/plataforma-aerea-arana-articulada-cmc-s22hd\/\" rel=\"bookmark\">Plataforma a\u00e9rea ara\u00f1a articulada CMC S22HD<\/a><\/span> <\/div> <\/div> <\/div> <\/div> <\/div><!-- .portflio-set --> <div class=\"portfolio-item-size-container\"> <div class=\"portfolio-item col-xs-12 col-sm-6 col-md-4 item-animations-not-inited post-hide-categories post-hide-date show-caption-border post-40359 post type-post status-publish format-standard has-post-thumbnail category-magazine-es\"> <\/div> <\/div> <\/div><!-- .row--> <div class=\"portfolio-load-more\"> <div class=\"inner\"> <style type=\"text\/css\">.thegem-button-69f2be47655074441 .gem-button svg {fill: #ffffff;}<\/style><div class=\"gem-button-container gem-button-position-center thegem-button-69f2be47655074441 gem-button-with-separator\" ><div class=\"gem-button-separator gem-button-separator-type-load-more\"><div class=\"gem-button-separator-holder\"><div class=\"gem-button-separator-line\" style=\"border-color: #dfe5e8;\"><\/div><\/div><div class=\"gem-button-separator-button\"><button class=\"gem-button gem-button-size-medium gem-button-style-flat gem-button-text-weight-normal\" data-ll-effect=\"drop-right-without-wrap\" style=\"border-radius: 25px;background-color: #4e5964;color: #ffffff;\" onmouseleave=\"this.style.backgroundColor='#4e5964';this.style.color='#ffffff';\" onmouseenter=\"\">Cargar m\u00e1s<\/button><\/div><div class=\"gem-button-separator-holder\"><div class=\"gem-button-separator-line\" style=\"border-color: #dfe5e8;\"><\/div><\/div><\/div><\/div> <\/div> <\/div> <\/div><!-- .full-width --> <\/div><!-- .portfolio--> <\/div><!-- .portfolio-preloader-wrapper-->[\/vc_tta_section][\/vc_tta_tabs][\/vc_column][\/vc_row]<\/p>\n<\/div>","protected":false},"excerpt":{"rendered":"<p>[vc_row full_width=\u00bbstretch_row\u00bb content_placement=\u00bbbottom\u00bb css=\u00bb.vc_custom_1631088227099{background-image: url(https:\/\/www.cmclift.com\/wp-content\/uploads\/2021\/07\/Hero_press_room.jpg?id=383) !important;background-position: center !important;background-repeat: no-repeat !important;background-size: cover !important;}\u00bb el_class=\u00bbaltezza grd\u00bb][vc_column][vc_row_inner][vc_column_inner][vc_raw_html el_class=\u00bba-center bricciole\u00bb]JTVCd3BzZW9fYnJlYWRjcnVtYiU1RA==[\/vc_raw_html][\/vc_column_inner][\/vc_row_inner][\/vc_column][\/vc_row][vc_row][vc_column][vc_tta_tabs active_section=\u00bb1&#8243; el_class=\u00bbtabber press\u00bb][vc_tta_section title=\u00bbNoticias\u00bb&#8230;<\/p>\n","protected":false},"author":9,"featured_media":0,"parent":0,"menu_order":0,"comment_status":"closed","ping_status":"closed","template":"","meta":{"footnotes":""},"class_list":["post-21835","page","type-page","status-publish"],"yoast_head":"<!-- This site is optimized with the Yoast SEO plugin v27.5 - https:\/\/yoast.com\/product\/yoast-seo-wordpress\/ -->\n<title>Sala de prensa - C.M.C. S.r.l.<\/title>\n<meta name=\"robots\" content=\"index, follow, max-snippet:-1, max-image-preview:large, max-video-preview:-1\" \/>\n<link rel=\"canonical\" href=\"https:\/\/www.cmclift.com\/es\/sala-de-prensa\/\" \/>\n<meta property=\"og:locale\" content=\"es_ES\" \/>\n<meta property=\"og:type\" content=\"article\" \/>\n<meta property=\"og:title\" content=\"Sala de prensa - C.M.C. S.r.l.\" \/>\n<meta property=\"og:description\" content=\"[vc_row full_width=\u00bbstretch_row\u00bb content_placement=\u00bbbottom\u00bb css=\u00bb.vc_custom_1631088227099{background-image: url(https:\/\/www.cmclift.com\/wp-content\/uploads\/2021\/07\/Hero_press_room.jpg?id=383) !important;background-position: center !important;background-repeat: no-repeat !important;background-size: cover !important;}\u00bb el_class=\u00bbaltezza grd\u00bb][vc_column][vc_row_inner][vc_column_inner][vc_raw_html el_class=\u00bba-center bricciole\u00bb]JTVCd3BzZW9fYnJlYWRjcnVtYiU1RA==[\/vc_raw_html][\/vc_column_inner][\/vc_row_inner][\/vc_column][\/vc_row][vc_row][vc_column][vc_tta_tabs active_section=\u00bb1&#8243; el_class=\u00bbtabber press\u00bb][vc_tta_section title=\u00bbNoticias\u00bb...\" \/>\n<meta property=\"og:url\" content=\"https:\/\/www.cmclift.com\/es\/sala-de-prensa\/\" \/>\n<meta property=\"og:site_name\" content=\"C.M.C. S.r.l.\" \/>\n<meta property=\"article:modified_time\" content=\"2023-04-04T13:40:39+00:00\" \/>\n<meta name=\"twitter:card\" content=\"summary_large_image\" \/>\n<meta name=\"twitter:label1\" content=\"Tiempo de lectura\" \/>\n\t<meta name=\"twitter:data1\" content=\"2 minutos\" \/>\n<script type=\"application\/ld+json\" class=\"yoast-schema-graph\">{\"@context\":\"https:\\\/\\\/schema.org\",\"@graph\":[{\"@type\":\"WebPage\",\"@id\":\"https:\\\/\\\/www.cmclift.com\\\/es\\\/sala-de-prensa\\\/\",\"url\":\"https:\\\/\\\/www.cmclift.com\\\/es\\\/sala-de-prensa\\\/\",\"name\":\"Sala de prensa - C.M.C. S.r.l.\",\"isPartOf\":{\"@id\":\"https:\\\/\\\/www.cmclift.com\\\/es\\\/#website\"},\"datePublished\":\"2021-07-14T14:28:06+00:00\",\"dateModified\":\"2023-04-04T13:40:39+00:00\",\"breadcrumb\":{\"@id\":\"https:\\\/\\\/www.cmclift.com\\\/es\\\/sala-de-prensa\\\/#breadcrumb\"},\"inLanguage\":\"es\",\"potentialAction\":[{\"@type\":\"ReadAction\",\"target\":[\"https:\\\/\\\/www.cmclift.com\\\/es\\\/sala-de-prensa\\\/\"]}]},{\"@type\":\"BreadcrumbList\",\"@id\":\"https:\\\/\\\/www.cmclift.com\\\/es\\\/sala-de-prensa\\\/#breadcrumb\",\"itemListElement\":[{\"@type\":\"ListItem\",\"position\":1,\"name\":\"Home\",\"item\":\"https:\\\/\\\/www.cmclift.com\\\/es\\\/\"},{\"@type\":\"ListItem\",\"position\":2,\"name\":\"Sala de prensa\"}]},{\"@type\":\"WebSite\",\"@id\":\"https:\\\/\\\/www.cmclift.com\\\/es\\\/#website\",\"url\":\"https:\\\/\\\/www.cmclift.com\\\/es\\\/\",\"name\":\"C.M.C. S.r.l.\",\"description\":\"Piattaforme aeree semoventi cingolate, ragni, telescopiche e articolate\",\"publisher\":{\"@id\":\"https:\\\/\\\/www.cmclift.com\\\/es\\\/#organization\"},\"potentialAction\":[{\"@type\":\"SearchAction\",\"target\":{\"@type\":\"EntryPoint\",\"urlTemplate\":\"https:\\\/\\\/www.cmclift.com\\\/es\\\/?s={search_term_string}\"},\"query-input\":{\"@type\":\"PropertyValueSpecification\",\"valueRequired\":true,\"valueName\":\"search_term_string\"}}],\"inLanguage\":\"es\"},{\"@type\":\"Organization\",\"@id\":\"https:\\\/\\\/www.cmclift.com\\\/es\\\/#organization\",\"name\":\"CMC Lift\",\"url\":\"https:\\\/\\\/www.cmclift.com\\\/es\\\/\",\"logo\":{\"@type\":\"ImageObject\",\"inLanguage\":\"es\",\"@id\":\"https:\\\/\\\/www.cmclift.com\\\/es\\\/#\\\/schema\\\/logo\\\/image\\\/\",\"url\":\"https:\\\/\\\/www.cmclift.com\\\/wp-content\\\/uploads\\\/2021\\\/08\\\/CMC_bianco_footer-2.png\",\"contentUrl\":\"https:\\\/\\\/www.cmclift.com\\\/wp-content\\\/uploads\\\/2021\\\/08\\\/CMC_bianco_footer-2.png\",\"width\":250,\"height\":84,\"caption\":\"CMC Lift\"},\"image\":{\"@id\":\"https:\\\/\\\/www.cmclift.com\\\/es\\\/#\\\/schema\\\/logo\\\/image\\\/\"}}]}<\/script>\n<!-- \/ Yoast SEO plugin. -->","yoast_head_json":{"title":"Sala de prensa - C.M.C. S.r.l.","robots":{"index":"index","follow":"follow","max-snippet":"max-snippet:-1","max-image-preview":"max-image-preview:large","max-video-preview":"max-video-preview:-1"},"canonical":"https:\/\/www.cmclift.com\/es\/sala-de-prensa\/","og_locale":"es_ES","og_type":"article","og_title":"Sala de prensa - C.M.C. S.r.l.","og_description":"[vc_row full_width=\u00bbstretch_row\u00bb content_placement=\u00bbbottom\u00bb css=\u00bb.vc_custom_1631088227099{background-image: url(https:\/\/www.cmclift.com\/wp-content\/uploads\/2021\/07\/Hero_press_room.jpg?id=383) !important;background-position: center !important;background-repeat: no-repeat !important;background-size: cover !important;}\u00bb el_class=\u00bbaltezza grd\u00bb][vc_column][vc_row_inner][vc_column_inner][vc_raw_html el_class=\u00bba-center bricciole\u00bb]JTVCd3BzZW9fYnJlYWRjcnVtYiU1RA==[\/vc_raw_html][\/vc_column_inner][\/vc_row_inner][\/vc_column][\/vc_row][vc_row][vc_column][vc_tta_tabs active_section=\u00bb1&#8243; el_class=\u00bbtabber press\u00bb][vc_tta_section title=\u00bbNoticias\u00bb...","og_url":"https:\/\/www.cmclift.com\/es\/sala-de-prensa\/","og_site_name":"C.M.C. S.r.l.","article_modified_time":"2023-04-04T13:40:39+00:00","twitter_card":"summary_large_image","twitter_misc":{"Tiempo de lectura":"2 minutos"},"schema":{"@context":"https:\/\/schema.org","@graph":[{"@type":"WebPage","@id":"https:\/\/www.cmclift.com\/es\/sala-de-prensa\/","url":"https:\/\/www.cmclift.com\/es\/sala-de-prensa\/","name":"Sala de prensa - C.M.C. S.r.l.","isPartOf":{"@id":"https:\/\/www.cmclift.com\/es\/#website"},"datePublished":"2021-07-14T14:28:06+00:00","dateModified":"2023-04-04T13:40:39+00:00","breadcrumb":{"@id":"https:\/\/www.cmclift.com\/es\/sala-de-prensa\/#breadcrumb"},"inLanguage":"es","potentialAction":[{"@type":"ReadAction","target":["https:\/\/www.cmclift.com\/es\/sala-de-prensa\/"]}]},{"@type":"BreadcrumbList","@id":"https:\/\/www.cmclift.com\/es\/sala-de-prensa\/#breadcrumb","itemListElement":[{"@type":"ListItem","position":1,"name":"Home","item":"https:\/\/www.cmclift.com\/es\/"},{"@type":"ListItem","position":2,"name":"Sala de prensa"}]},{"@type":"WebSite","@id":"https:\/\/www.cmclift.com\/es\/#website","url":"https:\/\/www.cmclift.com\/es\/","name":"C.M.C. S.r.l.","description":"Piattaforme aeree semoventi cingolate, ragni, telescopiche e articolate","publisher":{"@id":"https:\/\/www.cmclift.com\/es\/#organization"},"potentialAction":[{"@type":"SearchAction","target":{"@type":"EntryPoint","urlTemplate":"https:\/\/www.cmclift.com\/es\/?s={search_term_string}"},"query-input":{"@type":"PropertyValueSpecification","valueRequired":true,"valueName":"search_term_string"}}],"inLanguage":"es"},{"@type":"Organization","@id":"https:\/\/www.cmclift.com\/es\/#organization","name":"CMC Lift","url":"https:\/\/www.cmclift.com\/es\/","logo":{"@type":"ImageObject","inLanguage":"es","@id":"https:\/\/www.cmclift.com\/es\/#\/schema\/logo\/image\/","url":"https:\/\/www.cmclift.com\/wp-content\/uploads\/2021\/08\/CMC_bianco_footer-2.png","contentUrl":"https:\/\/www.cmclift.com\/wp-content\/uploads\/2021\/08\/CMC_bianco_footer-2.png","width":250,"height":84,"caption":"CMC Lift"},"image":{"@id":"https:\/\/www.cmclift.com\/es\/#\/schema\/logo\/image\/"}}]}},"_links":{"self":[{"href":"https:\/\/www.cmclift.com\/es\/wp-json\/wp\/v2\/pages\/21835","targetHints":{"allow":["GET"]}}],"collection":[{"href":"https:\/\/www.cmclift.com\/es\/wp-json\/wp\/v2\/pages"}],"about":[{"href":"https:\/\/www.cmclift.com\/es\/wp-json\/wp\/v2\/types\/page"}],"author":[{"embeddable":true,"href":"https:\/\/www.cmclift.com\/es\/wp-json\/wp\/v2\/users\/9"}],"replies":[{"embeddable":true,"href":"https:\/\/www.cmclift.com\/es\/wp-json\/wp\/v2\/comments?post=21835"}],"version-history":[{"count":8,"href":"https:\/\/www.cmclift.com\/es\/wp-json\/wp\/v2\/pages\/21835\/revisions"}],"predecessor-version":[{"id":32828,"href":"https:\/\/www.cmclift.com\/es\/wp-json\/wp\/v2\/pages\/21835\/revisions\/32828"}],"wp:attachment":[{"href":"https:\/\/www.cmclift.com\/es\/wp-json\/wp\/v2\/media?parent=21835"}],"curies":[{"name":"wp","href":"https:\/\/api.w.org\/{rel}","templated":true}]}}