{"id":22755,"date":"2021-07-14T16:28:06","date_gmt":"2021-07-14T14:28:06","guid":{"rendered":"https:\/\/www.cmclift.com\/press-room\/"},"modified":"2023-04-04T15:36:33","modified_gmt":"2023-04-04T13:36:33","slug":"salle-de-presse","status":"publish","type":"page","link":"https:\/\/www.cmclift.com\/fr\/salle-de-presse\/","title":{"rendered":"Salle de presse"},"content":{"rendered":"<div class=\"wpb-content-wrapper\"><p>[vc_row full_width=\u00a0\u00bbstretch_row\u00a0\u00bb content_placement=\u00a0\u00bbbottom\u00a0\u00bb css=\u00a0\u00bb.vc_custom_1631088227099{background-image: url(https:\/\/www.cmclift.com\/wp-content\/uploads\/2021\/07\/Hero_press_room.jpg?id=383) !important;background-position: center !important;background-repeat: no-repeat !important;background-size: cover !important;}\u00a0\u00bb el_class=\u00a0\u00bbaltezza grd\u00a0\u00bb][vc_column][vc_row_inner][vc_column_inner][vc_raw_html el_class=\u00a0\u00bba-center bricciole\u00a0\u00bb]JTVCd3BzZW9fYnJlYWRjcnVtYiU1RA==[\/vc_raw_html][\/vc_column_inner][\/vc_row_inner][\/vc_column][\/vc_row][vc_row][vc_column][vc_tta_tabs active_section=\u00a0\u00bb1&Prime; el_class=\u00a0\u00bbtabber press\u00a0\u00bb][vc_tta_section title=\u00a0\u00bbActualit\u00e8s\u00a0\u00bb tab_id=\u00a0\u00bb1627637084883-7564df1a-7751&Prime;][vc_masonry_grid post_type=\u00a0\u00bbpost\u00a0\u00bb max_items=\u00a0\u00bb-1&Prime; style=\u00a0\u00bbload-more\u00a0\u00bb items_per_page=\u00a0\u00bb12&Prime; gap=\u00a0\u00bb15&Prime; item=\u00a0\u00bb19761&Prime; btn_title=\u00a0\u00bbAFFICHER PLUS\u00a0\u00bb btn_style=\u00a0\u00bbcustom\u00a0\u00bb btn_custom_background=\u00a0\u00bb#666666&Prime; btn_custom_text=\u00a0\u00bb#ffffff\u00a0\u00bb grid_id=\u00a0\u00bbvc_gid:1680615361309-ed765869-9ec2-9&Prime; taxonomies=\u00a0\u00bb190&Prime;][\/vc_tta_section][vc_tta_section title=\u00a0\u00bbRevue de presse\u00a0\u00bb tab_id=\u00a0\u00bb1680615368901-7e4b64d2-16ef\u00a0\u00bb][vc_masonry_grid post_type=\u00a0\u00bbpost\u00a0\u00bb max_items=\u00a0\u00bb-1&Prime; style=\u00a0\u00bbload-more\u00a0\u00bb items_per_page=\u00a0\u00bb12&Prime; gap=\u00a0\u00bb15&Prime; item=\u00a0\u00bb19761&Prime; btn_title=\u00a0\u00bbAFFICHER PLUS\u00a0\u00bb btn_style=\u00a0\u00bbcustom\u00a0\u00bb btn_custom_background=\u00a0\u00bb#666666&Prime; btn_custom_text=\u00a0\u00bb#ffffff\u00a0\u00bb grid_id=\u00a0\u00bbvc_gid:1680615368911-d0208014-50ac-7&Prime; taxonomies=\u00a0\u00bb358&Prime;][\/vc_tta_section][vc_tta_section title=\u00a0\u00bb\u00c9v\u00e9nements\u00a0\u00bb tab_id=\u00a0\u00bb1627637217448-271adee4-499d\u00a0\u00bb]<style>.portfolio.news-grid#style-8eec8a6 .portfolio-item:not(.size-item), .preloader#style-preloader-8eec8a6 .portfolio-item { padding: calc(20px\/2) !important; }.portfolio.news-grid#style-8eec8a6 .portfolio-item.size-item { padding: 0 calc(20px\/2) !important; }.portfolio.news-grid#style-8eec8a6 .portfolio-row, .preloader#style-preloader-8eec8a6 .skeleton-posts.portfolio-row { margin: calc(-20px\/2); }.portfolio.news-grid#style-8eec8a6.fullwidth-columns .portfolio-row { margin: calc(-20px\/2) 0; }.portfolio.news-grid#style-8eec8a6 .fullwidth-block:not(.no-paddings) { padding-left: 20px; padding-right: 20px; }.portfolio.news-grid#style-8eec8a6 .fullwidth-block .portfolio-row { padding-left: calc(20px\/2); padding-right: calc(20px\/2); }.portfolio.news-grid#style-8eec8a6 .fullwidth-block .portfolio-top-panel { padding-left: 20px; padding-right: 20px; }.portfolio.news-grid#style-8eec8a6.fullwidth-columns .with-filter-sidebar .filter-sidebar { padding-left: 20px; }.portfolio.news-grid#style-8eec8a6.list-style.with-divider .portfolio-item .wrap:before { top: calc(-20px\/2); }@media (max-width: 991px) { .portfolio.news-grid#style-8eec8a6 .portfolio-item:not(.size-item), .preloader#style-preloader-8eec8a6 .portfolio-item { padding: calc(42px\/2) !important; }.portfolio.news-grid#style-8eec8a6 .portfolio-item.size-item { padding: 0 calc(42px\/2) !important; }.portfolio.news-grid#style-8eec8a6 .portfolio-row, .preloader#style-preloader-8eec8a6 .skeleton-posts.portfolio-row { margin: calc(-42px\/2); }.portfolio.news-grid#style-8eec8a6.fullwidth-columns .portfolio-row { margin: calc(-42px\/2) 0; }.portfolio.news-grid#style-8eec8a6 .fullwidth-block:not(.no-paddings) { padding-left: 42px; padding-right: 42px; }.portfolio.news-grid#style-8eec8a6 .fullwidth-block .portfolio-row { padding-left: calc(42px\/2); padding-right: calc(42px\/2); }.portfolio.news-grid#style-8eec8a6 .fullwidth-block .portfolio-top-panel { padding-left: 42px; padding-right: 42px; }.portfolio.news-grid#style-8eec8a6.fullwidth-columns .with-filter-sidebar .filter-sidebar { padding-left: 42px; }.portfolio.news-grid#style-8eec8a6.list-style.with-divider .portfolio-item .wrap:before { top: calc(-42px\/2); }}@media (max-width: 767px) { .portfolio.news-grid#style-8eec8a6 .portfolio-item:not(.size-item), .preloader#style-preloader-8eec8a6 .portfolio-item { padding: calc(42px\/2) !important; }.portfolio.news-grid#style-8eec8a6 .portfolio-item.size-item { padding: 0 calc(42px\/2) !important; }.portfolio.news-grid#style-8eec8a6 .portfolio-row, .preloader#style-preloader-8eec8a6 .skeleton-posts.portfolio-row { margin: calc(-42px\/2); }.portfolio.news-grid#style-8eec8a6.fullwidth-columns .portfolio-row { margin: calc(-42px\/2) 0; }.portfolio.news-grid#style-8eec8a6 .fullwidth-block:not(.no-paddings) { padding-left: 42px; padding-right: 42px; }.portfolio.news-grid#style-8eec8a6 .fullwidth-block .portfolio-row { padding-left: calc(42px\/2); padding-right: calc(42px\/2); }.portfolio.news-grid#style-8eec8a6 .fullwidth-block .portfolio-top-panel { padding-left: 42px; padding-right: 42px; }.portfolio.news-grid#style-8eec8a6.fullwidth-columns .with-filter-sidebar .filter-sidebar { padding-left: 42px; }.portfolio.news-grid#style-8eec8a6.list-style.with-divider .portfolio-item .wrap:before { top: calc(-42px\/2); }}.portfolio.news-grid#style-8eec8a6 .portfolio-item .caption .title span { letter-spacing: px !important; }<\/style><style>.portfolio.news-grid#style-8eec8a6 .portfolio-filters { text-align: center; }<\/style><div id=\"style-preloader-8eec8a6\" class=\"preloader save-space\"><div class=\"preloader-spin\"><\/div><\/div> <div class=\"portfolio-preloader-wrapper panel-sidebar-position-left\"> <div class=\"portfolio portfolio-grid extended-portfolio-grid news-grid no-padding portfolio-pagination-more portfolio-style-masonry background-style-transparent title-style-light hover-disabled title-on-page caption-position-page version-default loading-animation item-animation-move-up portfolio-items-masonry columns-3 columns-tablet-2 columns-mobile-1 \" id=\"style-8eec8a6\" data-style-uid=\"8eec8a6\" data-portfolio-uid=\"grid_b92aa87\" data-current-page=\"1\" data-per-page=\"12\" data-next-page=\"0\" data-pages-count=\"1\" data-hover=\"disabled\" data-portfolio-filter=\"[]\" data-portfolio-filter-attributes=\"null\" data-portfolio-filter-status=\"null\" data-portfolio-filter-price=\"null\" data-portfolio-filter-search=\"\"> <div class=\"portfolio-row-outer \"> <div class=\"portfolio-top-panel selected-only\"> <div class=\"portfolio-filter-item portfolio-selected-filters left\"> <div class=\"portfolio-selected-filter-item clear-filters\"> Clear Filters\t<\/div> <\/div> <\/div> <div class=\"row portfolio-row\"> <div class=\"portfolio-set clearfix\" data-max-row-height=\"380\"> <div class=\"portfolio-item actualites evenements col-xs-12 col-sm-6 col-md-4 item-animations-not-inited post-hide-categories post-hide-date show-caption-border appearance-type- post-38976 post type-post status-publish format-standard has-post-thumbnail category-actualites category-evenements tag-cmc-fr-2 tag-cmc-aeral-platforms-en-fr tag-cmc-lift-fr-2 tag-cmc-the-specialift-fr\" data-default-sort=\"0\" data-sort-date=\"1700301654\"> <div class=\"wrap clearfix\"> <div class=\"image post-38976 post type-post status-publish format-standard has-post-thumbnail category-actualites category-evenements tag-cmc-fr-2 tag-cmc-aeral-platforms-en-fr tag-cmc-lift-fr-2 tag-cmc-the-specialift-fr\"> <div class=\"image-inner \"> <div class=\"post-featured-content\"><a href=\"https:\/\/www.cmclift.com\/fr\/evenements\/cmc-exposera-a-smopyc-2023-hall-2-stand-b-c-21-30\/\"> <picture> <img src=\"https:\/\/www.cmclift.com\/wp-content\/uploads\/2023\/11\/smopyc-2023-1-thegem-portfolio-masonry.jpg\" width=\"754\" height=\"470\" class=\"img-responsive\" alt=\"smopyc-2023\" \/> <\/picture> <\/a><\/div> <\/div> <div class=\"overlay\"> <div class=\"overlay-circle\"><\/div> <div class=\"links-wrapper\"> <div class=\"links\"> <div class=\"caption\"> <a href=\"https:\/\/www.cmclift.com\/fr\/evenements\/cmc-exposera-a-smopyc-2023-hall-2-stand-b-c-21-30\/\" class=\"portfolio-item-link\"> <span class=\"screen-reader-text\">CMC EXPOSERA \u00c0 SMOPYC 2023, HALL 2, STAND B-C\/21\/30<\/span> <\/a> <\/div> <\/div> <\/div> <\/div> <\/div> <div class=\"caption post-38976 post type-post status-publish format-standard has-post-thumbnail category-actualites category-evenements tag-cmc-fr-2 tag-cmc-aeral-platforms-en-fr tag-cmc-lift-fr-2 tag-cmc-the-specialift-fr\"> <div class=\"title\"> <span class=\"title-h6 \"><a href=\"https:\/\/www.cmclift.com\/fr\/evenements\/cmc-exposera-a-smopyc-2023-hall-2-stand-b-c-21-30\/\" rel=\"bookmark\">CMC EXPOSERA \u00c0 SMOPYC 2023, HALL 2, STAND B-C\/21\/30<\/a><\/span> <\/div> <\/div> <\/div> <\/div> <div class=\"portfolio-item actualites evenements col-xs-12 col-sm-6 col-md-4 item-animations-not-inited post-hide-categories post-hide-date show-caption-border appearance-type- post-24835 post type-post status-publish format-standard has-post-thumbnail category-actualites category-evenements tag-cmc-fr-2 tag-cmc-aeral-platforms-en-fr tag-cmc-the-specialift-fr\" data-default-sort=\"0\" data-sort-date=\"1650559013\"> <div class=\"wrap clearfix\"> <div class=\"image post-24835 post type-post status-publish format-standard has-post-thumbnail category-actualites category-evenements tag-cmc-fr-2 tag-cmc-aeral-platforms-en-fr tag-cmc-the-specialift-fr\"> <div class=\"image-inner \"> <div class=\"post-featured-content\"><a href=\"https:\/\/www.cmclift.com\/fr\/actualites\/cmc-un-acteur-cle-dans-les-evenements-du-secteur\/\"> <picture> <img src=\"https:\/\/www.cmclift.com\/wp-content\/uploads\/2022\/04\/Press-Room-thegem-portfolio-masonry.jpg\" width=\"754\" height=\"470\" class=\"img-responsive\" alt=\"Press-Room\" \/> <\/picture> <\/a><\/div> <\/div> <div class=\"overlay\"> <div class=\"overlay-circle\"><\/div> <div class=\"links-wrapper\"> <div class=\"links\"> <div class=\"caption\"> <a href=\"https:\/\/www.cmclift.com\/fr\/actualites\/cmc-un-acteur-cle-dans-les-evenements-du-secteur\/\" class=\"portfolio-item-link\"> <span class=\"screen-reader-text\">CMC: UN ACTEUR CL\u00c9 DANS LES \u00c9V\u00c9NEMENTS DU SECTEUR<\/span> <\/a> <\/div> <\/div> <\/div> <\/div> <\/div> <div class=\"caption post-24835 post type-post status-publish format-standard has-post-thumbnail category-actualites category-evenements tag-cmc-fr-2 tag-cmc-aeral-platforms-en-fr tag-cmc-the-specialift-fr\"> <div class=\"title\"> <span class=\"title-h6 \"><a href=\"https:\/\/www.cmclift.com\/fr\/actualites\/cmc-un-acteur-cle-dans-les-evenements-du-secteur\/\" rel=\"bookmark\">CMC: UN ACTEUR CL\u00c9 DANS LES \u00c9V\u00c9NEMENTS DU SECTEUR<\/a><\/span> <\/div> <\/div> <\/div> <\/div> <div class=\"portfolio-item actualites evenements col-xs-12 col-sm-6 col-md-4 item-animations-not-inited post-hide-categories post-hide-date show-caption-border appearance-type- post-24408 post type-post status-publish format-standard has-post-thumbnail category-actualites category-evenements tag-bauma-2022-fr tag-cmc-lift-fr-2 tag-cmc-the-specialift-fr\" data-default-sort=\"0\" data-sort-date=\"1646827995\"> <div class=\"wrap clearfix\"> <div class=\"image post-24408 post type-post status-publish format-standard has-post-thumbnail category-actualites category-evenements tag-bauma-2022-fr tag-cmc-lift-fr-2 tag-cmc-the-specialift-fr\"> <div class=\"image-inner \"> <div class=\"post-featured-content\"><a href=\"https:\/\/www.cmclift.com\/fr\/actualites\/cmc-sera-present-a-bauma-2022\/\"> <picture> <img src=\"https:\/\/www.cmclift.com\/wp-content\/uploads\/2022\/04\/CMC-bauma-thegem-portfolio-masonry.jpg\" width=\"754\" height=\"470\" class=\"img-responsive\" alt=\"CMC-bauma\" \/> <\/picture> <\/a><\/div> <\/div> <div class=\"overlay\"> <div class=\"overlay-circle\"><\/div> <div class=\"links-wrapper\"> <div class=\"links\"> <div class=\"caption\"> <a href=\"https:\/\/www.cmclift.com\/fr\/actualites\/cmc-sera-present-a-bauma-2022\/\" class=\"portfolio-item-link\"> <span class=\"screen-reader-text\">CMC SERA PR\u00c9SENT \u00c0 BAUMA 2022<\/span> <\/a> <\/div> <\/div> <\/div> <\/div> <\/div> <div class=\"caption post-24408 post type-post status-publish format-standard has-post-thumbnail category-actualites category-evenements tag-bauma-2022-fr tag-cmc-lift-fr-2 tag-cmc-the-specialift-fr\"> <div class=\"title\"> <span class=\"title-h6 \"><a href=\"https:\/\/www.cmclift.com\/fr\/actualites\/cmc-sera-present-a-bauma-2022\/\" rel=\"bookmark\">CMC SERA PR\u00c9SENT \u00c0 BAUMA 2022<\/a><\/span> <\/div> <\/div> <\/div> <\/div> <div class=\"portfolio-item actualites evenements col-xs-12 col-sm-6 col-md-4 item-animations-not-inited post-hide-categories post-hide-date show-caption-border appearance-type- post-24390 post type-post status-publish format-standard has-post-thumbnail category-actualites category-evenements tag-cmc-the-specialift-fr tag-vertikal-days-2022-fr\" data-default-sort=\"0\" data-sort-date=\"1646824864\"> <div class=\"wrap clearfix\"> <div class=\"image post-24390 post type-post status-publish format-standard has-post-thumbnail category-actualites category-evenements tag-cmc-the-specialift-fr tag-vertikal-days-2022-fr\"> <div class=\"image-inner \"> <div class=\"post-featured-content\"><a href=\"https:\/\/www.cmclift.com\/fr\/actualites\/cmc-participe-aux-vertikal-days-2022\/\"> <picture> <img src=\"https:\/\/www.cmclift.com\/wp-content\/uploads\/2022\/03\/cmc_vertikal_days_2022-1-thegem-portfolio-masonry.jpg\" width=\"754\" height=\"470\" class=\"img-responsive\" alt=\"cmc_vertikal_days_2022\" \/> <\/picture> <\/a><\/div> <\/div> <div class=\"overlay\"> <div class=\"overlay-circle\"><\/div> <div class=\"links-wrapper\"> <div class=\"links\"> <div class=\"caption\"> <a href=\"https:\/\/www.cmclift.com\/fr\/actualites\/cmc-participe-aux-vertikal-days-2022\/\" class=\"portfolio-item-link\"> <span class=\"screen-reader-text\">CMC PARTICIPE AUX VERTIKAL DAYS 2022<\/span> <\/a> <\/div> <\/div> <\/div> <\/div> <\/div> <div class=\"caption post-24390 post type-post status-publish format-standard has-post-thumbnail category-actualites category-evenements tag-cmc-the-specialift-fr tag-vertikal-days-2022-fr\"> <div class=\"title\"> <span class=\"title-h6 \"><a href=\"https:\/\/www.cmclift.com\/fr\/actualites\/cmc-participe-aux-vertikal-days-2022\/\" rel=\"bookmark\">CMC PARTICIPE AUX VERTIKAL DAYS 2022<\/a><\/span> <\/div> <\/div> <\/div> <\/div> <div class=\"portfolio-item actualites evenements col-xs-12 col-sm-6 col-md-4 item-animations-not-inited post-hide-categories post-hide-date show-caption-border appearance-type- post-24374 post type-post status-publish format-standard has-post-thumbnail category-actualites category-evenements tag-cmc-the-specialift-fr\" data-default-sort=\"0\" data-sort-date=\"1646821524\"> <div class=\"wrap clearfix\"> <div class=\"image post-24374 post type-post status-publish format-standard has-post-thumbnail category-actualites category-evenements tag-cmc-the-specialift-fr\"> <div class=\"image-inner \"> <div class=\"post-featured-content\"><a href=\"https:\/\/www.cmclift.com\/fr\/actualites\/cmc-participera-a-born-to-lift-innovations-tag\/\"> <picture> <img src=\"https:\/\/www.cmclift.com\/wp-content\/uploads\/2022\/03\/CMC-x-born-to-lift-thegem-portfolio-masonry.jpg\" width=\"754\" height=\"470\" class=\"img-responsive\" alt=\"CMC-x-born-to-lift\" \/> <\/picture> <\/a><\/div> <\/div> <div class=\"overlay\"> <div class=\"overlay-circle\"><\/div> <div class=\"links-wrapper\"> <div class=\"links\"> <div class=\"caption\"> <a href=\"https:\/\/www.cmclift.com\/fr\/actualites\/cmc-participera-a-born-to-lift-innovations-tag\/\" class=\"portfolio-item-link\"> <span class=\"screen-reader-text\">CMC PARTICIPERA \u00c0 BORN TO LIFT \/ INNOVATION&rsquo;S TAG<\/span> <\/a> <\/div> <\/div> <\/div> <\/div> <\/div> <div class=\"caption post-24374 post type-post status-publish format-standard has-post-thumbnail category-actualites category-evenements tag-cmc-the-specialift-fr\"> <div class=\"title\"> <span class=\"title-h6 \"><a href=\"https:\/\/www.cmclift.com\/fr\/actualites\/cmc-participera-a-born-to-lift-innovations-tag\/\" rel=\"bookmark\">CMC PARTICIPERA \u00c0 BORN TO LIFT \/ INNOVATION&rsquo;S TAG<\/a><\/span> <\/div> <\/div> <\/div> <\/div> <div class=\"portfolio-item actualites evenements col-xs-12 col-sm-6 col-md-4 item-animations-not-inited post-hide-categories post-hide-date show-caption-border appearance-type- post-24324 post type-post status-publish format-standard has-post-thumbnail category-actualites category-evenements tag-cmc-the-specialift-fr tag-vei-og-anlegg-fr\" data-default-sort=\"0\" data-sort-date=\"1646751608\"> <div class=\"wrap clearfix\"> <div class=\"image post-24324 post type-post status-publish format-standard has-post-thumbnail category-actualites category-evenements tag-cmc-the-specialift-fr tag-vei-og-anlegg-fr\"> <div class=\"image-inner \"> <div class=\"post-featured-content\"><a href=\"https:\/\/www.cmclift.com\/fr\/actualites\/cmc-participe-a-vei-og-anlegg\/\"> <picture> <img src=\"https:\/\/www.cmclift.com\/wp-content\/uploads\/2022\/03\/CMC-VEI_OG-thegem-portfolio-masonry.jpg\" width=\"754\" height=\"470\" class=\"img-responsive\" alt=\"CMC-VEI_OG\" \/> <\/picture> <\/a><\/div> <\/div> <div class=\"overlay\"> <div class=\"overlay-circle\"><\/div> <div class=\"links-wrapper\"> <div class=\"links\"> <div class=\"caption\"> <a href=\"https:\/\/www.cmclift.com\/fr\/actualites\/cmc-participe-a-vei-og-anlegg\/\" class=\"portfolio-item-link\"> <span class=\"screen-reader-text\">CMC PARTICIPE \u00c0 VEI OG ANLEGG<\/span> <\/a> <\/div> <\/div> <\/div> <\/div> <\/div> <div class=\"caption post-24324 post type-post status-publish format-standard has-post-thumbnail category-actualites category-evenements tag-cmc-the-specialift-fr tag-vei-og-anlegg-fr\"> <div class=\"title\"> <span class=\"title-h6 \"><a href=\"https:\/\/www.cmclift.com\/fr\/actualites\/cmc-participe-a-vei-og-anlegg\/\" rel=\"bookmark\">CMC PARTICIPE \u00c0 VEI OG ANLEGG<\/a><\/span> <\/div> <\/div> <\/div> <\/div> <div class=\"portfolio-item actualites evenements col-xs-12 col-sm-6 col-md-4 item-animations-not-inited post-hide-categories post-hide-date show-caption-border appearance-type- post-24306 post type-post status-publish format-standard has-post-thumbnail category-actualites category-evenements\" data-default-sort=\"0\" data-sort-date=\"1646748731\"> <div class=\"wrap clearfix\"> <div class=\"image post-24306 post type-post status-publish format-standard has-post-thumbnail category-actualites category-evenements\"> <div class=\"image-inner \"> <div class=\"post-featured-content\"><a href=\"https:\/\/www.cmclift.com\/fr\/actualites\/cmc-participe-a-la-conference-europlatform2022-a-rome\/\"> <picture> <img src=\"https:\/\/www.cmclift.com\/wp-content\/uploads\/2022\/03\/CMC-x-europlatform-1-thegem-portfolio-masonry.jpg\" width=\"754\" height=\"470\" class=\"img-responsive\" alt=\"CMC-x-europlatform\" \/> <\/picture> <\/a><\/div> <\/div> <div class=\"overlay\"> <div class=\"overlay-circle\"><\/div> <div class=\"links-wrapper\"> <div class=\"links\"> <div class=\"caption\"> <a href=\"https:\/\/www.cmclift.com\/fr\/actualites\/cmc-participe-a-la-conference-europlatform2022-a-rome\/\" class=\"portfolio-item-link\"> <span class=\"screen-reader-text\">CMC PARTICIPE \u00c0 LA CONF\u00c9RENCE D\u2019IPAF EUROPLATFORM 2022 \u00c0 ROME<\/span> <\/a> <\/div> <\/div> <\/div> <\/div> <\/div> <div class=\"caption post-24306 post type-post status-publish format-standard has-post-thumbnail category-actualites category-evenements\"> <div class=\"title\"> <span class=\"title-h6 \"><a href=\"https:\/\/www.cmclift.com\/fr\/actualites\/cmc-participe-a-la-conference-europlatform2022-a-rome\/\" rel=\"bookmark\">CMC PARTICIPE \u00c0 LA CONF\u00c9RENCE D\u2019IPAF EUROPLATFORM 2022 \u00c0 ROME<\/a><\/span> <\/div> <\/div> <\/div> <\/div> <div class=\"portfolio-item actualites evenements col-xs-12 col-sm-6 col-md-4 item-animations-not-inited post-hide-categories post-hide-date show-caption-border appearance-type- post-24282 post type-post status-publish format-standard has-post-thumbnail category-actualites category-evenements\" data-default-sort=\"0\" data-sort-date=\"1646743391\"> <div class=\"wrap clearfix\"> <div class=\"image post-24282 post type-post status-publish format-standard has-post-thumbnail category-actualites category-evenements\"> <div class=\"image-inner \"> <div class=\"post-featured-content\"><a href=\"https:\/\/www.cmclift.com\/fr\/actualites\/cmc-participe-a-lapf-uk\/\"> <picture> <img src=\"https:\/\/www.cmclift.com\/wp-content\/uploads\/2021\/11\/Generic-logo-thegem-portfolio-masonry.jpg\" width=\"754\" height=\"470\" class=\"img-responsive\" alt=\"Generic-logo\" \/> <\/picture> <\/a><\/div> <\/div> <div class=\"overlay\"> <div class=\"overlay-circle\"><\/div> <div class=\"links-wrapper\"> <div class=\"links\"> <div class=\"caption\"> <a href=\"https:\/\/www.cmclift.com\/fr\/actualites\/cmc-participe-a-lapf-uk\/\" class=\"portfolio-item-link\"> <span class=\"screen-reader-text\">CMC PARTICIPE \u00c0 L&rsquo;APF UK<\/span> <\/a> <\/div> <\/div> <\/div> <\/div> <\/div> <div class=\"caption post-24282 post type-post status-publish format-standard has-post-thumbnail category-actualites category-evenements\"> <div class=\"title\"> <span class=\"title-h6 \"><a href=\"https:\/\/www.cmclift.com\/fr\/actualites\/cmc-participe-a-lapf-uk\/\" rel=\"bookmark\">CMC PARTICIPE \u00c0 L&rsquo;APF UK<\/a><\/span> <\/div> <\/div> <\/div> <\/div> <\/div><!-- .portflio-set --> <div class=\"portfolio-item-size-container\"> <div class=\"portfolio-item col-xs-12 col-sm-6 col-md-4 item-animations-not-inited post-hide-categories post-hide-date show-caption-border post-24282 post type-post status-publish format-standard has-post-thumbnail category-actualites category-evenements\"> <\/div> <\/div> <\/div><!-- .row--> <\/div><!-- .full-width --> <\/div><!-- .portfolio--> <\/div><!-- .portfolio-preloader-wrapper-->[\/vc_tta_section][vc_tta_section title=\u00a0\u00bbCas pratique\u00a0\u00bb tab_id=\u00a0\u00bb1627637190548-26054ec5-50a8&Prime;]<style>.portfolio.news-grid#style-ff4c49b .portfolio-item:not(.size-item), .preloader#style-preloader-ff4c49b .portfolio-item { padding: calc(20px\/2) !important; }.portfolio.news-grid#style-ff4c49b .portfolio-item.size-item { padding: 0 calc(20px\/2) !important; }.portfolio.news-grid#style-ff4c49b .portfolio-row, .preloader#style-preloader-ff4c49b .skeleton-posts.portfolio-row { margin: calc(-20px\/2); }.portfolio.news-grid#style-ff4c49b.fullwidth-columns .portfolio-row { margin: calc(-20px\/2) 0; }.portfolio.news-grid#style-ff4c49b .fullwidth-block:not(.no-paddings) { padding-left: 20px; padding-right: 20px; }.portfolio.news-grid#style-ff4c49b .fullwidth-block .portfolio-row { padding-left: calc(20px\/2); padding-right: calc(20px\/2); }.portfolio.news-grid#style-ff4c49b .fullwidth-block .portfolio-top-panel { padding-left: 20px; padding-right: 20px; }.portfolio.news-grid#style-ff4c49b.fullwidth-columns .with-filter-sidebar .filter-sidebar { padding-left: 20px; }.portfolio.news-grid#style-ff4c49b.list-style.with-divider .portfolio-item .wrap:before { top: calc(-20px\/2); }@media (max-width: 991px) { .portfolio.news-grid#style-ff4c49b .portfolio-item:not(.size-item), .preloader#style-preloader-ff4c49b .portfolio-item { padding: calc(42px\/2) !important; }.portfolio.news-grid#style-ff4c49b .portfolio-item.size-item { padding: 0 calc(42px\/2) !important; }.portfolio.news-grid#style-ff4c49b .portfolio-row, .preloader#style-preloader-ff4c49b .skeleton-posts.portfolio-row { margin: calc(-42px\/2); }.portfolio.news-grid#style-ff4c49b.fullwidth-columns .portfolio-row { margin: calc(-42px\/2) 0; }.portfolio.news-grid#style-ff4c49b .fullwidth-block:not(.no-paddings) { padding-left: 42px; padding-right: 42px; }.portfolio.news-grid#style-ff4c49b .fullwidth-block .portfolio-row { padding-left: calc(42px\/2); padding-right: calc(42px\/2); }.portfolio.news-grid#style-ff4c49b .fullwidth-block .portfolio-top-panel { padding-left: 42px; padding-right: 42px; }.portfolio.news-grid#style-ff4c49b.fullwidth-columns .with-filter-sidebar .filter-sidebar { padding-left: 42px; }.portfolio.news-grid#style-ff4c49b.list-style.with-divider .portfolio-item .wrap:before { top: calc(-42px\/2); }}@media (max-width: 767px) { .portfolio.news-grid#style-ff4c49b .portfolio-item:not(.size-item), .preloader#style-preloader-ff4c49b .portfolio-item { padding: calc(42px\/2) !important; }.portfolio.news-grid#style-ff4c49b .portfolio-item.size-item { padding: 0 calc(42px\/2) !important; }.portfolio.news-grid#style-ff4c49b .portfolio-row, .preloader#style-preloader-ff4c49b .skeleton-posts.portfolio-row { margin: calc(-42px\/2); }.portfolio.news-grid#style-ff4c49b.fullwidth-columns .portfolio-row { margin: calc(-42px\/2) 0; }.portfolio.news-grid#style-ff4c49b .fullwidth-block:not(.no-paddings) { padding-left: 42px; padding-right: 42px; }.portfolio.news-grid#style-ff4c49b .fullwidth-block .portfolio-row { padding-left: calc(42px\/2); padding-right: calc(42px\/2); }.portfolio.news-grid#style-ff4c49b .fullwidth-block .portfolio-top-panel { padding-left: 42px; padding-right: 42px; }.portfolio.news-grid#style-ff4c49b.fullwidth-columns .with-filter-sidebar .filter-sidebar { padding-left: 42px; }.portfolio.news-grid#style-ff4c49b.list-style.with-divider .portfolio-item .wrap:before { top: calc(-42px\/2); }}.portfolio.news-grid#style-ff4c49b .portfolio-item .caption .title span { letter-spacing: px !important; }<\/style><style>.portfolio.news-grid#style-ff4c49b .portfolio-filters { text-align: center; }<\/style>[\/vc_tta_section][vc_tta_section title=\u00a0\u00bbTous\u00a0\u00bb tab_id=\u00a0\u00bb1626272770232-106bcad1-7313&Prime;][vc_masonry_grid post_type=\u00a0\u00bbpost\u00a0\u00bb max_items=\u00a0\u00bb-1&Prime; style=\u00a0\u00bbload-more\u00a0\u00bb items_per_page=\u00a0\u00bb12&Prime; gap=\u00a0\u00bb15&Prime; item=\u00a0\u00bb19761&Prime; btn_title=\u00a0\u00bbAFFICHER PLUS\u00a0\u00bb btn_style=\u00a0\u00bbcustom\u00a0\u00bb btn_custom_background=\u00a0\u00bb#666666&Prime; btn_custom_text=\u00a0\u00bb#ffffff\u00a0\u00bb btn_shape=\u00a0\u00bbsquare\u00a0\u00bb grid_id=\u00a0\u00bbvc_gid:1680615361311-d674956c-c914-3&Prime;][\/vc_tta_section][\/vc_tta_tabs][\/vc_column][\/vc_row][vc_row disable_element=\u00a0\u00bbyes\u00a0\u00bb][vc_column][vc_tta_tabs active_section=\u00a0\u00bb1&Prime; el_class=\u00a0\u00bbtabber press\u00a0\u00bb][vc_tta_section title=\u00a0\u00bbActualit\u00e8s\u00a0\u00bb tab_id=\u00a0\u00bb1674568073729-b5568487-30bb\u00a0\u00bb]<style>.portfolio.news-grid#style-f8a8f16 .portfolio-item:not(.size-item), .preloader#style-preloader-f8a8f16 .portfolio-item { padding: calc(20px\/2) !important; }.portfolio.news-grid#style-f8a8f16 .portfolio-item.size-item { padding: 0 calc(20px\/2) !important; }.portfolio.news-grid#style-f8a8f16 .portfolio-row, .preloader#style-preloader-f8a8f16 .skeleton-posts.portfolio-row { margin: calc(-20px\/2); }.portfolio.news-grid#style-f8a8f16.fullwidth-columns .portfolio-row { margin: calc(-20px\/2) 0; }.portfolio.news-grid#style-f8a8f16 .fullwidth-block:not(.no-paddings) { padding-left: 20px; padding-right: 20px; }.portfolio.news-grid#style-f8a8f16 .fullwidth-block .portfolio-row { padding-left: calc(20px\/2); padding-right: calc(20px\/2); }.portfolio.news-grid#style-f8a8f16 .fullwidth-block .portfolio-top-panel { padding-left: 20px; padding-right: 20px; }.portfolio.news-grid#style-f8a8f16.fullwidth-columns .with-filter-sidebar .filter-sidebar { padding-left: 20px; }.portfolio.news-grid#style-f8a8f16.list-style.with-divider .portfolio-item .wrap:before { top: calc(-20px\/2); }@media (max-width: 991px) { .portfolio.news-grid#style-f8a8f16 .portfolio-item:not(.size-item), .preloader#style-preloader-f8a8f16 .portfolio-item { padding: calc(42px\/2) !important; }.portfolio.news-grid#style-f8a8f16 .portfolio-item.size-item { padding: 0 calc(42px\/2) !important; }.portfolio.news-grid#style-f8a8f16 .portfolio-row, .preloader#style-preloader-f8a8f16 .skeleton-posts.portfolio-row { margin: calc(-42px\/2); }.portfolio.news-grid#style-f8a8f16.fullwidth-columns .portfolio-row { margin: calc(-42px\/2) 0; }.portfolio.news-grid#style-f8a8f16 .fullwidth-block:not(.no-paddings) { padding-left: 42px; padding-right: 42px; }.portfolio.news-grid#style-f8a8f16 .fullwidth-block .portfolio-row { padding-left: calc(42px\/2); padding-right: calc(42px\/2); }.portfolio.news-grid#style-f8a8f16 .fullwidth-block .portfolio-top-panel { padding-left: 42px; padding-right: 42px; }.portfolio.news-grid#style-f8a8f16.fullwidth-columns .with-filter-sidebar .filter-sidebar { padding-left: 42px; }.portfolio.news-grid#style-f8a8f16.list-style.with-divider .portfolio-item .wrap:before { top: calc(-42px\/2); }}@media (max-width: 767px) { .portfolio.news-grid#style-f8a8f16 .portfolio-item:not(.size-item), .preloader#style-preloader-f8a8f16 .portfolio-item { padding: calc(42px\/2) !important; }.portfolio.news-grid#style-f8a8f16 .portfolio-item.size-item { padding: 0 calc(42px\/2) !important; }.portfolio.news-grid#style-f8a8f16 .portfolio-row, .preloader#style-preloader-f8a8f16 .skeleton-posts.portfolio-row { margin: calc(-42px\/2); }.portfolio.news-grid#style-f8a8f16.fullwidth-columns .portfolio-row { margin: calc(-42px\/2) 0; }.portfolio.news-grid#style-f8a8f16 .fullwidth-block:not(.no-paddings) { padding-left: 42px; padding-right: 42px; }.portfolio.news-grid#style-f8a8f16 .fullwidth-block .portfolio-row { padding-left: calc(42px\/2); padding-right: calc(42px\/2); }.portfolio.news-grid#style-f8a8f16 .fullwidth-block .portfolio-top-panel { padding-left: 42px; padding-right: 42px; }.portfolio.news-grid#style-f8a8f16.fullwidth-columns .with-filter-sidebar .filter-sidebar { padding-left: 42px; }.portfolio.news-grid#style-f8a8f16.list-style.with-divider .portfolio-item .wrap:before { top: calc(-42px\/2); }}.portfolio.news-grid#style-f8a8f16 .portfolio-item .caption .title span { letter-spacing: px !important; }<\/style><style>.portfolio.news-grid#style-f8a8f16 .portfolio-filters { text-align: center; }<\/style><div id=\"style-preloader-f8a8f16\" class=\"preloader save-space\"><div class=\"preloader-spin\"><\/div><\/div> <div class=\"portfolio-preloader-wrapper panel-sidebar-position-left\"> <div class=\"portfolio portfolio-grid extended-portfolio-grid news-grid no-padding portfolio-pagination-more portfolio-style-masonry background-style-transparent title-style-light hover-disabled title-on-page caption-position-page version-default loading-animation item-animation-move-up portfolio-items-masonry columns-3 columns-tablet-2 columns-mobile-1 \" id=\"style-f8a8f16\" data-style-uid=\"f8a8f16\" data-portfolio-uid=\"grid_b92aa87\" data-current-page=\"1\" data-per-page=\"12\" data-next-page=\"2\" data-pages-count=\"2\" data-hover=\"disabled\" data-portfolio-filter=\"[]\" data-portfolio-filter-attributes=\"null\" data-portfolio-filter-status=\"null\" data-portfolio-filter-price=\"null\" data-portfolio-filter-search=\"\"> <div class=\"portfolio-row-outer \"> <div class=\"portfolio-top-panel selected-only\"> <div class=\"portfolio-filter-item portfolio-selected-filters left\"> <div class=\"portfolio-selected-filter-item clear-filters\"> Clear Filters\t<\/div> <\/div> <\/div> <div class=\"row portfolio-row\"> <div class=\"portfolio-set clearfix\" data-max-row-height=\"380\"> <div class=\"portfolio-item actualites col-xs-12 col-sm-6 col-md-4 item-animations-not-inited post-hide-categories post-hide-date show-caption-border appearance-type- post-28273 post type-post status-publish format-standard has-post-thumbnail category-actualites tag-cmc-fr-2\" data-default-sort=\"20\" data-sort-date=\"1668776895\"> <div class=\"wrap clearfix\"> <div class=\"image post-28273 post type-post status-publish format-standard has-post-thumbnail category-actualites tag-cmc-fr-2\"> <div class=\"image-inner \"> <div class=\"post-featured-content\"><a href=\"https:\/\/www.cmclift.com\/fr\/actualites\/cmc-est-heureux-dannoncer-lentree-de-metrika-sgr-dans-70-du-capital-social\/\"> <picture> <img src=\"https:\/\/www.cmclift.com\/wp-content\/uploads\/2022\/11\/metrika-X-cmc-thegem-portfolio-masonry.jpg\" width=\"754\" height=\"470\" class=\"img-responsive\" alt=\"metrika-X-cmc\" \/> <\/picture> <\/a><\/div> <\/div> <div class=\"overlay\"> <div class=\"overlay-circle\"><\/div> <div class=\"links-wrapper\"> <div class=\"links\"> <div class=\"caption\"> <a href=\"https:\/\/www.cmclift.com\/fr\/actualites\/cmc-est-heureux-dannoncer-lentree-de-metrika-sgr-dans-70-du-capital-social\/\" class=\"portfolio-item-link\"> <span class=\"screen-reader-text\">CMC EST HEUREUX D&rsquo;ANNONCER L&rsquo;ENTR\u00c9E DE METRIKA SGR DANS 70% DU CAPITAL SOCIAL<\/span> <\/a> <\/div> <\/div> <\/div> <\/div> <\/div> <div class=\"caption post-28273 post type-post status-publish format-standard has-post-thumbnail category-actualites tag-cmc-fr-2\"> <div class=\"title\"> <span class=\"title-h6 \"><a href=\"https:\/\/www.cmclift.com\/fr\/actualites\/cmc-est-heureux-dannoncer-lentree-de-metrika-sgr-dans-70-du-capital-social\/\" rel=\"bookmark\">CMC EST HEUREUX D&rsquo;ANNONCER L&rsquo;ENTR\u00c9E DE METRIKA SGR DANS 70% DU CAPITAL SOCIAL<\/a><\/span> <\/div> <\/div> <\/div> <\/div> <div class=\"portfolio-item actualites col-xs-12 col-sm-6 col-md-4 item-animations-not-inited post-hide-categories post-hide-date show-caption-border appearance-type- post-28549 post type-post status-publish format-standard has-post-thumbnail category-actualites\" data-default-sort=\"19\" data-sort-date=\"1670257990\"> <div class=\"wrap clearfix\"> <div class=\"image post-28549 post type-post status-publish format-standard has-post-thumbnail category-actualites\"> <div class=\"image-inner \"> <div class=\"post-featured-content\"><a href=\"https:\/\/www.cmclift.com\/fr\/actualites\/cmc-excelle-au-bauma-avec-le-s27-et-le-s30-les-deux-nouveaux-modeles-de-la-serie-dp\/\"> <picture> <img src=\"https:\/\/www.cmclift.com\/wp-content\/uploads\/2022\/11\/s30-prodotto-evidenza-thegem-portfolio-masonry.png\" width=\"754\" height=\"674\" class=\"img-responsive\" alt=\"s30-prodotto-evidenza\" \/> <\/picture> <\/a><\/div> <\/div> <div class=\"overlay\"> <div class=\"overlay-circle\"><\/div> <div class=\"links-wrapper\"> <div class=\"links\"> <div class=\"caption\"> <a href=\"https:\/\/www.cmclift.com\/fr\/actualites\/cmc-excelle-au-bauma-avec-le-s27-et-le-s30-les-deux-nouveaux-modeles-de-la-serie-dp\/\" class=\"portfolio-item-link\"> <span class=\"screen-reader-text\">CMC EXCELLE AU BAUMA AVEC LE S27 ET LE S30, LES DEUX NOUVEAUX MOD\u00c8LES DE LA S\u00c9RIE DP<\/span> <\/a> <\/div> <\/div> <\/div> <\/div> <\/div> <div class=\"caption post-28549 post type-post status-publish format-standard has-post-thumbnail category-actualites\"> <div class=\"title\"> <span class=\"title-h6 \"><a href=\"https:\/\/www.cmclift.com\/fr\/actualites\/cmc-excelle-au-bauma-avec-le-s27-et-le-s30-les-deux-nouveaux-modeles-de-la-serie-dp\/\" rel=\"bookmark\">CMC EXCELLE AU BAUMA AVEC LE S27 ET LE S30, LES DEUX NOUVEAUX MOD\u00c8LES DE LA S\u00c9RIE DP<\/a><\/span> <\/div> <\/div> <\/div> <\/div> <div class=\"portfolio-item actualites magazine-fr col-xs-12 col-sm-6 col-md-4 item-animations-not-inited post-hide-categories post-hide-date show-caption-border appearance-type- post-45190 post type-post status-publish format-standard has-post-thumbnail category-actualites category-magazine-fr\" data-default-sort=\"0\" data-sort-date=\"1744291244\"> <div class=\"wrap clearfix\"> <div class=\"image post-45190 post type-post status-publish format-standard has-post-thumbnail category-actualites category-magazine-fr\"> <div class=\"image-inner \"> <div class=\"post-featured-content\"><a href=\"https:\/\/www.cmclift.com\/fr\/eventi\/cmc-partenariat-axeo\/\"> <picture> <img src=\"https:\/\/www.cmclift.com\/wp-content\/uploads\/2025\/04\/DSC03866-thegem-portfolio-masonry.png\" width=\"754\" height=\"424\" class=\"img-responsive\" alt=\"CMC KLAAS ALL ROAD\" \/> <\/picture> <\/a><\/div> <\/div> <div class=\"overlay\"> <div class=\"overlay-circle\"><\/div> <div class=\"links-wrapper\"> <div class=\"links\"> <div class=\"caption\"> <a href=\"https:\/\/www.cmclift.com\/fr\/eventi\/cmc-partenariat-axeo\/\" class=\"portfolio-item-link\"> <span class=\"screen-reader-text\">AXEO devient le partenaire officiel de CMC en France : une alliance strat\u00e9gique annonc\u00e9e \u00e0 Bauma 2025<\/span> <\/a> <\/div> <\/div> <\/div> <\/div> <\/div> <div class=\"caption post-45190 post type-post status-publish format-standard has-post-thumbnail category-actualites category-magazine-fr\"> <div class=\"title\"> <span class=\"title-h6 \"><a href=\"https:\/\/www.cmclift.com\/fr\/eventi\/cmc-partenariat-axeo\/\" rel=\"bookmark\">AXEO devient le partenaire officiel de CMC en France : une alliance strat\u00e9gique annonc\u00e9e \u00e0 Bauma 2025<\/a><\/span> <\/div> <\/div> <\/div> <\/div> <div class=\"portfolio-item actualites evenements col-xs-12 col-sm-6 col-md-4 item-animations-not-inited post-hide-categories post-hide-date show-caption-border appearance-type- post-38976 post type-post status-publish format-standard has-post-thumbnail category-actualites category-evenements tag-cmc-fr-2 tag-cmc-aeral-platforms-en-fr tag-cmc-lift-fr-2 tag-cmc-the-specialift-fr\" data-default-sort=\"0\" data-sort-date=\"1700301654\"> <div class=\"wrap clearfix\"> <div class=\"image post-38976 post type-post status-publish format-standard has-post-thumbnail category-actualites category-evenements tag-cmc-fr-2 tag-cmc-aeral-platforms-en-fr tag-cmc-lift-fr-2 tag-cmc-the-specialift-fr\"> <div class=\"image-inner \"> <div class=\"post-featured-content\"><a href=\"https:\/\/www.cmclift.com\/fr\/evenements\/cmc-exposera-a-smopyc-2023-hall-2-stand-b-c-21-30\/\"> <picture> <img src=\"https:\/\/www.cmclift.com\/wp-content\/uploads\/2023\/11\/smopyc-2023-1-thegem-portfolio-masonry.jpg\" width=\"754\" height=\"470\" class=\"img-responsive\" alt=\"smopyc-2023\" \/> <\/picture> <\/a><\/div> <\/div> <div class=\"overlay\"> <div class=\"overlay-circle\"><\/div> <div class=\"links-wrapper\"> <div class=\"links\"> <div class=\"caption\"> <a href=\"https:\/\/www.cmclift.com\/fr\/evenements\/cmc-exposera-a-smopyc-2023-hall-2-stand-b-c-21-30\/\" class=\"portfolio-item-link\"> <span class=\"screen-reader-text\">CMC EXPOSERA \u00c0 SMOPYC 2023, HALL 2, STAND B-C\/21\/30<\/span> <\/a> <\/div> <\/div> <\/div> <\/div> <\/div> <div class=\"caption post-38976 post type-post status-publish format-standard has-post-thumbnail category-actualites category-evenements tag-cmc-fr-2 tag-cmc-aeral-platforms-en-fr tag-cmc-lift-fr-2 tag-cmc-the-specialift-fr\"> <div class=\"title\"> <span class=\"title-h6 \"><a href=\"https:\/\/www.cmclift.com\/fr\/evenements\/cmc-exposera-a-smopyc-2023-hall-2-stand-b-c-21-30\/\" rel=\"bookmark\">CMC EXPOSERA \u00c0 SMOPYC 2023, HALL 2, STAND B-C\/21\/30<\/a><\/span> <\/div> <\/div> <\/div> <\/div> <div class=\"portfolio-item actualites col-xs-12 col-sm-6 col-md-4 item-animations-not-inited post-hide-categories post-hide-date show-caption-border appearance-type- post-25578 post type-post status-publish format-standard has-post-thumbnail category-actualites tag-cmc-lift-fr-2 tag-cmc-the-specialift-fr\" data-default-sort=\"0\" data-sort-date=\"1653064802\"> <div class=\"wrap clearfix\"> <div class=\"image post-25578 post type-post status-publish format-standard has-post-thumbnail category-actualites tag-cmc-lift-fr-2 tag-cmc-the-specialift-fr\"> <div class=\"image-inner \"> <div class=\"post-featured-content\"><a href=\"https:\/\/www.cmclift.com\/fr\/actualites\/cmc-presente-la-nouvelle-serie-f-aux-vertikal-days2022\/\"> <picture> <img src=\"https:\/\/www.cmclift.com\/wp-content\/uploads\/2022\/05\/S18F-2022-web-thegem-portfolio-masonry.jpg\" width=\"754\" height=\"470\" class=\"img-responsive\" alt=\"S18F-2022-web\" \/> <\/picture> <\/a><\/div> <\/div> <div class=\"overlay\"> <div class=\"overlay-circle\"><\/div> <div class=\"links-wrapper\"> <div class=\"links\"> <div class=\"caption\"> <a href=\"https:\/\/www.cmclift.com\/fr\/actualites\/cmc-presente-la-nouvelle-serie-f-aux-vertikal-days2022\/\" class=\"portfolio-item-link\"> <span class=\"screen-reader-text\">CMC PR\u00c9SENTE LA NOUVELLE S\u00c9RIE F AUX VERTIKAL DAYS 2022<\/span> <\/a> <\/div> <\/div> <\/div> <\/div> <\/div> <div class=\"caption post-25578 post type-post status-publish format-standard has-post-thumbnail category-actualites tag-cmc-lift-fr-2 tag-cmc-the-specialift-fr\"> <div class=\"title\"> <span class=\"title-h6 \"><a href=\"https:\/\/www.cmclift.com\/fr\/actualites\/cmc-presente-la-nouvelle-serie-f-aux-vertikal-days2022\/\" rel=\"bookmark\">CMC PR\u00c9SENTE LA NOUVELLE S\u00c9RIE F AUX VERTIKAL DAYS 2022<\/a><\/span> <\/div> <\/div> <\/div> <\/div> <div class=\"portfolio-item actualites evenements col-xs-12 col-sm-6 col-md-4 item-animations-not-inited post-hide-categories post-hide-date show-caption-border appearance-type- post-24835 post type-post status-publish format-standard has-post-thumbnail category-actualites category-evenements tag-cmc-fr-2 tag-cmc-aeral-platforms-en-fr tag-cmc-the-specialift-fr\" data-default-sort=\"0\" data-sort-date=\"1650559013\"> <div class=\"wrap clearfix\"> <div class=\"image post-24835 post type-post status-publish format-standard has-post-thumbnail category-actualites category-evenements tag-cmc-fr-2 tag-cmc-aeral-platforms-en-fr tag-cmc-the-specialift-fr\"> <div class=\"image-inner \"> <div class=\"post-featured-content\"><a href=\"https:\/\/www.cmclift.com\/fr\/actualites\/cmc-un-acteur-cle-dans-les-evenements-du-secteur\/\"> <picture> <img src=\"https:\/\/www.cmclift.com\/wp-content\/uploads\/2022\/04\/Press-Room-thegem-portfolio-masonry.jpg\" width=\"754\" height=\"470\" class=\"img-responsive\" alt=\"Press-Room\" \/> <\/picture> <\/a><\/div> <\/div> <div class=\"overlay\"> <div class=\"overlay-circle\"><\/div> <div class=\"links-wrapper\"> <div class=\"links\"> <div class=\"caption\"> <a href=\"https:\/\/www.cmclift.com\/fr\/actualites\/cmc-un-acteur-cle-dans-les-evenements-du-secteur\/\" class=\"portfolio-item-link\"> <span class=\"screen-reader-text\">CMC: UN ACTEUR CL\u00c9 DANS LES \u00c9V\u00c9NEMENTS DU SECTEUR<\/span> <\/a> <\/div> <\/div> <\/div> <\/div> <\/div> <div class=\"caption post-24835 post type-post status-publish format-standard has-post-thumbnail category-actualites category-evenements tag-cmc-fr-2 tag-cmc-aeral-platforms-en-fr tag-cmc-the-specialift-fr\"> <div class=\"title\"> <span class=\"title-h6 \"><a href=\"https:\/\/www.cmclift.com\/fr\/actualites\/cmc-un-acteur-cle-dans-les-evenements-du-secteur\/\" rel=\"bookmark\">CMC: UN ACTEUR CL\u00c9 DANS LES \u00c9V\u00c9NEMENTS DU SECTEUR<\/a><\/span> <\/div> <\/div> <\/div> <\/div> <div class=\"portfolio-item actualites evenements col-xs-12 col-sm-6 col-md-4 item-animations-not-inited post-hide-categories post-hide-date show-caption-border appearance-type- post-24408 post type-post status-publish format-standard has-post-thumbnail category-actualites category-evenements tag-bauma-2022-fr tag-cmc-lift-fr-2 tag-cmc-the-specialift-fr\" data-default-sort=\"0\" data-sort-date=\"1646827995\"> <div class=\"wrap clearfix\"> <div class=\"image post-24408 post type-post status-publish format-standard has-post-thumbnail category-actualites category-evenements tag-bauma-2022-fr tag-cmc-lift-fr-2 tag-cmc-the-specialift-fr\"> <div class=\"image-inner \"> <div class=\"post-featured-content\"><a href=\"https:\/\/www.cmclift.com\/fr\/actualites\/cmc-sera-present-a-bauma-2022\/\"> <picture> <img src=\"https:\/\/www.cmclift.com\/wp-content\/uploads\/2022\/04\/CMC-bauma-thegem-portfolio-masonry.jpg\" width=\"754\" height=\"470\" class=\"img-responsive\" alt=\"CMC-bauma\" \/> <\/picture> <\/a><\/div> <\/div> <div class=\"overlay\"> <div class=\"overlay-circle\"><\/div> <div class=\"links-wrapper\"> <div class=\"links\"> <div class=\"caption\"> <a href=\"https:\/\/www.cmclift.com\/fr\/actualites\/cmc-sera-present-a-bauma-2022\/\" class=\"portfolio-item-link\"> <span class=\"screen-reader-text\">CMC SERA PR\u00c9SENT \u00c0 BAUMA 2022<\/span> <\/a> <\/div> <\/div> <\/div> <\/div> <\/div> <div class=\"caption post-24408 post type-post status-publish format-standard has-post-thumbnail category-actualites category-evenements tag-bauma-2022-fr tag-cmc-lift-fr-2 tag-cmc-the-specialift-fr\"> <div class=\"title\"> <span class=\"title-h6 \"><a href=\"https:\/\/www.cmclift.com\/fr\/actualites\/cmc-sera-present-a-bauma-2022\/\" rel=\"bookmark\">CMC SERA PR\u00c9SENT \u00c0 BAUMA 2022<\/a><\/span> <\/div> <\/div> <\/div> <\/div> <div class=\"portfolio-item actualites evenements col-xs-12 col-sm-6 col-md-4 item-animations-not-inited post-hide-categories post-hide-date show-caption-border appearance-type- post-24390 post type-post status-publish format-standard has-post-thumbnail category-actualites category-evenements tag-cmc-the-specialift-fr tag-vertikal-days-2022-fr\" data-default-sort=\"0\" data-sort-date=\"1646824864\"> <div class=\"wrap clearfix\"> <div class=\"image post-24390 post type-post status-publish format-standard has-post-thumbnail category-actualites category-evenements tag-cmc-the-specialift-fr tag-vertikal-days-2022-fr\"> <div class=\"image-inner \"> <div class=\"post-featured-content\"><a href=\"https:\/\/www.cmclift.com\/fr\/actualites\/cmc-participe-aux-vertikal-days-2022\/\"> <picture> <img src=\"https:\/\/www.cmclift.com\/wp-content\/uploads\/2022\/03\/cmc_vertikal_days_2022-1-thegem-portfolio-masonry.jpg\" width=\"754\" height=\"470\" class=\"img-responsive\" alt=\"cmc_vertikal_days_2022\" \/> <\/picture> <\/a><\/div> <\/div> <div class=\"overlay\"> <div class=\"overlay-circle\"><\/div> <div class=\"links-wrapper\"> <div class=\"links\"> <div class=\"caption\"> <a href=\"https:\/\/www.cmclift.com\/fr\/actualites\/cmc-participe-aux-vertikal-days-2022\/\" class=\"portfolio-item-link\"> <span class=\"screen-reader-text\">CMC PARTICIPE AUX VERTIKAL DAYS 2022<\/span> <\/a> <\/div> <\/div> <\/div> <\/div> <\/div> <div class=\"caption post-24390 post type-post status-publish format-standard has-post-thumbnail category-actualites category-evenements tag-cmc-the-specialift-fr tag-vertikal-days-2022-fr\"> <div class=\"title\"> <span class=\"title-h6 \"><a href=\"https:\/\/www.cmclift.com\/fr\/actualites\/cmc-participe-aux-vertikal-days-2022\/\" rel=\"bookmark\">CMC PARTICIPE AUX VERTIKAL DAYS 2022<\/a><\/span> <\/div> <\/div> <\/div> <\/div> <div class=\"portfolio-item actualites evenements col-xs-12 col-sm-6 col-md-4 item-animations-not-inited post-hide-categories post-hide-date show-caption-border appearance-type- post-24374 post type-post status-publish format-standard has-post-thumbnail category-actualites category-evenements tag-cmc-the-specialift-fr\" data-default-sort=\"0\" data-sort-date=\"1646821524\"> <div class=\"wrap clearfix\"> <div class=\"image post-24374 post type-post status-publish format-standard has-post-thumbnail category-actualites category-evenements tag-cmc-the-specialift-fr\"> <div class=\"image-inner \"> <div class=\"post-featured-content\"><a href=\"https:\/\/www.cmclift.com\/fr\/actualites\/cmc-participera-a-born-to-lift-innovations-tag\/\"> <picture> <img src=\"https:\/\/www.cmclift.com\/wp-content\/uploads\/2022\/03\/CMC-x-born-to-lift-thegem-portfolio-masonry.jpg\" width=\"754\" height=\"470\" class=\"img-responsive\" alt=\"CMC-x-born-to-lift\" \/> <\/picture> <\/a><\/div> <\/div> <div class=\"overlay\"> <div class=\"overlay-circle\"><\/div> <div class=\"links-wrapper\"> <div class=\"links\"> <div class=\"caption\"> <a href=\"https:\/\/www.cmclift.com\/fr\/actualites\/cmc-participera-a-born-to-lift-innovations-tag\/\" class=\"portfolio-item-link\"> <span class=\"screen-reader-text\">CMC PARTICIPERA \u00c0 BORN TO LIFT \/ INNOVATION&rsquo;S TAG<\/span> <\/a> <\/div> <\/div> <\/div> <\/div> <\/div> <div class=\"caption post-24374 post type-post status-publish format-standard has-post-thumbnail category-actualites category-evenements tag-cmc-the-specialift-fr\"> <div class=\"title\"> <span class=\"title-h6 \"><a href=\"https:\/\/www.cmclift.com\/fr\/actualites\/cmc-participera-a-born-to-lift-innovations-tag\/\" rel=\"bookmark\">CMC PARTICIPERA \u00c0 BORN TO LIFT \/ INNOVATION&rsquo;S TAG<\/a><\/span> <\/div> <\/div> <\/div> <\/div> <div class=\"portfolio-item actualites evenements col-xs-12 col-sm-6 col-md-4 item-animations-not-inited post-hide-categories post-hide-date show-caption-border appearance-type- post-24324 post type-post status-publish format-standard has-post-thumbnail category-actualites category-evenements tag-cmc-the-specialift-fr tag-vei-og-anlegg-fr\" data-default-sort=\"0\" data-sort-date=\"1646751608\"> <div class=\"wrap clearfix\"> <div class=\"image post-24324 post type-post status-publish format-standard has-post-thumbnail category-actualites category-evenements tag-cmc-the-specialift-fr tag-vei-og-anlegg-fr\"> <div class=\"image-inner \"> <div class=\"post-featured-content\"><a href=\"https:\/\/www.cmclift.com\/fr\/actualites\/cmc-participe-a-vei-og-anlegg\/\"> <picture> <img src=\"https:\/\/www.cmclift.com\/wp-content\/uploads\/2022\/03\/CMC-VEI_OG-thegem-portfolio-masonry.jpg\" width=\"754\" height=\"470\" class=\"img-responsive\" alt=\"CMC-VEI_OG\" \/> <\/picture> <\/a><\/div> <\/div> <div class=\"overlay\"> <div class=\"overlay-circle\"><\/div> <div class=\"links-wrapper\"> <div class=\"links\"> <div class=\"caption\"> <a href=\"https:\/\/www.cmclift.com\/fr\/actualites\/cmc-participe-a-vei-og-anlegg\/\" class=\"portfolio-item-link\"> <span class=\"screen-reader-text\">CMC PARTICIPE \u00c0 VEI OG ANLEGG<\/span> <\/a> <\/div> <\/div> <\/div> <\/div> <\/div> <div class=\"caption post-24324 post type-post status-publish format-standard has-post-thumbnail category-actualites category-evenements tag-cmc-the-specialift-fr tag-vei-og-anlegg-fr\"> <div class=\"title\"> <span class=\"title-h6 \"><a href=\"https:\/\/www.cmclift.com\/fr\/actualites\/cmc-participe-a-vei-og-anlegg\/\" rel=\"bookmark\">CMC PARTICIPE \u00c0 VEI OG ANLEGG<\/a><\/span> <\/div> <\/div> <\/div> <\/div> <div class=\"portfolio-item actualites evenements col-xs-12 col-sm-6 col-md-4 item-animations-not-inited post-hide-categories post-hide-date show-caption-border appearance-type- post-24306 post type-post status-publish format-standard has-post-thumbnail category-actualites category-evenements\" data-default-sort=\"0\" data-sort-date=\"1646748731\"> <div class=\"wrap clearfix\"> <div class=\"image post-24306 post type-post status-publish format-standard has-post-thumbnail category-actualites category-evenements\"> <div class=\"image-inner \"> <div class=\"post-featured-content\"><a href=\"https:\/\/www.cmclift.com\/fr\/actualites\/cmc-participe-a-la-conference-europlatform2022-a-rome\/\"> <picture> <img src=\"https:\/\/www.cmclift.com\/wp-content\/uploads\/2022\/03\/CMC-x-europlatform-1-thegem-portfolio-masonry.jpg\" width=\"754\" height=\"470\" class=\"img-responsive\" alt=\"CMC-x-europlatform\" \/> <\/picture> <\/a><\/div> <\/div> <div class=\"overlay\"> <div class=\"overlay-circle\"><\/div> <div class=\"links-wrapper\"> <div class=\"links\"> <div class=\"caption\"> <a href=\"https:\/\/www.cmclift.com\/fr\/actualites\/cmc-participe-a-la-conference-europlatform2022-a-rome\/\" class=\"portfolio-item-link\"> <span class=\"screen-reader-text\">CMC PARTICIPE \u00c0 LA CONF\u00c9RENCE D\u2019IPAF EUROPLATFORM 2022 \u00c0 ROME<\/span> <\/a> <\/div> <\/div> <\/div> <\/div> <\/div> <div class=\"caption post-24306 post type-post status-publish format-standard has-post-thumbnail category-actualites category-evenements\"> <div class=\"title\"> <span class=\"title-h6 \"><a href=\"https:\/\/www.cmclift.com\/fr\/actualites\/cmc-participe-a-la-conference-europlatform2022-a-rome\/\" rel=\"bookmark\">CMC PARTICIPE \u00c0 LA CONF\u00c9RENCE D\u2019IPAF EUROPLATFORM 2022 \u00c0 ROME<\/a><\/span> <\/div> <\/div> <\/div> <\/div> <div class=\"portfolio-item actualites evenements col-xs-12 col-sm-6 col-md-4 item-animations-not-inited post-hide-categories post-hide-date show-caption-border appearance-type- post-24282 post type-post status-publish format-standard has-post-thumbnail category-actualites category-evenements\" data-default-sort=\"0\" data-sort-date=\"1646743391\"> <div class=\"wrap clearfix\"> <div class=\"image post-24282 post type-post status-publish format-standard has-post-thumbnail category-actualites category-evenements\"> <div class=\"image-inner \"> <div class=\"post-featured-content\"><a href=\"https:\/\/www.cmclift.com\/fr\/actualites\/cmc-participe-a-lapf-uk\/\"> <picture> <img src=\"https:\/\/www.cmclift.com\/wp-content\/uploads\/2021\/11\/Generic-logo-thegem-portfolio-masonry.jpg\" width=\"754\" height=\"470\" class=\"img-responsive\" alt=\"Generic-logo\" \/> <\/picture> <\/a><\/div> <\/div> <div class=\"overlay\"> <div class=\"overlay-circle\"><\/div> <div class=\"links-wrapper\"> <div class=\"links\"> <div class=\"caption\"> <a href=\"https:\/\/www.cmclift.com\/fr\/actualites\/cmc-participe-a-lapf-uk\/\" class=\"portfolio-item-link\"> <span class=\"screen-reader-text\">CMC PARTICIPE \u00c0 L&rsquo;APF UK<\/span> <\/a> <\/div> <\/div> <\/div> <\/div> <\/div> <div class=\"caption post-24282 post type-post status-publish format-standard has-post-thumbnail category-actualites category-evenements\"> <div class=\"title\"> <span class=\"title-h6 \"><a href=\"https:\/\/www.cmclift.com\/fr\/actualites\/cmc-participe-a-lapf-uk\/\" rel=\"bookmark\">CMC PARTICIPE \u00c0 L&rsquo;APF UK<\/a><\/span> <\/div> <\/div> <\/div> <\/div> <\/div><!-- .portflio-set --> <div class=\"portfolio-item-size-container\"> <div class=\"portfolio-item col-xs-12 col-sm-6 col-md-4 item-animations-not-inited post-hide-categories post-hide-date show-caption-border post-24282 post type-post status-publish format-standard has-post-thumbnail category-actualites category-evenements\"> <\/div> <\/div> <\/div><!-- .row--> <div class=\"portfolio-load-more\"> <div class=\"inner\"> <style type=\"text\/css\">.thegem-button-69f3021b20f443621 .gem-button svg {fill: #ffffff;}<\/style><div class=\"gem-button-container gem-button-position-center thegem-button-69f3021b20f443621 gem-button-with-separator\" ><div class=\"gem-button-separator gem-button-separator-type-load-more\"><div class=\"gem-button-separator-holder\"><div class=\"gem-button-separator-line\" style=\"border-color: #dfe5e8;\"><\/div><\/div><div class=\"gem-button-separator-button\"><button class=\"gem-button gem-button-size-medium gem-button-style-flat gem-button-text-weight-normal\" data-ll-effect=\"drop-right-without-wrap\" style=\"border-radius: 25px;background-color: #4e5964;color: #ffffff;\" onmouseleave=\"this.style.backgroundColor='#4e5964';this.style.color='#ffffff';\" onmouseenter=\"\">Afficher plus<\/button><\/div><div class=\"gem-button-separator-holder\"><div class=\"gem-button-separator-line\" style=\"border-color: #dfe5e8;\"><\/div><\/div><\/div><\/div> <\/div> <\/div> <\/div><!-- .full-width --> <\/div><!-- .portfolio--> <\/div><!-- .portfolio-preloader-wrapper-->[\/vc_tta_section][vc_tta_section title=\u00a0\u00bb\u00c9v\u00e9nements\u00a0\u00bb tab_id=\u00a0\u00bb1674568073745-3a4bf9fe-d852&Prime;]<style>.portfolio.news-grid#style-4c256b5 .portfolio-item:not(.size-item), .preloader#style-preloader-4c256b5 .portfolio-item { padding: calc(20px\/2) !important; }.portfolio.news-grid#style-4c256b5 .portfolio-item.size-item { padding: 0 calc(20px\/2) !important; }.portfolio.news-grid#style-4c256b5 .portfolio-row, .preloader#style-preloader-4c256b5 .skeleton-posts.portfolio-row { margin: calc(-20px\/2); }.portfolio.news-grid#style-4c256b5.fullwidth-columns .portfolio-row { margin: calc(-20px\/2) 0; }.portfolio.news-grid#style-4c256b5 .fullwidth-block:not(.no-paddings) { padding-left: 20px; padding-right: 20px; }.portfolio.news-grid#style-4c256b5 .fullwidth-block .portfolio-row { padding-left: calc(20px\/2); padding-right: calc(20px\/2); }.portfolio.news-grid#style-4c256b5 .fullwidth-block .portfolio-top-panel { padding-left: 20px; padding-right: 20px; }.portfolio.news-grid#style-4c256b5.fullwidth-columns .with-filter-sidebar .filter-sidebar { padding-left: 20px; }.portfolio.news-grid#style-4c256b5.list-style.with-divider .portfolio-item .wrap:before { top: calc(-20px\/2); }@media (max-width: 991px) { .portfolio.news-grid#style-4c256b5 .portfolio-item:not(.size-item), .preloader#style-preloader-4c256b5 .portfolio-item { padding: calc(42px\/2) !important; }.portfolio.news-grid#style-4c256b5 .portfolio-item.size-item { padding: 0 calc(42px\/2) !important; }.portfolio.news-grid#style-4c256b5 .portfolio-row, .preloader#style-preloader-4c256b5 .skeleton-posts.portfolio-row { margin: calc(-42px\/2); }.portfolio.news-grid#style-4c256b5.fullwidth-columns .portfolio-row { margin: calc(-42px\/2) 0; }.portfolio.news-grid#style-4c256b5 .fullwidth-block:not(.no-paddings) { padding-left: 42px; padding-right: 42px; }.portfolio.news-grid#style-4c256b5 .fullwidth-block .portfolio-row { padding-left: calc(42px\/2); padding-right: calc(42px\/2); }.portfolio.news-grid#style-4c256b5 .fullwidth-block .portfolio-top-panel { padding-left: 42px; padding-right: 42px; }.portfolio.news-grid#style-4c256b5.fullwidth-columns .with-filter-sidebar .filter-sidebar { padding-left: 42px; }.portfolio.news-grid#style-4c256b5.list-style.with-divider .portfolio-item .wrap:before { top: calc(-42px\/2); }}@media (max-width: 767px) { .portfolio.news-grid#style-4c256b5 .portfolio-item:not(.size-item), .preloader#style-preloader-4c256b5 .portfolio-item { padding: calc(42px\/2) !important; }.portfolio.news-grid#style-4c256b5 .portfolio-item.size-item { padding: 0 calc(42px\/2) !important; }.portfolio.news-grid#style-4c256b5 .portfolio-row, .preloader#style-preloader-4c256b5 .skeleton-posts.portfolio-row { margin: calc(-42px\/2); }.portfolio.news-grid#style-4c256b5.fullwidth-columns .portfolio-row { margin: calc(-42px\/2) 0; }.portfolio.news-grid#style-4c256b5 .fullwidth-block:not(.no-paddings) { padding-left: 42px; padding-right: 42px; }.portfolio.news-grid#style-4c256b5 .fullwidth-block .portfolio-row { padding-left: calc(42px\/2); padding-right: calc(42px\/2); }.portfolio.news-grid#style-4c256b5 .fullwidth-block .portfolio-top-panel { padding-left: 42px; padding-right: 42px; }.portfolio.news-grid#style-4c256b5.fullwidth-columns .with-filter-sidebar .filter-sidebar { padding-left: 42px; }.portfolio.news-grid#style-4c256b5.list-style.with-divider .portfolio-item .wrap:before { top: calc(-42px\/2); }}.portfolio.news-grid#style-4c256b5 .portfolio-item .caption .title span { letter-spacing: px !important; }<\/style><style>.portfolio.news-grid#style-4c256b5 .portfolio-filters { text-align: center; }<\/style><div id=\"style-preloader-4c256b5\" class=\"preloader save-space\"><div class=\"preloader-spin\"><\/div><\/div> <div class=\"portfolio-preloader-wrapper panel-sidebar-position-left\"> <div class=\"portfolio portfolio-grid extended-portfolio-grid news-grid no-padding portfolio-pagination-more portfolio-style-masonry background-style-transparent title-style-light hover-disabled title-on-page caption-position-page version-default loading-animation item-animation-move-up portfolio-items-masonry columns-3 columns-tablet-2 columns-mobile-1 \" id=\"style-4c256b5\" data-style-uid=\"4c256b5\" data-portfolio-uid=\"grid_b92aa87\" data-current-page=\"1\" data-per-page=\"12\" data-next-page=\"0\" data-pages-count=\"1\" data-hover=\"disabled\" data-portfolio-filter=\"[]\" data-portfolio-filter-attributes=\"null\" data-portfolio-filter-status=\"null\" data-portfolio-filter-price=\"null\" data-portfolio-filter-search=\"\"> <div class=\"portfolio-row-outer \"> <div class=\"portfolio-top-panel selected-only\"> <div class=\"portfolio-filter-item portfolio-selected-filters left\"> <div class=\"portfolio-selected-filter-item clear-filters\"> Clear Filters\t<\/div> <\/div> <\/div> <div class=\"row portfolio-row\"> <div class=\"portfolio-set clearfix\" data-max-row-height=\"380\"> <div class=\"portfolio-item actualites evenements col-xs-12 col-sm-6 col-md-4 item-animations-not-inited post-hide-categories post-hide-date show-caption-border appearance-type- post-38976 post type-post status-publish format-standard has-post-thumbnail category-actualites category-evenements tag-cmc-fr-2 tag-cmc-aeral-platforms-en-fr tag-cmc-lift-fr-2 tag-cmc-the-specialift-fr\" data-default-sort=\"0\" data-sort-date=\"1700301654\"> <div class=\"wrap clearfix\"> <div class=\"image post-38976 post type-post status-publish format-standard has-post-thumbnail category-actualites category-evenements tag-cmc-fr-2 tag-cmc-aeral-platforms-en-fr tag-cmc-lift-fr-2 tag-cmc-the-specialift-fr\"> <div class=\"image-inner \"> <div class=\"post-featured-content\"><a href=\"https:\/\/www.cmclift.com\/fr\/evenements\/cmc-exposera-a-smopyc-2023-hall-2-stand-b-c-21-30\/\"> <picture> <img src=\"https:\/\/www.cmclift.com\/wp-content\/uploads\/2023\/11\/smopyc-2023-1-thegem-portfolio-masonry.jpg\" width=\"754\" height=\"470\" class=\"img-responsive\" alt=\"smopyc-2023\" \/> <\/picture> <\/a><\/div> <\/div> <div class=\"overlay\"> <div class=\"overlay-circle\"><\/div> <div class=\"links-wrapper\"> <div class=\"links\"> <div class=\"caption\"> <a href=\"https:\/\/www.cmclift.com\/fr\/evenements\/cmc-exposera-a-smopyc-2023-hall-2-stand-b-c-21-30\/\" class=\"portfolio-item-link\"> <span class=\"screen-reader-text\">CMC EXPOSERA \u00c0 SMOPYC 2023, HALL 2, STAND B-C\/21\/30<\/span> <\/a> <\/div> <\/div> <\/div> <\/div> <\/div> <div class=\"caption post-38976 post type-post status-publish format-standard has-post-thumbnail category-actualites category-evenements tag-cmc-fr-2 tag-cmc-aeral-platforms-en-fr tag-cmc-lift-fr-2 tag-cmc-the-specialift-fr\"> <div class=\"title\"> <span class=\"title-h6 \"><a href=\"https:\/\/www.cmclift.com\/fr\/evenements\/cmc-exposera-a-smopyc-2023-hall-2-stand-b-c-21-30\/\" rel=\"bookmark\">CMC EXPOSERA \u00c0 SMOPYC 2023, HALL 2, STAND B-C\/21\/30<\/a><\/span> <\/div> <\/div> <\/div> <\/div> <div class=\"portfolio-item actualites evenements col-xs-12 col-sm-6 col-md-4 item-animations-not-inited post-hide-categories post-hide-date show-caption-border appearance-type- post-24835 post type-post status-publish format-standard has-post-thumbnail category-actualites category-evenements tag-cmc-fr-2 tag-cmc-aeral-platforms-en-fr tag-cmc-the-specialift-fr\" data-default-sort=\"0\" data-sort-date=\"1650559013\"> <div class=\"wrap clearfix\"> <div class=\"image post-24835 post type-post status-publish format-standard has-post-thumbnail category-actualites category-evenements tag-cmc-fr-2 tag-cmc-aeral-platforms-en-fr tag-cmc-the-specialift-fr\"> <div class=\"image-inner \"> <div class=\"post-featured-content\"><a href=\"https:\/\/www.cmclift.com\/fr\/actualites\/cmc-un-acteur-cle-dans-les-evenements-du-secteur\/\"> <picture> <img src=\"https:\/\/www.cmclift.com\/wp-content\/uploads\/2022\/04\/Press-Room-thegem-portfolio-masonry.jpg\" width=\"754\" height=\"470\" class=\"img-responsive\" alt=\"Press-Room\" \/> <\/picture> <\/a><\/div> <\/div> <div class=\"overlay\"> <div class=\"overlay-circle\"><\/div> <div class=\"links-wrapper\"> <div class=\"links\"> <div class=\"caption\"> <a href=\"https:\/\/www.cmclift.com\/fr\/actualites\/cmc-un-acteur-cle-dans-les-evenements-du-secteur\/\" class=\"portfolio-item-link\"> <span class=\"screen-reader-text\">CMC: UN ACTEUR CL\u00c9 DANS LES \u00c9V\u00c9NEMENTS DU SECTEUR<\/span> <\/a> <\/div> <\/div> <\/div> <\/div> <\/div> <div class=\"caption post-24835 post type-post status-publish format-standard has-post-thumbnail category-actualites category-evenements tag-cmc-fr-2 tag-cmc-aeral-platforms-en-fr tag-cmc-the-specialift-fr\"> <div class=\"title\"> <span class=\"title-h6 \"><a href=\"https:\/\/www.cmclift.com\/fr\/actualites\/cmc-un-acteur-cle-dans-les-evenements-du-secteur\/\" rel=\"bookmark\">CMC: UN ACTEUR CL\u00c9 DANS LES \u00c9V\u00c9NEMENTS DU SECTEUR<\/a><\/span> <\/div> <\/div> <\/div> <\/div> <div class=\"portfolio-item actualites evenements col-xs-12 col-sm-6 col-md-4 item-animations-not-inited post-hide-categories post-hide-date show-caption-border appearance-type- post-24408 post type-post status-publish format-standard has-post-thumbnail category-actualites category-evenements tag-bauma-2022-fr tag-cmc-lift-fr-2 tag-cmc-the-specialift-fr\" data-default-sort=\"0\" data-sort-date=\"1646827995\"> <div class=\"wrap clearfix\"> <div class=\"image post-24408 post type-post status-publish format-standard has-post-thumbnail category-actualites category-evenements tag-bauma-2022-fr tag-cmc-lift-fr-2 tag-cmc-the-specialift-fr\"> <div class=\"image-inner \"> <div class=\"post-featured-content\"><a href=\"https:\/\/www.cmclift.com\/fr\/actualites\/cmc-sera-present-a-bauma-2022\/\"> <picture> <img src=\"https:\/\/www.cmclift.com\/wp-content\/uploads\/2022\/04\/CMC-bauma-thegem-portfolio-masonry.jpg\" width=\"754\" height=\"470\" class=\"img-responsive\" alt=\"CMC-bauma\" \/> <\/picture> <\/a><\/div> <\/div> <div class=\"overlay\"> <div class=\"overlay-circle\"><\/div> <div class=\"links-wrapper\"> <div class=\"links\"> <div class=\"caption\"> <a href=\"https:\/\/www.cmclift.com\/fr\/actualites\/cmc-sera-present-a-bauma-2022\/\" class=\"portfolio-item-link\"> <span class=\"screen-reader-text\">CMC SERA PR\u00c9SENT \u00c0 BAUMA 2022<\/span> <\/a> <\/div> <\/div> <\/div> <\/div> <\/div> <div class=\"caption post-24408 post type-post status-publish format-standard has-post-thumbnail category-actualites category-evenements tag-bauma-2022-fr tag-cmc-lift-fr-2 tag-cmc-the-specialift-fr\"> <div class=\"title\"> <span class=\"title-h6 \"><a href=\"https:\/\/www.cmclift.com\/fr\/actualites\/cmc-sera-present-a-bauma-2022\/\" rel=\"bookmark\">CMC SERA PR\u00c9SENT \u00c0 BAUMA 2022<\/a><\/span> <\/div> <\/div> <\/div> <\/div> <div class=\"portfolio-item actualites evenements col-xs-12 col-sm-6 col-md-4 item-animations-not-inited post-hide-categories post-hide-date show-caption-border appearance-type- post-24390 post type-post status-publish format-standard has-post-thumbnail category-actualites category-evenements tag-cmc-the-specialift-fr tag-vertikal-days-2022-fr\" data-default-sort=\"0\" data-sort-date=\"1646824864\"> <div class=\"wrap clearfix\"> <div class=\"image post-24390 post type-post status-publish format-standard has-post-thumbnail category-actualites category-evenements tag-cmc-the-specialift-fr tag-vertikal-days-2022-fr\"> <div class=\"image-inner \"> <div class=\"post-featured-content\"><a href=\"https:\/\/www.cmclift.com\/fr\/actualites\/cmc-participe-aux-vertikal-days-2022\/\"> <picture> <img src=\"https:\/\/www.cmclift.com\/wp-content\/uploads\/2022\/03\/cmc_vertikal_days_2022-1-thegem-portfolio-masonry.jpg\" width=\"754\" height=\"470\" class=\"img-responsive\" alt=\"cmc_vertikal_days_2022\" \/> <\/picture> <\/a><\/div> <\/div> <div class=\"overlay\"> <div class=\"overlay-circle\"><\/div> <div class=\"links-wrapper\"> <div class=\"links\"> <div class=\"caption\"> <a href=\"https:\/\/www.cmclift.com\/fr\/actualites\/cmc-participe-aux-vertikal-days-2022\/\" class=\"portfolio-item-link\"> <span class=\"screen-reader-text\">CMC PARTICIPE AUX VERTIKAL DAYS 2022<\/span> <\/a> <\/div> <\/div> <\/div> <\/div> <\/div> <div class=\"caption post-24390 post type-post status-publish format-standard has-post-thumbnail category-actualites category-evenements tag-cmc-the-specialift-fr tag-vertikal-days-2022-fr\"> <div class=\"title\"> <span class=\"title-h6 \"><a href=\"https:\/\/www.cmclift.com\/fr\/actualites\/cmc-participe-aux-vertikal-days-2022\/\" rel=\"bookmark\">CMC PARTICIPE AUX VERTIKAL DAYS 2022<\/a><\/span> <\/div> <\/div> <\/div> <\/div> <div class=\"portfolio-item actualites evenements col-xs-12 col-sm-6 col-md-4 item-animations-not-inited post-hide-categories post-hide-date show-caption-border appearance-type- post-24374 post type-post status-publish format-standard has-post-thumbnail category-actualites category-evenements tag-cmc-the-specialift-fr\" data-default-sort=\"0\" data-sort-date=\"1646821524\"> <div class=\"wrap clearfix\"> <div class=\"image post-24374 post type-post status-publish format-standard has-post-thumbnail category-actualites category-evenements tag-cmc-the-specialift-fr\"> <div class=\"image-inner \"> <div class=\"post-featured-content\"><a href=\"https:\/\/www.cmclift.com\/fr\/actualites\/cmc-participera-a-born-to-lift-innovations-tag\/\"> <picture> <img src=\"https:\/\/www.cmclift.com\/wp-content\/uploads\/2022\/03\/CMC-x-born-to-lift-thegem-portfolio-masonry.jpg\" width=\"754\" height=\"470\" class=\"img-responsive\" alt=\"CMC-x-born-to-lift\" \/> <\/picture> <\/a><\/div> <\/div> <div class=\"overlay\"> <div class=\"overlay-circle\"><\/div> <div class=\"links-wrapper\"> <div class=\"links\"> <div class=\"caption\"> <a href=\"https:\/\/www.cmclift.com\/fr\/actualites\/cmc-participera-a-born-to-lift-innovations-tag\/\" class=\"portfolio-item-link\"> <span class=\"screen-reader-text\">CMC PARTICIPERA \u00c0 BORN TO LIFT \/ INNOVATION&rsquo;S TAG<\/span> <\/a> <\/div> <\/div> <\/div> <\/div> <\/div> <div class=\"caption post-24374 post type-post status-publish format-standard has-post-thumbnail category-actualites category-evenements tag-cmc-the-specialift-fr\"> <div class=\"title\"> <span class=\"title-h6 \"><a href=\"https:\/\/www.cmclift.com\/fr\/actualites\/cmc-participera-a-born-to-lift-innovations-tag\/\" rel=\"bookmark\">CMC PARTICIPERA \u00c0 BORN TO LIFT \/ INNOVATION&rsquo;S TAG<\/a><\/span> <\/div> <\/div> <\/div> <\/div> <div class=\"portfolio-item actualites evenements col-xs-12 col-sm-6 col-md-4 item-animations-not-inited post-hide-categories post-hide-date show-caption-border appearance-type- post-24324 post type-post status-publish format-standard has-post-thumbnail category-actualites category-evenements tag-cmc-the-specialift-fr tag-vei-og-anlegg-fr\" data-default-sort=\"0\" data-sort-date=\"1646751608\"> <div class=\"wrap clearfix\"> <div class=\"image post-24324 post type-post status-publish format-standard has-post-thumbnail category-actualites category-evenements tag-cmc-the-specialift-fr tag-vei-og-anlegg-fr\"> <div class=\"image-inner \"> <div class=\"post-featured-content\"><a href=\"https:\/\/www.cmclift.com\/fr\/actualites\/cmc-participe-a-vei-og-anlegg\/\"> <picture> <img src=\"https:\/\/www.cmclift.com\/wp-content\/uploads\/2022\/03\/CMC-VEI_OG-thegem-portfolio-masonry.jpg\" width=\"754\" height=\"470\" class=\"img-responsive\" alt=\"CMC-VEI_OG\" \/> <\/picture> <\/a><\/div> <\/div> <div class=\"overlay\"> <div class=\"overlay-circle\"><\/div> <div class=\"links-wrapper\"> <div class=\"links\"> <div class=\"caption\"> <a href=\"https:\/\/www.cmclift.com\/fr\/actualites\/cmc-participe-a-vei-og-anlegg\/\" class=\"portfolio-item-link\"> <span class=\"screen-reader-text\">CMC PARTICIPE \u00c0 VEI OG ANLEGG<\/span> <\/a> <\/div> <\/div> <\/div> <\/div> <\/div> <div class=\"caption post-24324 post type-post status-publish format-standard has-post-thumbnail category-actualites category-evenements tag-cmc-the-specialift-fr tag-vei-og-anlegg-fr\"> <div class=\"title\"> <span class=\"title-h6 \"><a href=\"https:\/\/www.cmclift.com\/fr\/actualites\/cmc-participe-a-vei-og-anlegg\/\" rel=\"bookmark\">CMC PARTICIPE \u00c0 VEI OG ANLEGG<\/a><\/span> <\/div> <\/div> <\/div> <\/div> <div class=\"portfolio-item actualites evenements col-xs-12 col-sm-6 col-md-4 item-animations-not-inited post-hide-categories post-hide-date show-caption-border appearance-type- post-24306 post type-post status-publish format-standard has-post-thumbnail category-actualites category-evenements\" data-default-sort=\"0\" data-sort-date=\"1646748731\"> <div class=\"wrap clearfix\"> <div class=\"image post-24306 post type-post status-publish format-standard has-post-thumbnail category-actualites category-evenements\"> <div class=\"image-inner \"> <div class=\"post-featured-content\"><a href=\"https:\/\/www.cmclift.com\/fr\/actualites\/cmc-participe-a-la-conference-europlatform2022-a-rome\/\"> <picture> <img src=\"https:\/\/www.cmclift.com\/wp-content\/uploads\/2022\/03\/CMC-x-europlatform-1-thegem-portfolio-masonry.jpg\" width=\"754\" height=\"470\" class=\"img-responsive\" alt=\"CMC-x-europlatform\" \/> <\/picture> <\/a><\/div> <\/div> <div class=\"overlay\"> <div class=\"overlay-circle\"><\/div> <div class=\"links-wrapper\"> <div class=\"links\"> <div class=\"caption\"> <a href=\"https:\/\/www.cmclift.com\/fr\/actualites\/cmc-participe-a-la-conference-europlatform2022-a-rome\/\" class=\"portfolio-item-link\"> <span class=\"screen-reader-text\">CMC PARTICIPE \u00c0 LA CONF\u00c9RENCE D\u2019IPAF EUROPLATFORM 2022 \u00c0 ROME<\/span> <\/a> <\/div> <\/div> <\/div> <\/div> <\/div> <div class=\"caption post-24306 post type-post status-publish format-standard has-post-thumbnail category-actualites category-evenements\"> <div class=\"title\"> <span class=\"title-h6 \"><a href=\"https:\/\/www.cmclift.com\/fr\/actualites\/cmc-participe-a-la-conference-europlatform2022-a-rome\/\" rel=\"bookmark\">CMC PARTICIPE \u00c0 LA CONF\u00c9RENCE D\u2019IPAF EUROPLATFORM 2022 \u00c0 ROME<\/a><\/span> <\/div> <\/div> <\/div> <\/div> <div class=\"portfolio-item actualites evenements col-xs-12 col-sm-6 col-md-4 item-animations-not-inited post-hide-categories post-hide-date show-caption-border appearance-type- post-24282 post type-post status-publish format-standard has-post-thumbnail category-actualites category-evenements\" data-default-sort=\"0\" data-sort-date=\"1646743391\"> <div class=\"wrap clearfix\"> <div class=\"image post-24282 post type-post status-publish format-standard has-post-thumbnail category-actualites category-evenements\"> <div class=\"image-inner \"> <div class=\"post-featured-content\"><a href=\"https:\/\/www.cmclift.com\/fr\/actualites\/cmc-participe-a-lapf-uk\/\"> <picture> <img src=\"https:\/\/www.cmclift.com\/wp-content\/uploads\/2021\/11\/Generic-logo-thegem-portfolio-masonry.jpg\" width=\"754\" height=\"470\" class=\"img-responsive\" alt=\"Generic-logo\" \/> <\/picture> <\/a><\/div> <\/div> <div class=\"overlay\"> <div class=\"overlay-circle\"><\/div> <div class=\"links-wrapper\"> <div class=\"links\"> <div class=\"caption\"> <a href=\"https:\/\/www.cmclift.com\/fr\/actualites\/cmc-participe-a-lapf-uk\/\" class=\"portfolio-item-link\"> <span class=\"screen-reader-text\">CMC PARTICIPE \u00c0 L&rsquo;APF UK<\/span> <\/a> <\/div> <\/div> <\/div> <\/div> <\/div> <div class=\"caption post-24282 post type-post status-publish format-standard has-post-thumbnail category-actualites category-evenements\"> <div class=\"title\"> <span class=\"title-h6 \"><a href=\"https:\/\/www.cmclift.com\/fr\/actualites\/cmc-participe-a-lapf-uk\/\" rel=\"bookmark\">CMC PARTICIPE \u00c0 L&rsquo;APF UK<\/a><\/span> <\/div> <\/div> <\/div> <\/div> <\/div><!-- .portflio-set --> <div class=\"portfolio-item-size-container\"> <div class=\"portfolio-item col-xs-12 col-sm-6 col-md-4 item-animations-not-inited post-hide-categories post-hide-date show-caption-border post-24282 post type-post status-publish format-standard has-post-thumbnail category-actualites category-evenements\"> <\/div> <\/div> <\/div><!-- .row--> <\/div><!-- .full-width --> <\/div><!-- .portfolio--> <\/div><!-- .portfolio-preloader-wrapper-->[\/vc_tta_section][vc_tta_section title=\u00a0\u00bbCas pratique\u00a0\u00bb tab_id=\u00a0\u00bb1674568073760-891382f9-5a1d\u00a0\u00bb]<style>.portfolio.news-grid#style-b9b3402 .portfolio-item:not(.size-item), .preloader#style-preloader-b9b3402 .portfolio-item { padding: calc(20px\/2) !important; }.portfolio.news-grid#style-b9b3402 .portfolio-item.size-item { padding: 0 calc(20px\/2) !important; }.portfolio.news-grid#style-b9b3402 .portfolio-row, .preloader#style-preloader-b9b3402 .skeleton-posts.portfolio-row { margin: calc(-20px\/2); }.portfolio.news-grid#style-b9b3402.fullwidth-columns .portfolio-row { margin: calc(-20px\/2) 0; }.portfolio.news-grid#style-b9b3402 .fullwidth-block:not(.no-paddings) { padding-left: 20px; padding-right: 20px; }.portfolio.news-grid#style-b9b3402 .fullwidth-block .portfolio-row { padding-left: calc(20px\/2); padding-right: calc(20px\/2); }.portfolio.news-grid#style-b9b3402 .fullwidth-block .portfolio-top-panel { padding-left: 20px; padding-right: 20px; }.portfolio.news-grid#style-b9b3402.fullwidth-columns .with-filter-sidebar .filter-sidebar { padding-left: 20px; }.portfolio.news-grid#style-b9b3402.list-style.with-divider .portfolio-item .wrap:before { top: calc(-20px\/2); }@media (max-width: 991px) { .portfolio.news-grid#style-b9b3402 .portfolio-item:not(.size-item), .preloader#style-preloader-b9b3402 .portfolio-item { padding: calc(42px\/2) !important; }.portfolio.news-grid#style-b9b3402 .portfolio-item.size-item { padding: 0 calc(42px\/2) !important; }.portfolio.news-grid#style-b9b3402 .portfolio-row, .preloader#style-preloader-b9b3402 .skeleton-posts.portfolio-row { margin: calc(-42px\/2); }.portfolio.news-grid#style-b9b3402.fullwidth-columns .portfolio-row { margin: calc(-42px\/2) 0; }.portfolio.news-grid#style-b9b3402 .fullwidth-block:not(.no-paddings) { padding-left: 42px; padding-right: 42px; }.portfolio.news-grid#style-b9b3402 .fullwidth-block .portfolio-row { padding-left: calc(42px\/2); padding-right: calc(42px\/2); }.portfolio.news-grid#style-b9b3402 .fullwidth-block .portfolio-top-panel { padding-left: 42px; padding-right: 42px; }.portfolio.news-grid#style-b9b3402.fullwidth-columns .with-filter-sidebar .filter-sidebar { padding-left: 42px; }.portfolio.news-grid#style-b9b3402.list-style.with-divider .portfolio-item .wrap:before { top: calc(-42px\/2); }}@media (max-width: 767px) { .portfolio.news-grid#style-b9b3402 .portfolio-item:not(.size-item), .preloader#style-preloader-b9b3402 .portfolio-item { padding: calc(42px\/2) !important; }.portfolio.news-grid#style-b9b3402 .portfolio-item.size-item { padding: 0 calc(42px\/2) !important; }.portfolio.news-grid#style-b9b3402 .portfolio-row, .preloader#style-preloader-b9b3402 .skeleton-posts.portfolio-row { margin: calc(-42px\/2); }.portfolio.news-grid#style-b9b3402.fullwidth-columns .portfolio-row { margin: calc(-42px\/2) 0; }.portfolio.news-grid#style-b9b3402 .fullwidth-block:not(.no-paddings) { padding-left: 42px; padding-right: 42px; }.portfolio.news-grid#style-b9b3402 .fullwidth-block .portfolio-row { padding-left: calc(42px\/2); padding-right: calc(42px\/2); }.portfolio.news-grid#style-b9b3402 .fullwidth-block .portfolio-top-panel { padding-left: 42px; padding-right: 42px; }.portfolio.news-grid#style-b9b3402.fullwidth-columns .with-filter-sidebar .filter-sidebar { padding-left: 42px; }.portfolio.news-grid#style-b9b3402.list-style.with-divider .portfolio-item .wrap:before { top: calc(-42px\/2); }}.portfolio.news-grid#style-b9b3402 .portfolio-item .caption .title span { letter-spacing: px !important; }<\/style><style>.portfolio.news-grid#style-b9b3402 .portfolio-filters { text-align: center; }<\/style>[\/vc_tta_section][vc_tta_section title=\u00a0\u00bbTous\u00a0\u00bb tab_id=\u00a0\u00bb1674568073773-5e2b0656-63c2&Prime;]<style>.portfolio.news-grid#style-ae4ff04 .portfolio-item:not(.size-item), .preloader#style-preloader-ae4ff04 .portfolio-item { padding: calc(20px\/2) !important; }.portfolio.news-grid#style-ae4ff04 .portfolio-item.size-item { padding: 0 calc(20px\/2) !important; }.portfolio.news-grid#style-ae4ff04 .portfolio-row, .preloader#style-preloader-ae4ff04 .skeleton-posts.portfolio-row { margin: calc(-20px\/2); }.portfolio.news-grid#style-ae4ff04.fullwidth-columns .portfolio-row { margin: calc(-20px\/2) 0; }.portfolio.news-grid#style-ae4ff04 .fullwidth-block:not(.no-paddings) { padding-left: 20px; padding-right: 20px; }.portfolio.news-grid#style-ae4ff04 .fullwidth-block .portfolio-row { padding-left: calc(20px\/2); padding-right: calc(20px\/2); }.portfolio.news-grid#style-ae4ff04 .fullwidth-block .portfolio-top-panel { padding-left: 20px; padding-right: 20px; }.portfolio.news-grid#style-ae4ff04.fullwidth-columns .with-filter-sidebar .filter-sidebar { padding-left: 20px; }.portfolio.news-grid#style-ae4ff04.list-style.with-divider .portfolio-item .wrap:before { top: calc(-20px\/2); }@media (max-width: 991px) { .portfolio.news-grid#style-ae4ff04 .portfolio-item:not(.size-item), .preloader#style-preloader-ae4ff04 .portfolio-item { padding: calc(42px\/2) !important; }.portfolio.news-grid#style-ae4ff04 .portfolio-item.size-item { padding: 0 calc(42px\/2) !important; }.portfolio.news-grid#style-ae4ff04 .portfolio-row, .preloader#style-preloader-ae4ff04 .skeleton-posts.portfolio-row { margin: calc(-42px\/2); }.portfolio.news-grid#style-ae4ff04.fullwidth-columns .portfolio-row { margin: calc(-42px\/2) 0; }.portfolio.news-grid#style-ae4ff04 .fullwidth-block:not(.no-paddings) { padding-left: 42px; padding-right: 42px; }.portfolio.news-grid#style-ae4ff04 .fullwidth-block .portfolio-row { padding-left: calc(42px\/2); padding-right: calc(42px\/2); }.portfolio.news-grid#style-ae4ff04 .fullwidth-block .portfolio-top-panel { padding-left: 42px; padding-right: 42px; }.portfolio.news-grid#style-ae4ff04.fullwidth-columns .with-filter-sidebar .filter-sidebar { padding-left: 42px; }.portfolio.news-grid#style-ae4ff04.list-style.with-divider .portfolio-item .wrap:before { top: calc(-42px\/2); }}@media (max-width: 767px) { .portfolio.news-grid#style-ae4ff04 .portfolio-item:not(.size-item), .preloader#style-preloader-ae4ff04 .portfolio-item { padding: calc(42px\/2) !important; }.portfolio.news-grid#style-ae4ff04 .portfolio-item.size-item { padding: 0 calc(42px\/2) !important; }.portfolio.news-grid#style-ae4ff04 .portfolio-row, .preloader#style-preloader-ae4ff04 .skeleton-posts.portfolio-row { margin: calc(-42px\/2); }.portfolio.news-grid#style-ae4ff04.fullwidth-columns .portfolio-row { margin: calc(-42px\/2) 0; }.portfolio.news-grid#style-ae4ff04 .fullwidth-block:not(.no-paddings) { padding-left: 42px; padding-right: 42px; }.portfolio.news-grid#style-ae4ff04 .fullwidth-block .portfolio-row { padding-left: calc(42px\/2); padding-right: calc(42px\/2); }.portfolio.news-grid#style-ae4ff04 .fullwidth-block .portfolio-top-panel { padding-left: 42px; padding-right: 42px; }.portfolio.news-grid#style-ae4ff04.fullwidth-columns .with-filter-sidebar .filter-sidebar { padding-left: 42px; }.portfolio.news-grid#style-ae4ff04.list-style.with-divider .portfolio-item .wrap:before { top: calc(-42px\/2); }}.portfolio.news-grid#style-ae4ff04 .portfolio-item .caption .title span { letter-spacing: px !important; }<\/style><style>.portfolio.news-grid#style-ae4ff04 .portfolio-filters { text-align: center; }<\/style><div id=\"style-preloader-ae4ff04\" class=\"preloader save-space\"><div class=\"preloader-spin\"><\/div><\/div> <div class=\"portfolio-preloader-wrapper panel-sidebar-position-left\"> <div class=\"portfolio portfolio-grid extended-portfolio-grid news-grid no-padding portfolio-pagination-more portfolio-style-masonry background-style-transparent title-style-light hover-disabled title-on-page caption-position-page version-default loading-animation item-animation-move-up portfolio-items-masonry columns-3 columns-tablet-2 columns-mobile-1 \" id=\"style-ae4ff04\" data-style-uid=\"ae4ff04\" data-portfolio-uid=\"grid_b92aa87\" data-current-page=\"1\" data-per-page=\"12\" data-next-page=\"2\" data-pages-count=\"3\" data-hover=\"disabled\" data-portfolio-filter=\"[]\" data-portfolio-filter-attributes=\"null\" data-portfolio-filter-status=\"null\" data-portfolio-filter-price=\"null\" data-portfolio-filter-search=\"\"> <div class=\"portfolio-row-outer \"> <div class=\"portfolio-top-panel selected-only\"> <div class=\"portfolio-filter-item portfolio-selected-filters left\"> <div class=\"portfolio-selected-filter-item clear-filters\"> Clear Filters\t<\/div> <\/div> <\/div> <div class=\"row portfolio-row\"> <div class=\"portfolio-set clearfix\" data-max-row-height=\"380\"> <div class=\"portfolio-item actualites col-xs-12 col-sm-6 col-md-4 item-animations-not-inited post-hide-categories post-hide-date show-caption-border appearance-type- post-28273 post type-post status-publish format-standard has-post-thumbnail category-actualites tag-cmc-fr-2\" data-default-sort=\"20\" data-sort-date=\"1668776895\"> <div class=\"wrap clearfix\"> <div class=\"image post-28273 post type-post status-publish format-standard has-post-thumbnail category-actualites tag-cmc-fr-2\"> <div class=\"image-inner \"> <div class=\"post-featured-content\"><a href=\"https:\/\/www.cmclift.com\/fr\/actualites\/cmc-est-heureux-dannoncer-lentree-de-metrika-sgr-dans-70-du-capital-social\/\"> <picture> <img src=\"https:\/\/www.cmclift.com\/wp-content\/uploads\/2022\/11\/metrika-X-cmc-thegem-portfolio-masonry.jpg\" width=\"754\" height=\"470\" class=\"img-responsive\" alt=\"metrika-X-cmc\" \/> <\/picture> <\/a><\/div> <\/div> <div class=\"overlay\"> <div class=\"overlay-circle\"><\/div> <div class=\"links-wrapper\"> <div class=\"links\"> <div class=\"caption\"> <a href=\"https:\/\/www.cmclift.com\/fr\/actualites\/cmc-est-heureux-dannoncer-lentree-de-metrika-sgr-dans-70-du-capital-social\/\" class=\"portfolio-item-link\"> <span class=\"screen-reader-text\">CMC EST HEUREUX D&rsquo;ANNONCER L&rsquo;ENTR\u00c9E DE METRIKA SGR DANS 70% DU CAPITAL SOCIAL<\/span> <\/a> <\/div> <\/div> <\/div> <\/div> <\/div> <div class=\"caption post-28273 post type-post status-publish format-standard has-post-thumbnail category-actualites tag-cmc-fr-2\"> <div class=\"title\"> <span class=\"title-h6 \"><a href=\"https:\/\/www.cmclift.com\/fr\/actualites\/cmc-est-heureux-dannoncer-lentree-de-metrika-sgr-dans-70-du-capital-social\/\" rel=\"bookmark\">CMC EST HEUREUX D&rsquo;ANNONCER L&rsquo;ENTR\u00c9E DE METRIKA SGR DANS 70% DU CAPITAL SOCIAL<\/a><\/span> <\/div> <\/div> <\/div> <\/div> <div class=\"portfolio-item actualites col-xs-12 col-sm-6 col-md-4 item-animations-not-inited post-hide-categories post-hide-date show-caption-border appearance-type- post-28549 post type-post status-publish format-standard has-post-thumbnail category-actualites\" data-default-sort=\"19\" data-sort-date=\"1670257990\"> <div class=\"wrap clearfix\"> <div class=\"image post-28549 post type-post status-publish format-standard has-post-thumbnail category-actualites\"> <div class=\"image-inner \"> <div class=\"post-featured-content\"><a href=\"https:\/\/www.cmclift.com\/fr\/actualites\/cmc-excelle-au-bauma-avec-le-s27-et-le-s30-les-deux-nouveaux-modeles-de-la-serie-dp\/\"> <picture> <img src=\"https:\/\/www.cmclift.com\/wp-content\/uploads\/2022\/11\/s30-prodotto-evidenza-thegem-portfolio-masonry.png\" width=\"754\" height=\"674\" class=\"img-responsive\" alt=\"s30-prodotto-evidenza\" \/> <\/picture> <\/a><\/div> <\/div> <div class=\"overlay\"> <div class=\"overlay-circle\"><\/div> <div class=\"links-wrapper\"> <div class=\"links\"> <div class=\"caption\"> <a href=\"https:\/\/www.cmclift.com\/fr\/actualites\/cmc-excelle-au-bauma-avec-le-s27-et-le-s30-les-deux-nouveaux-modeles-de-la-serie-dp\/\" class=\"portfolio-item-link\"> <span class=\"screen-reader-text\">CMC EXCELLE AU BAUMA AVEC LE S27 ET LE S30, LES DEUX NOUVEAUX MOD\u00c8LES DE LA S\u00c9RIE DP<\/span> <\/a> <\/div> <\/div> <\/div> <\/div> <\/div> <div class=\"caption post-28549 post type-post status-publish format-standard has-post-thumbnail category-actualites\"> <div class=\"title\"> <span class=\"title-h6 \"><a href=\"https:\/\/www.cmclift.com\/fr\/actualites\/cmc-excelle-au-bauma-avec-le-s27-et-le-s30-les-deux-nouveaux-modeles-de-la-serie-dp\/\" rel=\"bookmark\">CMC EXCELLE AU BAUMA AVEC LE S27 ET LE S30, LES DEUX NOUVEAUX MOD\u00c8LES DE LA S\u00c9RIE DP<\/a><\/span> <\/div> <\/div> <\/div> <\/div> <div class=\"portfolio-item actualites magazine-fr col-xs-12 col-sm-6 col-md-4 item-animations-not-inited post-hide-categories post-hide-date show-caption-border appearance-type- post-45190 post type-post status-publish format-standard has-post-thumbnail category-actualites category-magazine-fr\" data-default-sort=\"0\" data-sort-date=\"1744291244\"> <div class=\"wrap clearfix\"> <div class=\"image post-45190 post type-post status-publish format-standard has-post-thumbnail category-actualites category-magazine-fr\"> <div class=\"image-inner \"> <div class=\"post-featured-content\"><a href=\"https:\/\/www.cmclift.com\/fr\/eventi\/cmc-partenariat-axeo\/\"> <picture> <img src=\"https:\/\/www.cmclift.com\/wp-content\/uploads\/2025\/04\/DSC03866-thegem-portfolio-masonry.png\" width=\"754\" height=\"424\" class=\"img-responsive\" alt=\"CMC KLAAS ALL ROAD\" \/> <\/picture> <\/a><\/div> <\/div> <div class=\"overlay\"> <div class=\"overlay-circle\"><\/div> <div class=\"links-wrapper\"> <div class=\"links\"> <div class=\"caption\"> <a href=\"https:\/\/www.cmclift.com\/fr\/eventi\/cmc-partenariat-axeo\/\" class=\"portfolio-item-link\"> <span class=\"screen-reader-text\">AXEO devient le partenaire officiel de CMC en France : une alliance strat\u00e9gique annonc\u00e9e \u00e0 Bauma 2025<\/span> <\/a> <\/div> <\/div> <\/div> <\/div> <\/div> <div class=\"caption post-45190 post type-post status-publish format-standard has-post-thumbnail category-actualites category-magazine-fr\"> <div class=\"title\"> <span class=\"title-h6 \"><a href=\"https:\/\/www.cmclift.com\/fr\/eventi\/cmc-partenariat-axeo\/\" rel=\"bookmark\">AXEO devient le partenaire officiel de CMC en France : une alliance strat\u00e9gique annonc\u00e9e \u00e0 Bauma 2025<\/a><\/span> <\/div> <\/div> <\/div> <\/div> <div class=\"portfolio-item magazine-fr col-xs-12 col-sm-6 col-md-4 item-animations-not-inited post-hide-categories post-hide-date show-caption-border appearance-type- post-44734 post type-post status-publish format-standard has-post-thumbnail category-magazine-fr\" data-default-sort=\"0\" data-sort-date=\"1741802866\"> <div class=\"wrap clearfix\"> <div class=\"image post-44734 post type-post status-publish format-standard has-post-thumbnail category-magazine-fr\"> <div class=\"image-inner \"> <div class=\"post-featured-content\"><a href=\"https:\/\/www.cmclift.com\/fr\/magazine\/les-avantages-des-plateformes-elevatrices-par-rapport-aux-echafaudages-traditionnels\/\"> <picture> <img src=\"https:\/\/www.cmclift.com\/wp-content\/uploads\/2025\/03\/Copertine-vantaggi_867x540-thegem-portfolio-masonry.jpg\" width=\"754\" height=\"470\" class=\"img-responsive\" alt=\"Vantaggi piattaforme aeree\" \/> <\/picture> <\/a><\/div> <\/div> <div class=\"overlay\"> <div class=\"overlay-circle\"><\/div> <div class=\"links-wrapper\"> <div class=\"links\"> <div class=\"caption\"> <a href=\"https:\/\/www.cmclift.com\/fr\/magazine\/les-avantages-des-plateformes-elevatrices-par-rapport-aux-echafaudages-traditionnels\/\" class=\"portfolio-item-link\"> <span class=\"screen-reader-text\">Les avantages des plateformes \u00e9l\u00e9vatrices par rapport aux \u00e9chafaudages traditionnels<\/span> <\/a> <\/div> <\/div> <\/div> <\/div> <\/div> <div class=\"caption post-44734 post type-post status-publish format-standard has-post-thumbnail category-magazine-fr\"> <div class=\"title\"> <span class=\"title-h6 \"><a href=\"https:\/\/www.cmclift.com\/fr\/magazine\/les-avantages-des-plateformes-elevatrices-par-rapport-aux-echafaudages-traditionnels\/\" rel=\"bookmark\">Les avantages des plateformes \u00e9l\u00e9vatrices par rapport aux \u00e9chafaudages traditionnels<\/a><\/span> <\/div> <\/div> <\/div> <\/div> <div class=\"portfolio-item magazine-fr col-xs-12 col-sm-6 col-md-4 item-animations-not-inited post-hide-categories post-hide-date show-caption-border appearance-type- post-44723 post type-post status-publish format-standard has-post-thumbnail category-magazine-fr\" data-default-sort=\"0\" data-sort-date=\"1741801636\"> <div class=\"wrap clearfix\"> <div class=\"image post-44723 post type-post status-publish format-standard has-post-thumbnail category-magazine-fr\"> <div class=\"image-inner \"> <div class=\"post-featured-content\"><a href=\"https:\/\/www.cmclift.com\/fr\/magazine-fr\/cmc-present-a-bauma-innovation-et-technologie-au-service-de-lacces-en-hauteur\/\"> <picture> <img src=\"https:\/\/www.cmclift.com\/wp-content\/uploads\/2025\/03\/250226_001_CMC_Bauma-867-thegem-portfolio-masonry.jpg\" width=\"754\" height=\"470\" class=\"img-responsive\" alt=\"CMC Bauma\" \/> <\/picture> <\/a><\/div> <\/div> <div class=\"overlay\"> <div class=\"overlay-circle\"><\/div> <div class=\"links-wrapper\"> <div class=\"links\"> <div class=\"caption\"> <a href=\"https:\/\/www.cmclift.com\/fr\/magazine-fr\/cmc-present-a-bauma-innovation-et-technologie-au-service-de-lacces-en-hauteur\/\" class=\"portfolio-item-link\"> <span class=\"screen-reader-text\">CMC pr\u00e9sent \u00e0 Bauma: innovation et technologie au service de l\u2019acc\u00e8s en hauteur<\/span> <\/a> <\/div> <\/div> <\/div> <\/div> <\/div> <div class=\"caption post-44723 post type-post status-publish format-standard has-post-thumbnail category-magazine-fr\"> <div class=\"title\"> <span class=\"title-h6 \"><a href=\"https:\/\/www.cmclift.com\/fr\/magazine-fr\/cmc-present-a-bauma-innovation-et-technologie-au-service-de-lacces-en-hauteur\/\" rel=\"bookmark\">CMC pr\u00e9sent \u00e0 Bauma: innovation et technologie au service de l\u2019acc\u00e8s en hauteur<\/a><\/span> <\/div> <\/div> <\/div> <\/div> <div class=\"portfolio-item magazine-fr col-xs-12 col-sm-6 col-md-4 item-animations-not-inited post-hide-categories post-hide-date show-caption-border appearance-type- post-43720 post type-post status-publish format-standard has-post-thumbnail category-magazine-fr\" data-default-sort=\"0\" data-sort-date=\"1739441753\"> <div class=\"wrap clearfix\"> <div class=\"image post-43720 post type-post status-publish format-standard has-post-thumbnail category-magazine-fr\"> <div class=\"image-inner \"> <div class=\"post-featured-content\"><a href=\"https:\/\/www.cmclift.com\/fr\/magazine-fr\/plateforme-elevatrice-cmc-s30-puissance-et-polyvalence-pour-chaque-besoin-operationnel\/\"> <picture> <img src=\"https:\/\/www.cmclift.com\/wp-content\/uploads\/2025\/02\/Copertine-s30_867x540-1-thegem-portfolio-masonry.jpg\" width=\"754\" height=\"470\" class=\"img-responsive\" alt=\"CMC S30\" \/> <\/picture> <\/a><\/div> <\/div> <div class=\"overlay\"> <div class=\"overlay-circle\"><\/div> <div class=\"links-wrapper\"> <div class=\"links\"> <div class=\"caption\"> <a href=\"https:\/\/www.cmclift.com\/fr\/magazine-fr\/plateforme-elevatrice-cmc-s30-puissance-et-polyvalence-pour-chaque-besoin-operationnel\/\" class=\"portfolio-item-link\"> <span class=\"screen-reader-text\">Plateforme \u00e9l\u00e9vatrice CMC S30: puissance et polyvalence pour chaque besoin op\u00e9rationnel<\/span> <\/a> <\/div> <\/div> <\/div> <\/div> <\/div> <div class=\"caption post-43720 post type-post status-publish format-standard has-post-thumbnail category-magazine-fr\"> <div class=\"title\"> <span class=\"title-h6 \"><a href=\"https:\/\/www.cmclift.com\/fr\/magazine-fr\/plateforme-elevatrice-cmc-s30-puissance-et-polyvalence-pour-chaque-besoin-operationnel\/\" rel=\"bookmark\">Plateforme \u00e9l\u00e9vatrice CMC S30: puissance et polyvalence pour chaque besoin op\u00e9rationnel<\/a><\/span> <\/div> <\/div> <\/div> <\/div> <div class=\"portfolio-item magazine-fr col-xs-12 col-sm-6 col-md-4 item-animations-not-inited post-hide-categories post-hide-date show-caption-border appearance-type- post-40681 post type-post status-publish format-standard has-post-thumbnail category-magazine-fr\" data-default-sort=\"0\" data-sort-date=\"1724848157\"> <div class=\"wrap clearfix\"> <div class=\"image post-40681 post type-post status-publish format-standard has-post-thumbnail category-magazine-fr\"> <div class=\"image-inner \"> <div class=\"post-featured-content\"><a href=\"https:\/\/www.cmclift.com\/fr\/plates-formes-aeriennes-araignees-sur-chenilles-la-personnalisation-des-couleurs\/\"> <picture> <img src=\"https:\/\/www.cmclift.com\/wp-content\/uploads\/2024\/08\/Piattaforme-aeree-colore-thegem-portfolio-masonry.jpg\" width=\"754\" height=\"470\" class=\"img-responsive\" alt=\"Piattaforme aeree colore\" \/> <\/picture> <\/a><\/div> <\/div> <div class=\"overlay\"> <div class=\"overlay-circle\"><\/div> <div class=\"links-wrapper\"> <div class=\"links\"> <div class=\"caption\"> <a href=\"https:\/\/www.cmclift.com\/fr\/plates-formes-aeriennes-araignees-sur-chenilles-la-personnalisation-des-couleurs\/\" class=\"portfolio-item-link\"> <span class=\"screen-reader-text\">Plates-formes a\u00e9riennes araign\u00e9es sur chenilles : la personnalisation des couleurs<\/span> <\/a> <\/div> <\/div> <\/div> <\/div> <\/div> <div class=\"caption post-40681 post type-post status-publish format-standard has-post-thumbnail category-magazine-fr\"> <div class=\"title\"> <span class=\"title-h6 \"><a href=\"https:\/\/www.cmclift.com\/fr\/plates-formes-aeriennes-araignees-sur-chenilles-la-personnalisation-des-couleurs\/\" rel=\"bookmark\">Plates-formes a\u00e9riennes araign\u00e9es sur chenilles : la personnalisation des couleurs<\/a><\/span> <\/div> <\/div> <\/div> <\/div> <div class=\"portfolio-item magazine-fr col-xs-12 col-sm-6 col-md-4 item-animations-not-inited post-hide-categories post-hide-date show-caption-border appearance-type- post-40591 post type-post status-publish format-standard has-post-thumbnail category-magazine-fr\" data-default-sort=\"0\" data-sort-date=\"1722619807\"> <div class=\"wrap clearfix\"> <div class=\"image post-40591 post type-post status-publish format-standard has-post-thumbnail category-magazine-fr\"> <div class=\"image-inner \"> <div class=\"post-featured-content\"><a href=\"https:\/\/www.cmclift.com\/fr\/magazine\/plateformes-aeriennes-salons-du-secteur-septembre\/\"> <picture> <img src=\"https:\/\/www.cmclift.com\/wp-content\/uploads\/2024\/08\/Visit-us_copertina-867-thegem-portfolio-masonry.jpg\" width=\"754\" height=\"470\" class=\"img-responsive\" alt=\"piattaforme aeree fiere settembre\" \/> <\/picture> <\/a><\/div> <\/div> <div class=\"overlay\"> <div class=\"overlay-circle\"><\/div> <div class=\"links-wrapper\"> <div class=\"links\"> <div class=\"caption\"> <a href=\"https:\/\/www.cmclift.com\/fr\/magazine\/plateformes-aeriennes-salons-du-secteur-septembre\/\" class=\"portfolio-item-link\"> <span class=\"screen-reader-text\">Plateformes a\u00e9riennes : CMC protagoniste des principaux salons du secteur en septembre<\/span> <\/a> <\/div> <\/div> <\/div> <\/div> <\/div> <div class=\"caption post-40591 post type-post status-publish format-standard has-post-thumbnail category-magazine-fr\"> <div class=\"title\"> <span class=\"title-h6 \"><a href=\"https:\/\/www.cmclift.com\/fr\/magazine\/plateformes-aeriennes-salons-du-secteur-septembre\/\" rel=\"bookmark\">Plateformes a\u00e9riennes : CMC protagoniste des principaux salons du secteur en septembre<\/a><\/span> <\/div> <\/div> <\/div> <\/div> <div class=\"portfolio-item magazine-fr col-xs-12 col-sm-6 col-md-4 item-animations-not-inited post-hide-categories post-hide-date show-caption-border appearance-type- post-40208 post type-post status-publish format-standard has-post-thumbnail category-magazine-fr\" data-default-sort=\"0\" data-sort-date=\"1722335182\"> <div class=\"wrap clearfix\"> <div class=\"image post-40208 post type-post status-publish format-standard has-post-thumbnail category-magazine-fr\"> <div class=\"image-inner \"> <div class=\"post-featured-content\"><a href=\"https:\/\/www.cmclift.com\/fr\/magazine-fr\/plateforme-aerienne-sur-chenilles-cmc-s27\/\"> <picture> <img src=\"https:\/\/www.cmclift.com\/wp-content\/uploads\/2024\/07\/27_867-thegem-portfolio-masonry.jpg\" width=\"754\" height=\"470\" class=\"img-responsive\" alt=\"CMC S27\" \/> <\/picture> <\/a><\/div> <\/div> <div class=\"overlay\"> <div class=\"overlay-circle\"><\/div> <div class=\"links-wrapper\"> <div class=\"links\"> <div class=\"caption\"> <a href=\"https:\/\/www.cmclift.com\/fr\/magazine-fr\/plateforme-aerienne-sur-chenilles-cmc-s27\/\" class=\"portfolio-item-link\"> <span class=\"screen-reader-text\">Plateforme A\u00e9rienne sur Chenilles CMC S27<\/span> <\/a> <\/div> <\/div> <\/div> <\/div> <\/div> <div class=\"caption post-40208 post type-post status-publish format-standard has-post-thumbnail category-magazine-fr\"> <div class=\"title\"> <span class=\"title-h6 \"><a href=\"https:\/\/www.cmclift.com\/fr\/magazine-fr\/plateforme-aerienne-sur-chenilles-cmc-s27\/\" rel=\"bookmark\">Plateforme A\u00e9rienne sur Chenilles CMC S27<\/a><\/span> <\/div> <\/div> <\/div> <\/div> <div class=\"portfolio-item magazine-fr col-xs-12 col-sm-6 col-md-4 item-animations-not-inited post-hide-categories post-hide-date show-caption-border appearance-type- post-40360 post type-post status-publish format-standard has-post-thumbnail category-magazine-fr\" data-default-sort=\"0\" data-sort-date=\"1721660102\"> <div class=\"wrap clearfix\"> <div class=\"image post-40360 post type-post status-publish format-standard has-post-thumbnail category-magazine-fr\"> <div class=\"image-inner \"> <div class=\"post-featured-content\"><a href=\"https:\/\/www.cmclift.com\/fr\/magazine-fr\/plateforme-aerienne-araignee-articulee-cmc-s22hd\/\"> <picture> <img src=\"https:\/\/www.cmclift.com\/wp-content\/uploads\/2024\/07\/CMC-S22HD-piattaforma-aerea-thegem-portfolio-masonry.jpg\" width=\"754\" height=\"468\" class=\"img-responsive\" alt=\"CMC S22HD piattaforma aerea\" \/> <\/picture> <\/a><\/div> <\/div> <div class=\"overlay\"> <div class=\"overlay-circle\"><\/div> <div class=\"links-wrapper\"> <div class=\"links\"> <div class=\"caption\"> <a href=\"https:\/\/www.cmclift.com\/fr\/magazine-fr\/plateforme-aerienne-araignee-articulee-cmc-s22hd\/\" class=\"portfolio-item-link\"> <span class=\"screen-reader-text\">Plateforme A\u00e9rienne Araign\u00e9e Articul\u00e9e CMC S22HD<\/span> <\/a> <\/div> <\/div> <\/div> <\/div> <\/div> <div class=\"caption post-40360 post type-post status-publish format-standard has-post-thumbnail category-magazine-fr\"> <div class=\"title\"> <span class=\"title-h6 \"><a href=\"https:\/\/www.cmclift.com\/fr\/magazine-fr\/plateforme-aerienne-araignee-articulee-cmc-s22hd\/\" rel=\"bookmark\">Plateforme A\u00e9rienne Araign\u00e9e Articul\u00e9e CMC S22HD<\/a><\/span> <\/div> <\/div> <\/div> <\/div> <div class=\"portfolio-item actualites evenements col-xs-12 col-sm-6 col-md-4 item-animations-not-inited post-hide-categories post-hide-date show-caption-border appearance-type- post-38976 post type-post status-publish format-standard has-post-thumbnail category-actualites category-evenements tag-cmc-fr-2 tag-cmc-aeral-platforms-en-fr tag-cmc-lift-fr-2 tag-cmc-the-specialift-fr\" data-default-sort=\"0\" data-sort-date=\"1700301654\"> <div class=\"wrap clearfix\"> <div class=\"image post-38976 post type-post status-publish format-standard has-post-thumbnail category-actualites category-evenements tag-cmc-fr-2 tag-cmc-aeral-platforms-en-fr tag-cmc-lift-fr-2 tag-cmc-the-specialift-fr\"> <div class=\"image-inner \"> <div class=\"post-featured-content\"><a href=\"https:\/\/www.cmclift.com\/fr\/evenements\/cmc-exposera-a-smopyc-2023-hall-2-stand-b-c-21-30\/\"> <picture> <img src=\"https:\/\/www.cmclift.com\/wp-content\/uploads\/2023\/11\/smopyc-2023-1-thegem-portfolio-masonry.jpg\" width=\"754\" height=\"470\" class=\"img-responsive\" alt=\"smopyc-2023\" \/> <\/picture> <\/a><\/div> <\/div> <div class=\"overlay\"> <div class=\"overlay-circle\"><\/div> <div class=\"links-wrapper\"> <div class=\"links\"> <div class=\"caption\"> <a href=\"https:\/\/www.cmclift.com\/fr\/evenements\/cmc-exposera-a-smopyc-2023-hall-2-stand-b-c-21-30\/\" class=\"portfolio-item-link\"> <span class=\"screen-reader-text\">CMC EXPOSERA \u00c0 SMOPYC 2023, HALL 2, STAND B-C\/21\/30<\/span> <\/a> <\/div> <\/div> <\/div> <\/div> <\/div> <div class=\"caption post-38976 post type-post status-publish format-standard has-post-thumbnail category-actualites category-evenements tag-cmc-fr-2 tag-cmc-aeral-platforms-en-fr tag-cmc-lift-fr-2 tag-cmc-the-specialift-fr\"> <div class=\"title\"> <span class=\"title-h6 \"><a href=\"https:\/\/www.cmclift.com\/fr\/evenements\/cmc-exposera-a-smopyc-2023-hall-2-stand-b-c-21-30\/\" rel=\"bookmark\">CMC EXPOSERA \u00c0 SMOPYC 2023, HALL 2, STAND B-C\/21\/30<\/a><\/span> <\/div> <\/div> <\/div> <\/div> <div class=\"portfolio-item actualites col-xs-12 col-sm-6 col-md-4 item-animations-not-inited post-hide-categories post-hide-date show-caption-border appearance-type- post-25578 post type-post status-publish format-standard has-post-thumbnail category-actualites tag-cmc-lift-fr-2 tag-cmc-the-specialift-fr\" data-default-sort=\"0\" data-sort-date=\"1653064802\"> <div class=\"wrap clearfix\"> <div class=\"image post-25578 post type-post status-publish format-standard has-post-thumbnail category-actualites tag-cmc-lift-fr-2 tag-cmc-the-specialift-fr\"> <div class=\"image-inner \"> <div class=\"post-featured-content\"><a href=\"https:\/\/www.cmclift.com\/fr\/actualites\/cmc-presente-la-nouvelle-serie-f-aux-vertikal-days2022\/\"> <picture> <img src=\"https:\/\/www.cmclift.com\/wp-content\/uploads\/2022\/05\/S18F-2022-web-thegem-portfolio-masonry.jpg\" width=\"754\" height=\"470\" class=\"img-responsive\" alt=\"S18F-2022-web\" \/> <\/picture> <\/a><\/div> <\/div> <div class=\"overlay\"> <div class=\"overlay-circle\"><\/div> <div class=\"links-wrapper\"> <div class=\"links\"> <div class=\"caption\"> <a href=\"https:\/\/www.cmclift.com\/fr\/actualites\/cmc-presente-la-nouvelle-serie-f-aux-vertikal-days2022\/\" class=\"portfolio-item-link\"> <span class=\"screen-reader-text\">CMC PR\u00c9SENTE LA NOUVELLE S\u00c9RIE F AUX VERTIKAL DAYS 2022<\/span> <\/a> <\/div> <\/div> <\/div> <\/div> <\/div> <div class=\"caption post-25578 post type-post status-publish format-standard has-post-thumbnail category-actualites tag-cmc-lift-fr-2 tag-cmc-the-specialift-fr\"> <div class=\"title\"> <span class=\"title-h6 \"><a href=\"https:\/\/www.cmclift.com\/fr\/actualites\/cmc-presente-la-nouvelle-serie-f-aux-vertikal-days2022\/\" rel=\"bookmark\">CMC PR\u00c9SENTE LA NOUVELLE S\u00c9RIE F AUX VERTIKAL DAYS 2022<\/a><\/span> <\/div> <\/div> <\/div> <\/div> <\/div><!-- .portflio-set --> <div class=\"portfolio-item-size-container\"> <div class=\"portfolio-item col-xs-12 col-sm-6 col-md-4 item-animations-not-inited post-hide-categories post-hide-date show-caption-border post-25578 post type-post status-publish format-standard has-post-thumbnail category-actualites tag-cmc-lift-fr-2 tag-cmc-the-specialift-fr\"> <\/div> <\/div> <\/div><!-- .row--> <div class=\"portfolio-load-more\"> <div class=\"inner\"> <style type=\"text\/css\">.thegem-button-69f3021b36f4d4690 .gem-button svg {fill: #ffffff;}<\/style><div class=\"gem-button-container gem-button-position-center thegem-button-69f3021b36f4d4690 gem-button-with-separator\" ><div class=\"gem-button-separator gem-button-separator-type-load-more\"><div class=\"gem-button-separator-holder\"><div class=\"gem-button-separator-line\" style=\"border-color: #dfe5e8;\"><\/div><\/div><div class=\"gem-button-separator-button\"><button class=\"gem-button gem-button-size-medium gem-button-style-flat gem-button-text-weight-normal\" data-ll-effect=\"drop-right-without-wrap\" style=\"border-radius: 25px;background-color: #4e5964;color: #ffffff;\" onmouseleave=\"this.style.backgroundColor='#4e5964';this.style.color='#ffffff';\" onmouseenter=\"\">Afficher plus<\/button><\/div><div class=\"gem-button-separator-holder\"><div class=\"gem-button-separator-line\" style=\"border-color: #dfe5e8;\"><\/div><\/div><\/div><\/div> <\/div> <\/div> <\/div><!-- .full-width --> <\/div><!-- .portfolio--> <\/div><!-- .portfolio-preloader-wrapper-->[\/vc_tta_section][\/vc_tta_tabs][\/vc_column][\/vc_row]<\/p>\n<\/div>","protected":false},"excerpt":{"rendered":"<p>[vc_row full_width=\u00a0\u00bbstretch_row\u00a0\u00bb content_placement=\u00a0\u00bbbottom\u00a0\u00bb css=\u00a0\u00bb.vc_custom_1631088227099{background-image: url(https:\/\/www.cmclift.com\/wp-content\/uploads\/2021\/07\/Hero_press_room.jpg?id=383) !important;background-position: center !important;background-repeat: no-repeat !important;background-size: cover !important;}\u00a0\u00bb el_class=\u00a0\u00bbaltezza grd\u00a0\u00bb][vc_column][vc_row_inner][vc_column_inner][vc_raw_html el_class=\u00a0\u00bba-center bricciole\u00a0\u00bb]JTVCd3BzZW9fYnJlYWRjcnVtYiU1RA==[\/vc_raw_html][\/vc_column_inner][\/vc_row_inner][\/vc_column][\/vc_row][vc_row][vc_column][vc_tta_tabs active_section=\u00a0\u00bb1&Prime; el_class=\u00a0\u00bbtabber press\u00a0\u00bb][vc_tta_section title=\u00a0\u00bbActualit\u00e8s\u00a0\u00bb&#8230;<\/p>\n","protected":false},"author":9,"featured_media":0,"parent":0,"menu_order":0,"comment_status":"closed","ping_status":"closed","template":"","meta":{"footnotes":""},"class_list":["post-22755","page","type-page","status-publish"],"yoast_head":"<!-- This site is optimized with the Yoast SEO plugin v27.5 - https:\/\/yoast.com\/product\/yoast-seo-wordpress\/ -->\n<title>Salle de presse - C.M.C. S.r.l.<\/title>\n<meta name=\"robots\" content=\"index, follow, max-snippet:-1, max-image-preview:large, max-video-preview:-1\" \/>\n<link rel=\"canonical\" href=\"https:\/\/www.cmclift.com\/fr\/salle-de-presse\/\" \/>\n<meta property=\"og:locale\" content=\"fr_FR\" \/>\n<meta property=\"og:type\" content=\"article\" \/>\n<meta property=\"og:title\" content=\"Salle de presse - C.M.C. S.r.l.\" \/>\n<meta property=\"og:description\" content=\"[vc_row full_width=\u00a0\u00bbstretch_row\u00a0\u00bb content_placement=\u00a0\u00bbbottom\u00a0\u00bb css=\u00a0\u00bb.vc_custom_1631088227099{background-image: url(https:\/\/www.cmclift.com\/wp-content\/uploads\/2021\/07\/Hero_press_room.jpg?id=383) !important;background-position: center !important;background-repeat: no-repeat !important;background-size: cover !important;}\u00a0\u00bb el_class=\u00a0\u00bbaltezza grd\u00a0\u00bb][vc_column][vc_row_inner][vc_column_inner][vc_raw_html el_class=\u00a0\u00bba-center bricciole\u00a0\u00bb]JTVCd3BzZW9fYnJlYWRjcnVtYiU1RA==[\/vc_raw_html][\/vc_column_inner][\/vc_row_inner][\/vc_column][\/vc_row][vc_row][vc_column][vc_tta_tabs active_section=\u00a0\u00bb1&Prime; el_class=\u00a0\u00bbtabber press\u00a0\u00bb][vc_tta_section title=\u00a0\u00bbActualit\u00e8s\u00a0\u00bb...\" \/>\n<meta property=\"og:url\" content=\"https:\/\/www.cmclift.com\/fr\/salle-de-presse\/\" \/>\n<meta property=\"og:site_name\" content=\"C.M.C. S.r.l.\" \/>\n<meta property=\"article:modified_time\" content=\"2023-04-04T13:36:33+00:00\" \/>\n<meta name=\"twitter:card\" content=\"summary_large_image\" \/>\n<meta name=\"twitter:label1\" content=\"Dur\u00e9e de lecture estim\u00e9e\" \/>\n\t<meta name=\"twitter:data1\" content=\"2 minutes\" \/>\n<script type=\"application\/ld+json\" class=\"yoast-schema-graph\">{\"@context\":\"https:\\\/\\\/schema.org\",\"@graph\":[{\"@type\":\"WebPage\",\"@id\":\"https:\\\/\\\/www.cmclift.com\\\/fr\\\/salle-de-presse\\\/\",\"url\":\"https:\\\/\\\/www.cmclift.com\\\/fr\\\/salle-de-presse\\\/\",\"name\":\"Salle de presse - C.M.C. S.r.l.\",\"isPartOf\":{\"@id\":\"https:\\\/\\\/www.cmclift.com\\\/fr\\\/#website\"},\"datePublished\":\"2021-07-14T14:28:06+00:00\",\"dateModified\":\"2023-04-04T13:36:33+00:00\",\"breadcrumb\":{\"@id\":\"https:\\\/\\\/www.cmclift.com\\\/fr\\\/salle-de-presse\\\/#breadcrumb\"},\"inLanguage\":\"fr-FR\",\"potentialAction\":[{\"@type\":\"ReadAction\",\"target\":[\"https:\\\/\\\/www.cmclift.com\\\/fr\\\/salle-de-presse\\\/\"]}]},{\"@type\":\"BreadcrumbList\",\"@id\":\"https:\\\/\\\/www.cmclift.com\\\/fr\\\/salle-de-presse\\\/#breadcrumb\",\"itemListElement\":[{\"@type\":\"ListItem\",\"position\":1,\"name\":\"Home\",\"item\":\"https:\\\/\\\/www.cmclift.com\\\/fr\\\/\"},{\"@type\":\"ListItem\",\"position\":2,\"name\":\"Salle de presse\"}]},{\"@type\":\"WebSite\",\"@id\":\"https:\\\/\\\/www.cmclift.com\\\/fr\\\/#website\",\"url\":\"https:\\\/\\\/www.cmclift.com\\\/fr\\\/\",\"name\":\"C.M.C. S.r.l.\",\"description\":\"Piattaforme aeree semoventi cingolate, ragni, telescopiche e articolate\",\"publisher\":{\"@id\":\"https:\\\/\\\/www.cmclift.com\\\/fr\\\/#organization\"},\"potentialAction\":[{\"@type\":\"SearchAction\",\"target\":{\"@type\":\"EntryPoint\",\"urlTemplate\":\"https:\\\/\\\/www.cmclift.com\\\/fr\\\/?s={search_term_string}\"},\"query-input\":{\"@type\":\"PropertyValueSpecification\",\"valueRequired\":true,\"valueName\":\"search_term_string\"}}],\"inLanguage\":\"fr-FR\"},{\"@type\":\"Organization\",\"@id\":\"https:\\\/\\\/www.cmclift.com\\\/fr\\\/#organization\",\"name\":\"CMC Lift\",\"url\":\"https:\\\/\\\/www.cmclift.com\\\/fr\\\/\",\"logo\":{\"@type\":\"ImageObject\",\"inLanguage\":\"fr-FR\",\"@id\":\"https:\\\/\\\/www.cmclift.com\\\/fr\\\/#\\\/schema\\\/logo\\\/image\\\/\",\"url\":\"https:\\\/\\\/www.cmclift.com\\\/wp-content\\\/uploads\\\/2021\\\/08\\\/CMC_bianco_footer-2.png\",\"contentUrl\":\"https:\\\/\\\/www.cmclift.com\\\/wp-content\\\/uploads\\\/2021\\\/08\\\/CMC_bianco_footer-2.png\",\"width\":250,\"height\":84,\"caption\":\"CMC Lift\"},\"image\":{\"@id\":\"https:\\\/\\\/www.cmclift.com\\\/fr\\\/#\\\/schema\\\/logo\\\/image\\\/\"}}]}<\/script>\n<!-- \/ Yoast SEO plugin. -->","yoast_head_json":{"title":"Salle de presse - C.M.C. S.r.l.","robots":{"index":"index","follow":"follow","max-snippet":"max-snippet:-1","max-image-preview":"max-image-preview:large","max-video-preview":"max-video-preview:-1"},"canonical":"https:\/\/www.cmclift.com\/fr\/salle-de-presse\/","og_locale":"fr_FR","og_type":"article","og_title":"Salle de presse - C.M.C. S.r.l.","og_description":"[vc_row full_width=\u00a0\u00bbstretch_row\u00a0\u00bb content_placement=\u00a0\u00bbbottom\u00a0\u00bb css=\u00a0\u00bb.vc_custom_1631088227099{background-image: url(https:\/\/www.cmclift.com\/wp-content\/uploads\/2021\/07\/Hero_press_room.jpg?id=383) !important;background-position: center !important;background-repeat: no-repeat !important;background-size: cover !important;}\u00a0\u00bb el_class=\u00a0\u00bbaltezza grd\u00a0\u00bb][vc_column][vc_row_inner][vc_column_inner][vc_raw_html el_class=\u00a0\u00bba-center bricciole\u00a0\u00bb]JTVCd3BzZW9fYnJlYWRjcnVtYiU1RA==[\/vc_raw_html][\/vc_column_inner][\/vc_row_inner][\/vc_column][\/vc_row][vc_row][vc_column][vc_tta_tabs active_section=\u00a0\u00bb1&Prime; el_class=\u00a0\u00bbtabber press\u00a0\u00bb][vc_tta_section title=\u00a0\u00bbActualit\u00e8s\u00a0\u00bb...","og_url":"https:\/\/www.cmclift.com\/fr\/salle-de-presse\/","og_site_name":"C.M.C. S.r.l.","article_modified_time":"2023-04-04T13:36:33+00:00","twitter_card":"summary_large_image","twitter_misc":{"Dur\u00e9e de lecture estim\u00e9e":"2 minutes"},"schema":{"@context":"https:\/\/schema.org","@graph":[{"@type":"WebPage","@id":"https:\/\/www.cmclift.com\/fr\/salle-de-presse\/","url":"https:\/\/www.cmclift.com\/fr\/salle-de-presse\/","name":"Salle de presse - C.M.C. S.r.l.","isPartOf":{"@id":"https:\/\/www.cmclift.com\/fr\/#website"},"datePublished":"2021-07-14T14:28:06+00:00","dateModified":"2023-04-04T13:36:33+00:00","breadcrumb":{"@id":"https:\/\/www.cmclift.com\/fr\/salle-de-presse\/#breadcrumb"},"inLanguage":"fr-FR","potentialAction":[{"@type":"ReadAction","target":["https:\/\/www.cmclift.com\/fr\/salle-de-presse\/"]}]},{"@type":"BreadcrumbList","@id":"https:\/\/www.cmclift.com\/fr\/salle-de-presse\/#breadcrumb","itemListElement":[{"@type":"ListItem","position":1,"name":"Home","item":"https:\/\/www.cmclift.com\/fr\/"},{"@type":"ListItem","position":2,"name":"Salle de presse"}]},{"@type":"WebSite","@id":"https:\/\/www.cmclift.com\/fr\/#website","url":"https:\/\/www.cmclift.com\/fr\/","name":"C.M.C. S.r.l.","description":"Piattaforme aeree semoventi cingolate, ragni, telescopiche e articolate","publisher":{"@id":"https:\/\/www.cmclift.com\/fr\/#organization"},"potentialAction":[{"@type":"SearchAction","target":{"@type":"EntryPoint","urlTemplate":"https:\/\/www.cmclift.com\/fr\/?s={search_term_string}"},"query-input":{"@type":"PropertyValueSpecification","valueRequired":true,"valueName":"search_term_string"}}],"inLanguage":"fr-FR"},{"@type":"Organization","@id":"https:\/\/www.cmclift.com\/fr\/#organization","name":"CMC Lift","url":"https:\/\/www.cmclift.com\/fr\/","logo":{"@type":"ImageObject","inLanguage":"fr-FR","@id":"https:\/\/www.cmclift.com\/fr\/#\/schema\/logo\/image\/","url":"https:\/\/www.cmclift.com\/wp-content\/uploads\/2021\/08\/CMC_bianco_footer-2.png","contentUrl":"https:\/\/www.cmclift.com\/wp-content\/uploads\/2021\/08\/CMC_bianco_footer-2.png","width":250,"height":84,"caption":"CMC Lift"},"image":{"@id":"https:\/\/www.cmclift.com\/fr\/#\/schema\/logo\/image\/"}}]}},"_links":{"self":[{"href":"https:\/\/www.cmclift.com\/fr\/wp-json\/wp\/v2\/pages\/22755","targetHints":{"allow":["GET"]}}],"collection":[{"href":"https:\/\/www.cmclift.com\/fr\/wp-json\/wp\/v2\/pages"}],"about":[{"href":"https:\/\/www.cmclift.com\/fr\/wp-json\/wp\/v2\/types\/page"}],"author":[{"embeddable":true,"href":"https:\/\/www.cmclift.com\/fr\/wp-json\/wp\/v2\/users\/9"}],"replies":[{"embeddable":true,"href":"https:\/\/www.cmclift.com\/fr\/wp-json\/wp\/v2\/comments?post=22755"}],"version-history":[{"count":6,"href":"https:\/\/www.cmclift.com\/fr\/wp-json\/wp\/v2\/pages\/22755\/revisions"}],"predecessor-version":[{"id":32824,"href":"https:\/\/www.cmclift.com\/fr\/wp-json\/wp\/v2\/pages\/22755\/revisions\/32824"}],"wp:attachment":[{"href":"https:\/\/www.cmclift.com\/fr\/wp-json\/wp\/v2\/media?parent=22755"}],"curies":[{"name":"wp","href":"https:\/\/api.w.org\/{rel}","templated":true}]}}